{"version":"1.0","provider_name":"LE PUBLIC","provider_url":"https:\/\/www.public.sn","author_name":"LA REDACTION","author_url":"https:\/\/www.public.sn\/index.php\/author\/admin7324\/","title":"Direct - Suivez la d\u00e9claration de Presse d'Ousmane Sonko. - LE PUBLIC","type":"rich","width":600,"height":338,"html":"<blockquote class=\"wp-embedded-content\" data-secret=\"3BmgSMdXzg\"><a href=\"https:\/\/www.public.sn\/index.php\/2022\/08\/18\/direct-suivez-la-declaration-de-presse-dousmane-sonko\/\">Direct &#8211; Suivez la d\u00e9claration de Presse d&rsquo;Ousmane Sonko.<\/a><\/blockquote><iframe sandbox=\"allow-scripts\" security=\"restricted\" src=\"https:\/\/www.public.sn\/index.php\/2022\/08\/18\/direct-suivez-la-declaration-de-presse-dousmane-sonko\/embed\/#?secret=3BmgSMdXzg\" width=\"600\" height=\"338\" title=\"\u00ab\u00a0Direct &#8211; Suivez la d\u00e9claration de Presse d&rsquo;Ousmane Sonko.\u00a0\u00bb &#8212; LE PUBLIC\" data-secret=\"3BmgSMdXzg\" frameborder=\"0\" marginwidth=\"0\" marginheight=\"0\" scrolling=\"no\" class=\"wp-embedded-content\"><\/iframe><script>\n\/*! This file is auto-generated *\/\n!function(d,l){\"use strict\";l.querySelector&&d.addEventListener&&\"undefined\"!=typeof URL&&(d.wp=d.wp||{},d.wp.receiveEmbedMessage||(d.wp.receiveEmbedMessage=function(e){var t=e.data;if((t||t.secret||t.message||t.value)&&!\/[^a-zA-Z0-9]\/.test(t.secret)){for(var s,r,n,a=l.querySelectorAll('iframe[data-secret=\"'+t.secret+'\"]'),o=l.querySelectorAll('blockquote[data-secret=\"'+t.secret+'\"]'),c=new RegExp(\"^https?:$\",\"i\"),i=0;i<o.length;i++)o[i].style.display=\"none\";for(i=0;i<a.length;i++)s=a[i],e.source===s.contentWindow&&(s.removeAttribute(\"style\"),\"height\"===t.message?(1e3<(r=parseInt(t.value,10))?r=1e3:~~r<200&&(r=200),s.height=r):\"link\"===t.message&&(r=new URL(s.getAttribute(\"src\")),n=new URL(t.value),c.test(n.protocol))&&n.host===r.host&&l.activeElement===s&&(d.top.location.href=t.value))}},d.addEventListener(\"message\",d.wp.receiveEmbedMessage,!1),l.addEventListener(\"DOMContentLoaded\",function(){for(var e,t,s=l.querySelectorAll(\"iframe.wp-embedded-content\"),r=0;r<s.length;r++)(t=(e=s[r]).getAttribute(\"data-secret\"))||(t=Math.random().toString(36).substring(2,12),e.src+=\"#?secret=\"+t,e.setAttribute(\"data-secret\",t)),e.contentWindow.postMessage({message:\"ready\",secret:t},\"*\")},!1)))}(window,document);\n\/\/# sourceURL=https:\/\/www.public.sn\/wp-includes\/js\/wp-embed.min.js\n<\/script>\n","thumbnail_url":"https:\/\/www.public.sn\/wp-content\/uploads\/2022\/08\/54438898-40991191.jpeg","thumbnail_width":1284,"thumbnail_height":762,"description":"Le leader de Pastef Ousmane SONKO tient une d\u00e9claration de Presse aujourd&rsquo;hui jeudi \u00e0 Dakar. Au menu de nombreuses questions politiques. Une premi\u00e8re sortie solo apr\u00e8s la publication des r\u00e9sultats officiels tr\u00e8s serr\u00e9s des derni\u00e8res l\u00e9gislatives, avec la perc\u00e9e historique de l&rsquo;inter coalition Yewwi-Wallu dont il l&rsquo;un des artisans. Au del\u00e0 du ralliement de Pape Diop qui a cr\u00e9\u00e9 un tolet, Ousmane Sonko est attendu sur d&rsquo;autres sujets dont les positions affich\u00e9es des deux autres d\u00e9put\u00e9s de l&rsquo;opposition, Thierno Alassane Sall et Pape Djibril Fall, abonn\u00e9s non-inscrits, la transhumance parlementaire, l&rsquo;avenir de l&rsquo;inter coalition, la d\u00e9claration de Me Abdoulaye Wade sur l&rsquo;opposition, l&rsquo;\u00e9lection du HCCT, la question du 3\u00e8me mandat, les perspectives de 2024, l&rsquo;affaire Fran\u00e7ois Mancabou, l&rsquo;affaire force sp\u00e9ciale etc. Suivez l&rsquo;int\u00e9gralit\u00e9&#8230; R\u00e9daction Public SN"}