{"version":"1.0","provider_name":"LE PUBLIC","provider_url":"https:\/\/www.public.sn","author_name":"LA REDACTION","author_url":"https:\/\/www.public.sn\/index.php\/author\/admin7324\/","title":"N\u00e9crologie : Momo Camara, le jeune acteur de la s\u00e9rie Virginie est d\u00e9c\u00e9d\u00e9. - LE PUBLIC","type":"rich","width":600,"height":338,"html":"<blockquote class=\"wp-embedded-content\" data-secret=\"sKg86Qk6cl\"><a href=\"https:\/\/www.public.sn\/index.php\/2022\/08\/22\/443\/\">N\u00e9crologie : Momo Camara, le jeune acteur de la s\u00e9rie Virginie est d\u00e9c\u00e9d\u00e9.<\/a><\/blockquote><iframe sandbox=\"allow-scripts\" security=\"restricted\" src=\"https:\/\/www.public.sn\/index.php\/2022\/08\/22\/443\/embed\/#?secret=sKg86Qk6cl\" width=\"600\" height=\"338\" title=\"\u00ab\u00a0N\u00e9crologie : Momo Camara, le jeune acteur de la s\u00e9rie Virginie est d\u00e9c\u00e9d\u00e9.\u00a0\u00bb &#8212; LE PUBLIC\" data-secret=\"sKg86Qk6cl\" frameborder=\"0\" marginwidth=\"0\" marginheight=\"0\" scrolling=\"no\" class=\"wp-embedded-content\"><\/iframe><script>\n\/*! This file is auto-generated *\/\n!function(d,l){\"use strict\";l.querySelector&&d.addEventListener&&\"undefined\"!=typeof URL&&(d.wp=d.wp||{},d.wp.receiveEmbedMessage||(d.wp.receiveEmbedMessage=function(e){var t=e.data;if((t||t.secret||t.message||t.value)&&!\/[^a-zA-Z0-9]\/.test(t.secret)){for(var s,r,n,a=l.querySelectorAll('iframe[data-secret=\"'+t.secret+'\"]'),o=l.querySelectorAll('blockquote[data-secret=\"'+t.secret+'\"]'),c=new RegExp(\"^https?:$\",\"i\"),i=0;i<o.length;i++)o[i].style.display=\"none\";for(i=0;i<a.length;i++)s=a[i],e.source===s.contentWindow&&(s.removeAttribute(\"style\"),\"height\"===t.message?(1e3<(r=parseInt(t.value,10))?r=1e3:~~r<200&&(r=200),s.height=r):\"link\"===t.message&&(r=new URL(s.getAttribute(\"src\")),n=new URL(t.value),c.test(n.protocol))&&n.host===r.host&&l.activeElement===s&&(d.top.location.href=t.value))}},d.addEventListener(\"message\",d.wp.receiveEmbedMessage,!1),l.addEventListener(\"DOMContentLoaded\",function(){for(var e,t,s=l.querySelectorAll(\"iframe.wp-embedded-content\"),r=0;r<s.length;r++)(t=(e=s[r]).getAttribute(\"data-secret\"))||(t=Math.random().toString(36).substring(2,12),e.src+=\"#?secret=\"+t,e.setAttribute(\"data-secret\",t)),e.contentWindow.postMessage({message:\"ready\",secret:t},\"*\")},!1)))}(window,document);\n\/\/# sourceURL=https:\/\/www.public.sn\/wp-includes\/js\/wp-embed.min.js\n<\/script>\n","thumbnail_url":"https:\/\/www.public.sn\/wp-content\/uploads\/2022\/08\/WhatsApp-Image-2022-08-22-at-18.29.28.jpeg","thumbnail_width":1080,"thumbnail_height":968,"description":"Mohamed Camara est d\u00e9c\u00e9d\u00e9 ce matin \u00e0 l&rsquo;h\u00f4pital militaire de Ouakam, informe une source proche de la famille.\u00a0 Plus connu sous le surnom de Momo, il incarnait un gar\u00e7on consciencieux et studieux dont la principale ambition est d\u2019honorer son p\u00e8re d\u00e9c\u00e9d\u00e9. C\u2019est pour \u00e7a qu\u2019il s\u2019implique autant \u00e0 l\u2019\u00e9cole dans le but de r\u00e9aliser ses r\u00eaves.\u00a0 Momo Camara \u00e9tait une personnalit\u00e9 attachante dont la popularit\u00e9 augmentait aupr\u00e8s du public au fur et \u00e0 mesure de l\u2019avancement des saisons de la s\u00e9rie.\u00a0Il est d\u00e9c\u00e9d\u00e9 ce matin \u00e0 l&rsquo;\u00e2ge de 24 ans \u00e0 l&rsquo;h\u00f4pital de Ouakam o\u00f9 il \u00e9tait hospitalis\u00e9, emport\u00e9 par la dr\u00e9panocytose.\u00a0 La R\u00e9daction Public SN pr\u00e9sente ses sinc\u00e8res condol\u00e9ances les plus attrist\u00e9es \u00e0 sa famille. RIP R\u00e9daction Public SN"}