{"version":"1.0","provider_name":"LE PUBLIC","provider_url":"https:\/\/www.public.sn","author_name":"LA REDACTION","author_url":"https:\/\/www.public.sn\/index.php\/author\/admin7324\/","title":"Ousmane Sonko face \u00e0 Adji Sarr : La Justice Internationale invit\u00e9e \u00e0 intervenir. - LE PUBLIC","type":"rich","width":600,"height":338,"html":"<blockquote class=\"wp-embedded-content\" data-secret=\"FkGGvt7rVd\"><a href=\"https:\/\/www.public.sn\/index.php\/2022\/08\/22\/plainte-contre-ousmane-sonko-la\/\">Ousmane Sonko face \u00e0 Adji Sarr : La Justice Internationale invit\u00e9e \u00e0 intervenir.<\/a><\/blockquote><iframe sandbox=\"allow-scripts\" security=\"restricted\" src=\"https:\/\/www.public.sn\/index.php\/2022\/08\/22\/plainte-contre-ousmane-sonko-la\/embed\/#?secret=FkGGvt7rVd\" width=\"600\" height=\"338\" title=\"\u00ab\u00a0Ousmane Sonko face \u00e0 Adji Sarr : La Justice Internationale invit\u00e9e \u00e0 intervenir.\u00a0\u00bb &#8212; LE PUBLIC\" data-secret=\"FkGGvt7rVd\" frameborder=\"0\" marginwidth=\"0\" marginheight=\"0\" scrolling=\"no\" class=\"wp-embedded-content\"><\/iframe><script>\n\/*! This file is auto-generated *\/\n!function(d,l){\"use strict\";l.querySelector&&d.addEventListener&&\"undefined\"!=typeof URL&&(d.wp=d.wp||{},d.wp.receiveEmbedMessage||(d.wp.receiveEmbedMessage=function(e){var t=e.data;if((t||t.secret||t.message||t.value)&&!\/[^a-zA-Z0-9]\/.test(t.secret)){for(var s,r,n,a=l.querySelectorAll('iframe[data-secret=\"'+t.secret+'\"]'),o=l.querySelectorAll('blockquote[data-secret=\"'+t.secret+'\"]'),c=new RegExp(\"^https?:$\",\"i\"),i=0;i<o.length;i++)o[i].style.display=\"none\";for(i=0;i<a.length;i++)s=a[i],e.source===s.contentWindow&&(s.removeAttribute(\"style\"),\"height\"===t.message?(1e3<(r=parseInt(t.value,10))?r=1e3:~~r<200&&(r=200),s.height=r):\"link\"===t.message&&(r=new URL(s.getAttribute(\"src\")),n=new URL(t.value),c.test(n.protocol))&&n.host===r.host&&l.activeElement===s&&(d.top.location.href=t.value))}},d.addEventListener(\"message\",d.wp.receiveEmbedMessage,!1),l.addEventListener(\"DOMContentLoaded\",function(){for(var e,t,s=l.querySelectorAll(\"iframe.wp-embedded-content\"),r=0;r<s.length;r++)(t=(e=s[r]).getAttribute(\"data-secret\"))||(t=Math.random().toString(36).substring(2,12),e.src+=\"#?secret=\"+t,e.setAttribute(\"data-secret\",t)),e.contentWindow.postMessage({message:\"ready\",secret:t},\"*\")},!1)))}(window,document);\n\/\/# sourceURL=https:\/\/www.public.sn\/wp-includes\/js\/wp-embed.min.js\n<\/script>\n","thumbnail_url":"https:\/\/www.public.sn\/wp-content\/uploads\/2022\/08\/sonko-itv2.jpeg","thumbnail_width":800,"thumbnail_height":478,"description":"L&rsquo;Affaire opposant Ousmane Sonko \u00e0 Adji est loin de connaitre son \u00e9pilogue. Le dossier transcende les fronti\u00e8res et atterrit \u00e0 Bruxelles et \u00e0 Paris. D\u2019apr\u00e8s le journal quotidien L\u2019AS, les proches de La D\u00e9fense de l\u2019ex employ\u00e9e du Sweet Beauty envisagent de poursuivre en justice le leader de Pastef \u00e0 l\u2019\u00e9tranger. En effet, ils ont d\u00e9cid\u00e9 saisir la Cour europ\u00e9enne des droits de l\u2019homme pour que l\u2019affaire soit jug\u00e9e et vid\u00e9e. Car estiment-ils que le d\u00e9lai raisonnable pour le jugement est d\u00e9pass\u00e9. Par ailleurs, \u00ab\u00a0Si le S\u00e9n\u00e9gal ne veut pas juger l\u2019affaire, Bruxelles a les comp\u00e9tences internationales pour traiter le dossier\u00a0\u00bb, disent-ils. Pour rappel, c\u2019est cette m\u00eame loi sur la comp\u00e9tence universelle qui avait pouss\u00e9 la Belgique \u00e0 r\u00e9clamer l\u2019extradition de l&rsquo;ancien Pr\u00e9sident tchadien, Hiss\u00e8ne Habr\u00e9 pour son jugement m\u00eame si l&rsquo;ancien Pr\u00e9sident de la R\u00e9publique Me Wade avait oppos\u00e9 son veto. C\u2019est le 20 juillet 2015 \u00e0 Dakar sous Macky Sall que le proc\u00e8s du d\u00e9funt Pr\u00e9sident a \u00e9t\u00e9 jug\u00e9 avant d\u2019\u00eatre condamn\u00e9 \u00e0 la perp\u00e9tuit\u00e9. \u00ab\u00a0Si le S\u00e9n\u00e9gal ne vide pas le dossier, la Belgique le fera\u00a0\u00bb, rapporte des sources du journal. \u00ab\u00a0Des organisations internationales occidentales vont entrer dans la danse dans les jours \u00e0 venir pour, dit-on, pr\u00eater main forte \u00e0 Gabrielle Kane\u00a0\u00bb. \u00ab\u00a0Elles vont ainsi d\u00e9noncer le d\u00e9ni de justice et exiger qu\u2019une plainte soit d\u00e9pos\u00e9e \u00e0 Bruxelles ou \u00e0 Paris\u00a0\u00bb, livrent des sources du quotidien. \u00c0 rappeler que le leader du Pastef, Ousmane Sonko est accus\u00e9e de \u00ab\u00a0viols r\u00e9p\u00e9t\u00e9s et de menaces\u00a0\u00bb par la jeune fille Adji Sarr. Une accusation qui lui a valu son inculpation assortie d&rsquo;un \u00ab\u00a0contr\u00f4le judiciaire\u00a0\u00bb en mars 2021. R\u00e9daction Public SN"}