{"version":"1.0","provider_name":"LE PUBLIC","provider_url":"https:\/\/www.public.sn","author_name":"LA REDACTION","author_url":"https:\/\/www.public.sn\/index.php\/author\/admin7324\/","title":"Fc Barcelone : La prestigieuse promesse d'Ousmane Demb\u00e9l\u00e9. - LE PUBLIC","type":"rich","width":600,"height":338,"html":"<blockquote class=\"wp-embedded-content\" data-secret=\"ON6nM9Z7Y8\"><a href=\"https:\/\/www.public.sn\/index.php\/2022\/08\/23\/fc-barcelone-la-prestigieuse-promesse-dousmane-dembele\/\">Fc Barcelone : La prestigieuse promesse d&rsquo;Ousmane Demb\u00e9l\u00e9.<\/a><\/blockquote><iframe sandbox=\"allow-scripts\" security=\"restricted\" src=\"https:\/\/www.public.sn\/index.php\/2022\/08\/23\/fc-barcelone-la-prestigieuse-promesse-dousmane-dembele\/embed\/#?secret=ON6nM9Z7Y8\" width=\"600\" height=\"338\" title=\"\u00ab\u00a0Fc Barcelone : La prestigieuse promesse d&rsquo;Ousmane Demb\u00e9l\u00e9.\u00a0\u00bb &#8212; LE PUBLIC\" data-secret=\"ON6nM9Z7Y8\" frameborder=\"0\" marginwidth=\"0\" marginheight=\"0\" scrolling=\"no\" class=\"wp-embedded-content\"><\/iframe><script>\n\/*! This file is auto-generated *\/\n!function(d,l){\"use strict\";l.querySelector&&d.addEventListener&&\"undefined\"!=typeof URL&&(d.wp=d.wp||{},d.wp.receiveEmbedMessage||(d.wp.receiveEmbedMessage=function(e){var t=e.data;if((t||t.secret||t.message||t.value)&&!\/[^a-zA-Z0-9]\/.test(t.secret)){for(var s,r,n,a=l.querySelectorAll('iframe[data-secret=\"'+t.secret+'\"]'),o=l.querySelectorAll('blockquote[data-secret=\"'+t.secret+'\"]'),c=new RegExp(\"^https?:$\",\"i\"),i=0;i<o.length;i++)o[i].style.display=\"none\";for(i=0;i<a.length;i++)s=a[i],e.source===s.contentWindow&&(s.removeAttribute(\"style\"),\"height\"===t.message?(1e3<(r=parseInt(t.value,10))?r=1e3:~~r<200&&(r=200),s.height=r):\"link\"===t.message&&(r=new URL(s.getAttribute(\"src\")),n=new URL(t.value),c.test(n.protocol))&&n.host===r.host&&l.activeElement===s&&(d.top.location.href=t.value))}},d.addEventListener(\"message\",d.wp.receiveEmbedMessage,!1),l.addEventListener(\"DOMContentLoaded\",function(){for(var e,t,s=l.querySelectorAll(\"iframe.wp-embedded-content\"),r=0;r<s.length;r++)(t=(e=s[r]).getAttribute(\"data-secret\"))||(t=Math.random().toString(36).substring(2,12),e.src+=\"#?secret=\"+t,e.setAttribute(\"data-secret\",t)),e.contentWindow.postMessage({message:\"ready\",secret:t},\"*\")},!1)))}(window,document);\n\/\/# sourceURL=https:\/\/www.public.sn\/wp-includes\/js\/wp-embed.min.js\n<\/script>\n","thumbnail_url":"https:\/\/www.public.sn\/wp-content\/uploads\/2022\/08\/dembouz-1.jpg.webp","thumbnail_width":1200,"thumbnail_height":675,"description":"Prolong\u00e9 et buteur dimanche face \u00e0 la Real Sociedad, Ousmane Demb\u00e9l\u00e9 a \u00e9voqu\u00e9 sa grande forme et ses ambitions avec le Bar\u00e7a. Buteur lors du dernier r\u00e9cital (4-1) du Bar\u00e7a contre la Real Sociedad ce dimanche, l&rsquo;international tricolore flamboyant en a profit\u00e9 pour annoncer la couleur au cours d&rsquo;une interview accord\u00e9e \u00e0 Bar\u00e7a TV. Et le natif de Vernon, dont la prolongation de contrat avec les Blaugranas n&rsquo;a pas \u00e9t\u00e9 une mince affaire, compte bien donner le maximum de lui-m\u00eame pour d\u00e9fendre les couleurs du club catalan. \u00ab\u00a0Je vais tout donner pour ce club\u00a0\u00bb.\u00ab\u00a0Apr\u00e8s quatre matchs, l\u2019\u00e9quipe se porte tr\u00e8s bien, a ainsi confi\u00e9 \u00ab&nbsp;Dembouz&nbsp;\u00bb. La tourn\u00e9e est tr\u00e8s difficile avec la chaleur et les voyages, mais l\u2019\u00e9quipe se sent bien et je pense que nous nous en sortons bien. (&#8230;) D\u2019un point de vue personnel, ces deux buts me donnent beaucoup de confiance et je suis tr\u00e8s heureux, a-t-il poursuivi, avant de conclure. J\u2019ai la confiance de l\u2019entra\u00eeneur, de mes co\u00e9quipiers et de tout le monde au Bar\u00e7a. La confiance est tr\u00e8s importante pour les joueurs et je vais tout donner pour ce club.\u00a0\u00bb R\u00e9daction Public SN"}