{"version":"1.0","provider_name":"LE PUBLIC","provider_url":"https:\/\/www.public.sn","author_name":"LA REDACTION","author_url":"https:\/\/www.public.sn\/index.php\/author\/admin7324\/","title":"M\u00e9t\u00e9o: Des pluies et orages attendus dans la journ\u00e9e. - LE PUBLIC","type":"rich","width":600,"height":338,"html":"<blockquote class=\"wp-embedded-content\" data-secret=\"pTGIszVmnd\"><a href=\"https:\/\/www.public.sn\/index.php\/2022\/09\/09\/meteo-des-pluies-et-orages-attendus-dans-journee\/\">M\u00e9t\u00e9o: Des pluies et orages attendus dans la journ\u00e9e.<\/a><\/blockquote><iframe sandbox=\"allow-scripts\" security=\"restricted\" src=\"https:\/\/www.public.sn\/index.php\/2022\/09\/09\/meteo-des-pluies-et-orages-attendus-dans-journee\/embed\/#?secret=pTGIszVmnd\" width=\"600\" height=\"338\" title=\"\u00ab\u00a0M\u00e9t\u00e9o: Des pluies et orages attendus dans la journ\u00e9e.\u00a0\u00bb &#8212; LE PUBLIC\" data-secret=\"pTGIszVmnd\" frameborder=\"0\" marginwidth=\"0\" marginheight=\"0\" scrolling=\"no\" class=\"wp-embedded-content\"><\/iframe><script>\n\/*! This file is auto-generated *\/\n!function(d,l){\"use strict\";l.querySelector&&d.addEventListener&&\"undefined\"!=typeof URL&&(d.wp=d.wp||{},d.wp.receiveEmbedMessage||(d.wp.receiveEmbedMessage=function(e){var t=e.data;if((t||t.secret||t.message||t.value)&&!\/[^a-zA-Z0-9]\/.test(t.secret)){for(var s,r,n,a=l.querySelectorAll('iframe[data-secret=\"'+t.secret+'\"]'),o=l.querySelectorAll('blockquote[data-secret=\"'+t.secret+'\"]'),c=new RegExp(\"^https?:$\",\"i\"),i=0;i<o.length;i++)o[i].style.display=\"none\";for(i=0;i<a.length;i++)s=a[i],e.source===s.contentWindow&&(s.removeAttribute(\"style\"),\"height\"===t.message?(1e3<(r=parseInt(t.value,10))?r=1e3:~~r<200&&(r=200),s.height=r):\"link\"===t.message&&(r=new URL(s.getAttribute(\"src\")),n=new URL(t.value),c.test(n.protocol))&&n.host===r.host&&l.activeElement===s&&(d.top.location.href=t.value))}},d.addEventListener(\"message\",d.wp.receiveEmbedMessage,!1),l.addEventListener(\"DOMContentLoaded\",function(){for(var e,t,s=l.querySelectorAll(\"iframe.wp-embedded-content\"),r=0;r<s.length;r++)(t=(e=s[r]).getAttribute(\"data-secret\"))||(t=Math.random().toString(36).substring(2,12),e.src+=\"#?secret=\"+t,e.setAttribute(\"data-secret\",t)),e.contentWindow.postMessage({message:\"ready\",secret:t},\"*\")},!1)))}(window,document);\n\/\/# sourceURL=https:\/\/www.public.sn\/wp-includes\/js\/wp-embed.min.js\n<\/script>\n","thumbnail_url":"https:\/\/www.public.sn\/wp-content\/uploads\/2022\/09\/49E2FA55-C1FF-4467-86E2-2DBA0161C53D.jpeg","thumbnail_width":350,"thumbnail_height":200,"description":"L\u2019Agence nationale de l\u2019aviation civile et de la m\u00e9t\u00e9orologie (ANACIM) annoncent que des activit\u00e9s plubio-orageuses sont attendues sur plusieurs parties du pays au courant de la journ\u00e9e de ce vendredi. \u201cAu courant de la journ\u00e9e, des orages et pluies sont attendus sur les r\u00e9gions Est, Matam y compris, la Casamance. Toute la fa\u00e7ade Ouest du pays, y compris Dakar et Saint-Louis; Diourbel\u201d, annonce l\u2019Anacim dans son bulletin."}