{"version":"1.0","provider_name":"LE PUBLIC","provider_url":"https:\/\/www.public.sn","author_name":"LA REDACTION","author_url":"https:\/\/www.public.sn\/index.php\/author\/admin7324\/","title":"Affaire Adji Sarr : La date de l\u2019audition de Ousmane Sonko d\u00e9voil\u00e9e - LE PUBLIC","type":"rich","width":600,"height":338,"html":"<blockquote class=\"wp-embedded-content\" data-secret=\"PORYyKVQNX\"><a href=\"https:\/\/www.public.sn\/index.php\/2022\/10\/06\/affaire-adji-sarr-sonko\/\">Affaire Adji Sarr : La date de l\u2019audition de Ousmane Sonko d\u00e9voil\u00e9e<\/a><\/blockquote><iframe sandbox=\"allow-scripts\" security=\"restricted\" src=\"https:\/\/www.public.sn\/index.php\/2022\/10\/06\/affaire-adji-sarr-sonko\/embed\/#?secret=PORYyKVQNX\" width=\"600\" height=\"338\" title=\"\u00ab\u00a0Affaire Adji Sarr : La date de l\u2019audition de Ousmane Sonko d\u00e9voil\u00e9e\u00a0\u00bb &#8212; LE PUBLIC\" data-secret=\"PORYyKVQNX\" frameborder=\"0\" marginwidth=\"0\" marginheight=\"0\" scrolling=\"no\" class=\"wp-embedded-content\"><\/iframe><script>\n\/*! This file is auto-generated *\/\n!function(d,l){\"use strict\";l.querySelector&&d.addEventListener&&\"undefined\"!=typeof URL&&(d.wp=d.wp||{},d.wp.receiveEmbedMessage||(d.wp.receiveEmbedMessage=function(e){var t=e.data;if((t||t.secret||t.message||t.value)&&!\/[^a-zA-Z0-9]\/.test(t.secret)){for(var s,r,n,a=l.querySelectorAll('iframe[data-secret=\"'+t.secret+'\"]'),o=l.querySelectorAll('blockquote[data-secret=\"'+t.secret+'\"]'),c=new RegExp(\"^https?:$\",\"i\"),i=0;i<o.length;i++)o[i].style.display=\"none\";for(i=0;i<a.length;i++)s=a[i],e.source===s.contentWindow&&(s.removeAttribute(\"style\"),\"height\"===t.message?(1e3<(r=parseInt(t.value,10))?r=1e3:~~r<200&&(r=200),s.height=r):\"link\"===t.message&&(r=new URL(s.getAttribute(\"src\")),n=new URL(t.value),c.test(n.protocol))&&n.host===r.host&&l.activeElement===s&&(d.top.location.href=t.value))}},d.addEventListener(\"message\",d.wp.receiveEmbedMessage,!1),l.addEventListener(\"DOMContentLoaded\",function(){for(var e,t,s=l.querySelectorAll(\"iframe.wp-embedded-content\"),r=0;r<s.length;r++)(t=(e=s[r]).getAttribute(\"data-secret\"))||(t=Math.random().toString(36).substring(2,12),e.src+=\"#?secret=\"+t,e.setAttribute(\"data-secret\",t)),e.contentWindow.postMessage({message:\"ready\",secret:t},\"*\")},!1)))}(window,document);\n\/\/# sourceURL=https:\/\/www.public.sn\/wp-includes\/js\/wp-embed.min.js\n<\/script>\n","thumbnail_url":"https:\/\/www.public.sn\/wp-content\/uploads\/2022\/10\/ADBF00F9-7175-470D-B718-6CED33B3B926.jpeg","thumbnail_width":600,"thumbnail_height":485,"description":"Selon le journal Le T\u00e9moin, dans sa parution du jour, le leader de Pastef sera entendu dans le fond dans une dizaine de jours, c\u2019est -\u00e0-dire, d\u2019ici le 16 octobre 2022. Ousmane Sonko fera face au juge d\u2019instruction du 1er cabinet du tribunal hors classe de Dakar, Oumar Maham Diallo. En pr\u00e9vision d\u2019\u00e9ventuels troubles \u00e0 l\u2019ordre public, les forces de d\u00e9fense et de s\u00e9curit\u00e9 (FDS) sont en alerte maximale."}