{"version":"1.0","provider_name":"LE PUBLIC","provider_url":"https:\/\/www.public.sn","author_name":"LA REDACTION","author_url":"https:\/\/www.public.sn\/index.php\/author\/editeurpsn\/","title":"Occupation du littoral : At\u00e9pa dit Stop. - LE PUBLIC","type":"rich","width":600,"height":338,"html":"<blockquote class=\"wp-embedded-content\" data-secret=\"eoUtmJDl5f\"><a href=\"https:\/\/www.public.sn\/index.php\/2022\/10\/15\/occupation-du-littoral-atepa-dit-stop\/\">Occupation du littoral : At\u00e9pa dit Stop.<\/a><\/blockquote><iframe sandbox=\"allow-scripts\" security=\"restricted\" src=\"https:\/\/www.public.sn\/index.php\/2022\/10\/15\/occupation-du-littoral-atepa-dit-stop\/embed\/#?secret=eoUtmJDl5f\" width=\"600\" height=\"338\" title=\"\u00ab\u00a0Occupation du littoral : At\u00e9pa dit Stop.\u00a0\u00bb &#8212; LE PUBLIC\" data-secret=\"eoUtmJDl5f\" frameborder=\"0\" marginwidth=\"0\" marginheight=\"0\" scrolling=\"no\" class=\"wp-embedded-content\"><\/iframe><script>\n\/*! This file is auto-generated *\/\n!function(d,l){\"use strict\";l.querySelector&&d.addEventListener&&\"undefined\"!=typeof URL&&(d.wp=d.wp||{},d.wp.receiveEmbedMessage||(d.wp.receiveEmbedMessage=function(e){var t=e.data;if((t||t.secret||t.message||t.value)&&!\/[^a-zA-Z0-9]\/.test(t.secret)){for(var s,r,n,a=l.querySelectorAll('iframe[data-secret=\"'+t.secret+'\"]'),o=l.querySelectorAll('blockquote[data-secret=\"'+t.secret+'\"]'),c=new RegExp(\"^https?:$\",\"i\"),i=0;i<o.length;i++)o[i].style.display=\"none\";for(i=0;i<a.length;i++)s=a[i],e.source===s.contentWindow&&(s.removeAttribute(\"style\"),\"height\"===t.message?(1e3<(r=parseInt(t.value,10))?r=1e3:~~r<200&&(r=200),s.height=r):\"link\"===t.message&&(r=new URL(s.getAttribute(\"src\")),n=new URL(t.value),c.test(n.protocol))&&n.host===r.host&&l.activeElement===s&&(d.top.location.href=t.value))}},d.addEventListener(\"message\",d.wp.receiveEmbedMessage,!1),l.addEventListener(\"DOMContentLoaded\",function(){for(var e,t,s=l.querySelectorAll(\"iframe.wp-embedded-content\"),r=0;r<s.length;r++)(t=(e=s[r]).getAttribute(\"data-secret\"))||(t=Math.random().toString(36).substring(2,12),e.src+=\"#?secret=\"+t,e.setAttribute(\"data-secret\",t)),e.contentWindow.postMessage({message:\"ready\",secret:t},\"*\")},!1)))}(window,document);\n\/\/# sourceURL=https:\/\/www.public.sn\/wp-includes\/js\/wp-embed.min.js\n<\/script>\n","thumbnail_url":"https:\/\/www.public.sn\/wp-content\/uploads\/2022\/10\/littoral.jpg","thumbnail_width":600,"thumbnail_height":400,"description":"Devant la presse le pr\u00e9sident d\u2019honneur de la Plateforme pour l&rsquo;environnement et la r\u00e9appropriation du littoral entier (Perle) dit avoir constat\u00e9 que malgr\u00e9 les efforts du pr\u00e9sident de la R\u00e9publique, les constructions se poursuivent sur le littoral. Il d\u00e9nonce ainsi la construction d\u2019un immeuble R+6 de Moustapha Ndiaye qui documents \u00e0 l\u2019appui, a r\u00e9ussi \u00e0 avoir une ordonnance de la Cour Supr\u00eame lui permettant de poursuivre son chantier R+6 dans la zone. Pierre Goudiaby At\u00e9pa ne compte pas laisser une telle d\u00e9marche prosp\u00e9rer sur le domaine public maritime qui est inali\u00e9nable. Une plainte est d\u00e9j\u00e0 envisag\u00e9e contre Moustapha Ndiaye car celui-ci prive les citoyens de la vue de la mer car ce qui se passe est un carnage de la Corniche. Le pr\u00e9sident de la R\u00e9publique ainsi que le maire de Dakar sont interpell\u00e9s. At\u00e9pa avance \u00e9galement qu\u2019il ne comprend pas l\u2019ordonnance de la cour supr\u00eame qui est venue casser l\u2019arr\u00eat\u00e9 de la Direction de la Surveillance et du Contr\u00f4le de l&rsquo;Occupation du Sol (Dscos) qui avait somm\u00e9 l\u2019arr\u00eat des travaux dudit chantier. Samba SY."}