{"version":"1.0","provider_name":"LE PUBLIC","provider_url":"https:\/\/www.public.sn","author_name":"LA REDACTION","author_url":"https:\/\/www.public.sn\/index.php\/author\/admin7324\/","title":"Macky Sall pr\u00e9pare un sale coup contre Mimi. - LE PUBLIC","type":"rich","width":600,"height":338,"html":"<blockquote class=\"wp-embedded-content\" data-secret=\"USLxgGk5fm\"><a href=\"https:\/\/www.public.sn\/index.php\/2022\/10\/17\/4835\/\">Macky Sall pr\u00e9pare un sale coup contre Mimi.<\/a><\/blockquote><iframe sandbox=\"allow-scripts\" security=\"restricted\" src=\"https:\/\/www.public.sn\/index.php\/2022\/10\/17\/4835\/embed\/#?secret=USLxgGk5fm\" width=\"600\" height=\"338\" title=\"\u00ab\u00a0Macky Sall pr\u00e9pare un sale coup contre Mimi.\u00a0\u00bb &#8212; LE PUBLIC\" data-secret=\"USLxgGk5fm\" frameborder=\"0\" marginwidth=\"0\" marginheight=\"0\" scrolling=\"no\" class=\"wp-embedded-content\"><\/iframe><script>\n\/*! This file is auto-generated *\/\n!function(d,l){\"use strict\";l.querySelector&&d.addEventListener&&\"undefined\"!=typeof URL&&(d.wp=d.wp||{},d.wp.receiveEmbedMessage||(d.wp.receiveEmbedMessage=function(e){var t=e.data;if((t||t.secret||t.message||t.value)&&!\/[^a-zA-Z0-9]\/.test(t.secret)){for(var s,r,n,a=l.querySelectorAll('iframe[data-secret=\"'+t.secret+'\"]'),o=l.querySelectorAll('blockquote[data-secret=\"'+t.secret+'\"]'),c=new RegExp(\"^https?:$\",\"i\"),i=0;i<o.length;i++)o[i].style.display=\"none\";for(i=0;i<a.length;i++)s=a[i],e.source===s.contentWindow&&(s.removeAttribute(\"style\"),\"height\"===t.message?(1e3<(r=parseInt(t.value,10))?r=1e3:~~r<200&&(r=200),s.height=r):\"link\"===t.message&&(r=new URL(s.getAttribute(\"src\")),n=new URL(t.value),c.test(n.protocol))&&n.host===r.host&&l.activeElement===s&&(d.top.location.href=t.value))}},d.addEventListener(\"message\",d.wp.receiveEmbedMessage,!1),l.addEventListener(\"DOMContentLoaded\",function(){for(var e,t,s=l.querySelectorAll(\"iframe.wp-embedded-content\"),r=0;r<s.length;r++)(t=(e=s[r]).getAttribute(\"data-secret\"))||(t=Math.random().toString(36).substring(2,12),e.src+=\"#?secret=\"+t,e.setAttribute(\"data-secret\",t)),e.contentWindow.postMessage({message:\"ready\",secret:t},\"*\")},!1)))}(window,document);\n\/\/# sourceURL=https:\/\/www.public.sn\/wp-includes\/js\/wp-embed.min.js\n<\/script>\n","thumbnail_url":"https:\/\/www.public.sn\/wp-content\/uploads\/2022\/10\/mimi-macky.jpeg","thumbnail_width":600,"thumbnail_height":301,"description":"C\u2019est Le Quotidien qui livre l\u2019information dans son \u00e9dition de ce lundi. D\u2019apr\u00e8s le journal du groupe Avenir communication, le Pr\u00e9sident Macky Sall pr\u00e9pare une riposte contre Mimi Tour\u00e9, qui a rompu ses liens avec le camp pr\u00e9sidentiel, en d\u00e9missionnant du groupe Benno Bokk Yakaar \u00e0 l\u2019Assembl\u00e9e nationale. La m\u00eame source pr\u00e9cise que le chef de l\u2019\u00c9tat pr\u00e9pare un grand coup de balai pour exclure de l\u2019appareil d\u2019\u00c9tat tous les pro-Mimi Tour\u00e9 assum\u00e9s ou embusqu\u00e9s. Macky Sall serait en train de confectionner la liste des t\u00eates qui devraient tomber dans les prochains jours. Le Quotidien informe que ces inconditionnels de l\u2019ancienne Premi\u00e8re ministre se retrouvent aussi bien au niveau des cabinets minist\u00e9riels qu\u2019au Palais et dans les agences et autres stations de d\u00e9cision. L\u2019objectif de ces derniers, assure le journal, est d\u2019alimenter Mimi Tour\u00e9 en informations susceptibles de fragiliser le chef de l\u2019\u00c9tat et servir son agenda personnel. Macky Sall aurait \u00e9t\u00e9 inform\u00e9 de ce dessein. C\u2019est d\u2019ailleurs, selon Le Quotidien, la raison pour laquelle il a renonc\u00e9 \u00e0 choisir l\u2019ancienne Garde des Sceaux comme candidate du groupe Benno pour le poste de pr\u00e9sident de l\u2019Assembl\u00e9e nationale. D\u2019autant que, souligne la m\u00eame source, des d\u00e9put\u00e9s du camp pr\u00e9sidentiel avaient exprim\u00e9 de vives r\u00e9ticences \u00e0 l\u2019id\u00e9e de voir leur t\u00eate de liste aux L\u00e9gislatives occuper le perchoir. Falil Gadio"}