{"version":"1.0","provider_name":"LE PUBLIC","provider_url":"https:\/\/www.public.sn","author_name":"LA REDACTION","author_url":"https:\/\/www.public.sn\/index.php\/author\/admin7324\/","title":"Neymar est arriv\u00e9 \u00e0 Barcelone pour son proc\u00e8s. - LE PUBLIC","type":"rich","width":600,"height":338,"html":"<blockquote class=\"wp-embedded-content\" data-secret=\"wXpykkZ63J\"><a href=\"https:\/\/www.public.sn\/index.php\/2022\/10\/17\/neymar-est-arrive-a-barcelone-pour-son-proces\/\">Neymar est arriv\u00e9 \u00e0 Barcelone pour son proc\u00e8s.<\/a><\/blockquote><iframe sandbox=\"allow-scripts\" security=\"restricted\" src=\"https:\/\/www.public.sn\/index.php\/2022\/10\/17\/neymar-est-arrive-a-barcelone-pour-son-proces\/embed\/#?secret=wXpykkZ63J\" width=\"600\" height=\"338\" title=\"\u00ab\u00a0Neymar est arriv\u00e9 \u00e0 Barcelone pour son proc\u00e8s.\u00a0\u00bb &#8212; LE PUBLIC\" data-secret=\"wXpykkZ63J\" frameborder=\"0\" marginwidth=\"0\" marginheight=\"0\" scrolling=\"no\" class=\"wp-embedded-content\"><\/iframe><script>\n\/*! This file is auto-generated *\/\n!function(d,l){\"use strict\";l.querySelector&&d.addEventListener&&\"undefined\"!=typeof URL&&(d.wp=d.wp||{},d.wp.receiveEmbedMessage||(d.wp.receiveEmbedMessage=function(e){var t=e.data;if((t||t.secret||t.message||t.value)&&!\/[^a-zA-Z0-9]\/.test(t.secret)){for(var s,r,n,a=l.querySelectorAll('iframe[data-secret=\"'+t.secret+'\"]'),o=l.querySelectorAll('blockquote[data-secret=\"'+t.secret+'\"]'),c=new RegExp(\"^https?:$\",\"i\"),i=0;i<o.length;i++)o[i].style.display=\"none\";for(i=0;i<a.length;i++)s=a[i],e.source===s.contentWindow&&(s.removeAttribute(\"style\"),\"height\"===t.message?(1e3<(r=parseInt(t.value,10))?r=1e3:~~r<200&&(r=200),s.height=r):\"link\"===t.message&&(r=new URL(s.getAttribute(\"src\")),n=new URL(t.value),c.test(n.protocol))&&n.host===r.host&&l.activeElement===s&&(d.top.location.href=t.value))}},d.addEventListener(\"message\",d.wp.receiveEmbedMessage,!1),l.addEventListener(\"DOMContentLoaded\",function(){for(var e,t,s=l.querySelectorAll(\"iframe.wp-embedded-content\"),r=0;r<s.length;r++)(t=(e=s[r]).getAttribute(\"data-secret\"))||(t=Math.random().toString(36).substring(2,12),e.src+=\"#?secret=\"+t,e.setAttribute(\"data-secret\",t)),e.contentWindow.postMessage({message:\"ready\",secret:t},\"*\")},!1)))}(window,document);\n\/\/# sourceURL=https:\/\/www.public.sn\/wp-includes\/js\/wp-embed.min.js\n<\/script>\n","thumbnail_url":"https:\/\/www.public.sn\/wp-content\/uploads\/2022\/10\/neymar.jpeg","thumbnail_width":612,"thumbnail_height":298,"description":"L&rsquo;Equipe nous apprend que Neymar est arriv\u00e9 \u00e0 Barcelone lundi pour le d\u00e9but de son proc\u00e8s qui porte sur des irr\u00e9gularit\u00e9s pr\u00e9sum\u00e9es lors de son transfert de Santos au FC Barcelone en 2013. &nbsp;Lundi, le proc\u00e8s qui met en cause Neymar pour des malversations datant de son d\u00e9part de Santos au Bar\u00e7a en 2013 a d\u00e9but\u00e9. Comme pr\u00e9vu, le Br\u00e9silien s&rsquo;est pr\u00e9sent\u00e9 devant le tribunal de Barcelone. &nbsp;L&rsquo;ancien pr\u00e9sident du club Josep Maria Bartomeu (2014-2020) a \u00e9galement comparu devant la juridiction catalane, \u00e0 l&rsquo;instar de Sandro Rosell, lui aussi ancien pr\u00e9sident des Blaugrana (2010-2014). \u00a0Annonc\u00e9 en Catalogne en mai 2013 pour un montant officiel de 51,70 M\u20ac, le transfert de l&rsquo;actuel joueur du PSG a suscit\u00e9 des interrogations d\u00e8s 2014, au point d&rsquo;alerter le fisc espagnol, qui consid\u00e8re que le transfert a, en r\u00e9alit\u00e9, avoisin\u00e9 les 107 M\u20ac, bonus compris. Le parquet requiert deux ans de prison contre le joueur. Falil Gadio"}