{"version":"1.0","provider_name":"LE PUBLIC","provider_url":"https:\/\/www.public.sn","author_name":"LA REDACTION","author_url":"https:\/\/www.public.sn\/index.php\/author\/editeurpsn\/","title":"Guy Marius Sagna d\u00e9fend les malentendants. - LE PUBLIC","type":"rich","width":600,"height":338,"html":"<blockquote class=\"wp-embedded-content\" data-secret=\"1st9NyS5ge\"><a href=\"https:\/\/www.public.sn\/index.php\/2022\/10\/19\/guy-marius-sagna-defend-les-malentendants\/\">Guy Marius Sagna d\u00e9fend les malentendants.<\/a><\/blockquote><iframe sandbox=\"allow-scripts\" security=\"restricted\" src=\"https:\/\/www.public.sn\/index.php\/2022\/10\/19\/guy-marius-sagna-defend-les-malentendants\/embed\/#?secret=1st9NyS5ge\" width=\"600\" height=\"338\" title=\"\u00ab\u00a0Guy Marius Sagna d\u00e9fend les malentendants.\u00a0\u00bb &#8212; LE PUBLIC\" data-secret=\"1st9NyS5ge\" frameborder=\"0\" marginwidth=\"0\" marginheight=\"0\" scrolling=\"no\" class=\"wp-embedded-content\"><\/iframe><script>\n\/*! This file is auto-generated *\/\n!function(d,l){\"use strict\";l.querySelector&&d.addEventListener&&\"undefined\"!=typeof URL&&(d.wp=d.wp||{},d.wp.receiveEmbedMessage||(d.wp.receiveEmbedMessage=function(e){var t=e.data;if((t||t.secret||t.message||t.value)&&!\/[^a-zA-Z0-9]\/.test(t.secret)){for(var s,r,n,a=l.querySelectorAll('iframe[data-secret=\"'+t.secret+'\"]'),o=l.querySelectorAll('blockquote[data-secret=\"'+t.secret+'\"]'),c=new RegExp(\"^https?:$\",\"i\"),i=0;i<o.length;i++)o[i].style.display=\"none\";for(i=0;i<a.length;i++)s=a[i],e.source===s.contentWindow&&(s.removeAttribute(\"style\"),\"height\"===t.message?(1e3<(r=parseInt(t.value,10))?r=1e3:~~r<200&&(r=200),s.height=r):\"link\"===t.message&&(r=new URL(s.getAttribute(\"src\")),n=new URL(t.value),c.test(n.protocol))&&n.host===r.host&&l.activeElement===s&&(d.top.location.href=t.value))}},d.addEventListener(\"message\",d.wp.receiveEmbedMessage,!1),l.addEventListener(\"DOMContentLoaded\",function(){for(var e,t,s=l.querySelectorAll(\"iframe.wp-embedded-content\"),r=0;r<s.length;r++)(t=(e=s[r]).getAttribute(\"data-secret\"))||(t=Math.random().toString(36).substring(2,12),e.src+=\"#?secret=\"+t,e.setAttribute(\"data-secret\",t)),e.contentWindow.postMessage({message:\"ready\",secret:t},\"*\")},!1)))}(window,document);\n\/\/# sourceURL=https:\/\/www.public.sn\/wp-includes\/js\/wp-embed.min.js\n<\/script>\n","thumbnail_url":"https:\/\/www.public.sn\/wp-content\/uploads\/2022\/10\/guy-marius.jpg","thumbnail_width":256,"thumbnail_height":197,"description":"Le nouveau d\u00e9put\u00e9 a adress\u00e9 une lettre au pr\u00e9sident de l\u2019institution parlementaire. L\u2019objectif est de lui rappeler la n\u00e9cessit\u00e9 de respecter la Loi relative aux personnes malentendantes et sourdes. Pour lui i faut recruter un traducteur afin que ces personnes ne se sentent pas exclues des d\u00e9bats \u00e0 l\u2019Assembl\u00e9e Nationale. \u00ab Le recrutement par l\u2019Assembl\u00e9e d\u2019un interpr\u00e8te pr\u00e9pos\u00e9 \u00e0 la traduction en langue des signes des d\u00e9bats et travaux en s\u00e9ances pl\u00e9ni\u00e8res est un acquis d\u00e9terminant dans la lutte contre la discrimination dont sont victimes les personnes sourdes et malentendantes. La XIVe l\u00e9gislature gagnerait d\u00e8s lors \u00e0 le sauvegarder \u00bb. C\u2019est \u00e0 travers une lettre adress\u00e9e au pr\u00e9sident de l\u2019Assembl\u00e9e Nationale que Guy Maruis Sagna interpelle sur \u00a0 L\u2019absence d\u2019un interpr\u00e8te en langue des signes lors des quatre (4) derni\u00e8res s\u00e9ances pl\u00e9ni\u00e8res. Ce, malgr\u00e9 l\u2019adoption de la loi n\u00b02010-15 du 6 juillet 2010 portant loi d\u2019orientation sociale relative \u00e0 la promotion et \u00e0 la protection des droits des personnes handicap\u00e9es, obligeant l\u2019h\u00e9micycle \u00e0 s\u2019attacher les services d\u2019un interpr\u00e8te en langue des signes lors des s\u00e9ances pl\u00e9ni\u00e8res. Le nouveau d\u00e9put\u00e9 pr\u00e9cise que \u00ab dans le guide du d\u00e9put\u00e9, document officiel de l\u2019institution parlementaire, il est formellement indiqu\u00e9 que l\u2019Assembl\u00e9e loue les services d\u2019un interpr\u00e8te en langue des signes lors des s\u00e9ances pl\u00e9ni\u00e8res. Depuis le d\u00e9but des travaux de la XIVe l\u00e9gislature, les personnes sourdes et malentendantes n\u2019ont pas acc\u00e8s aux travaux en pl\u00e9ni\u00e8re. Cette situation est constitutive d\u2019un d\u00e9ni du droit \u00e0 l\u2019information, un droit fondamental que la Constitution garantie en son article 8 et que l\u2019institution parlementaire \u00e0 l\u2019obligation de respecter \u00bb, a-t-il regrett\u00e9. Pour le parlementaire, l\u2019Assembl\u00e9e Nationale doit \u00a0\u00ab montrer le bon exemple \u00e0 l\u2019Ex\u00e9cutif qui en 10 ans a pris tr\u00e8s peu de textes d\u2019application de la loi d\u2019orientation sociale relative \u00e0 la promotion et \u00e0 la protection des droits des personnes handicap\u00e9es \u00bb. Samba SY."}