{"version":"1.0","provider_name":"LE PUBLIC","provider_url":"https:\/\/www.public.sn","author_name":"LA REDACTION","author_url":"https:\/\/www.public.sn\/index.php\/author\/editeurpsn\/","title":"Macky \u00ab\u00a0assiste\u00a0\u00bb les h\u00e9modialys\u00e9s. - LE PUBLIC","type":"rich","width":600,"height":338,"html":"<blockquote class=\"wp-embedded-content\" data-secret=\"b3sVNajIgE\"><a href=\"https:\/\/www.public.sn\/index.php\/2022\/10\/20\/macky-assiste-les-hemodialyses\/\">Macky \u00ab\u00a0assiste\u00a0\u00bb les h\u00e9modialys\u00e9s.<\/a><\/blockquote><iframe sandbox=\"allow-scripts\" security=\"restricted\" src=\"https:\/\/www.public.sn\/index.php\/2022\/10\/20\/macky-assiste-les-hemodialyses\/embed\/#?secret=b3sVNajIgE\" width=\"600\" height=\"338\" title=\"\u00ab\u00a0Macky \u00ab\u00a0assiste\u00a0\u00bb les h\u00e9modialys\u00e9s.\u00a0\u00bb &#8212; LE PUBLIC\" data-secret=\"b3sVNajIgE\" frameborder=\"0\" marginwidth=\"0\" marginheight=\"0\" scrolling=\"no\" class=\"wp-embedded-content\"><\/iframe><script>\n\/*! This file is auto-generated *\/\n!function(d,l){\"use strict\";l.querySelector&&d.addEventListener&&\"undefined\"!=typeof URL&&(d.wp=d.wp||{},d.wp.receiveEmbedMessage||(d.wp.receiveEmbedMessage=function(e){var t=e.data;if((t||t.secret||t.message||t.value)&&!\/[^a-zA-Z0-9]\/.test(t.secret)){for(var s,r,n,a=l.querySelectorAll('iframe[data-secret=\"'+t.secret+'\"]'),o=l.querySelectorAll('blockquote[data-secret=\"'+t.secret+'\"]'),c=new RegExp(\"^https?:$\",\"i\"),i=0;i<o.length;i++)o[i].style.display=\"none\";for(i=0;i<a.length;i++)s=a[i],e.source===s.contentWindow&&(s.removeAttribute(\"style\"),\"height\"===t.message?(1e3<(r=parseInt(t.value,10))?r=1e3:~~r<200&&(r=200),s.height=r):\"link\"===t.message&&(r=new URL(s.getAttribute(\"src\")),n=new URL(t.value),c.test(n.protocol))&&n.host===r.host&&l.activeElement===s&&(d.top.location.href=t.value))}},d.addEventListener(\"message\",d.wp.receiveEmbedMessage,!1),l.addEventListener(\"DOMContentLoaded\",function(){for(var e,t,s=l.querySelectorAll(\"iframe.wp-embedded-content\"),r=0;r<s.length;r++)(t=(e=s[r]).getAttribute(\"data-secret\"))||(t=Math.random().toString(36).substring(2,12),e.src+=\"#?secret=\"+t,e.setAttribute(\"data-secret\",t)),e.contentWindow.postMessage({message:\"ready\",secret:t},\"*\")},!1)))}(window,document);\n\/\/# sourceURL=https:\/\/www.public.sn\/wp-includes\/js\/wp-embed.min.js\n<\/script>\n","thumbnail_url":"https:\/\/www.public.sn\/wp-content\/uploads\/2022\/10\/sante_dialyse.jpg","thumbnail_width":700,"thumbnail_height":525,"description":"A l\u2019occasion du conseil des ministres tenu ce Mercredi le pr\u00e9sident de la R\u00e9publique \u00e0 donn\u00e9 des instructions au ministre de la sant\u00e9 afin que la situation des h\u00e9modialys\u00e9s soit prise en charge.\u00a0 En effet le pr\u00e9sident de la R\u00e9publique a insist\u00e9 sur la gestion des patients insuffisants r\u00e9naux dans les h\u00f4pitaux et centres de dialyse et la qualit\u00e9 des infrastructures sanitaires. Il a \u00e9t\u00e9 demand\u00e9\u00a0 au ministre de la sant\u00e9 de prendre toutes les dispositions requises pour une am\u00e9lioration de la prise en charge. Le pr\u00e9sident de la R\u00e9publique a notamment l\u2019urgence d\u2019acc\u00e9l\u00e9rer la r\u00e9habilitation du service de Neurologie de l\u2019h\u00f4pital de Fann. Samba SY."}