{"version":"1.0","provider_name":"LE PUBLIC","provider_url":"https:\/\/www.public.sn","author_name":"LA REDACTION","author_url":"https:\/\/www.public.sn\/index.php\/author\/admin7324\/","title":"HCCT\u00a0: Imam Oumar Di\u00e8ne nomm\u00e9 conseiller - LE PUBLIC","type":"rich","width":600,"height":338,"html":"<blockquote class=\"wp-embedded-content\" data-secret=\"spFCzMICrA\"><a href=\"https:\/\/www.public.sn\/index.php\/2022\/10\/26\/hcct-imam-oumar-diene-nomme-conseiller\/\">HCCT\u00a0: Imam Oumar Di\u00e8ne nomm\u00e9 conseiller<\/a><\/blockquote><iframe sandbox=\"allow-scripts\" security=\"restricted\" src=\"https:\/\/www.public.sn\/index.php\/2022\/10\/26\/hcct-imam-oumar-diene-nomme-conseiller\/embed\/#?secret=spFCzMICrA\" width=\"600\" height=\"338\" title=\"\u00ab\u00a0HCCT\u00a0: Imam Oumar Di\u00e8ne nomm\u00e9 conseiller\u00a0\u00bb &#8212; LE PUBLIC\" data-secret=\"spFCzMICrA\" frameborder=\"0\" marginwidth=\"0\" marginheight=\"0\" scrolling=\"no\" class=\"wp-embedded-content\"><\/iframe><script>\n\/*! This file is auto-generated *\/\n!function(d,l){\"use strict\";l.querySelector&&d.addEventListener&&\"undefined\"!=typeof URL&&(d.wp=d.wp||{},d.wp.receiveEmbedMessage||(d.wp.receiveEmbedMessage=function(e){var t=e.data;if((t||t.secret||t.message||t.value)&&!\/[^a-zA-Z0-9]\/.test(t.secret)){for(var s,r,n,a=l.querySelectorAll('iframe[data-secret=\"'+t.secret+'\"]'),o=l.querySelectorAll('blockquote[data-secret=\"'+t.secret+'\"]'),c=new RegExp(\"^https?:$\",\"i\"),i=0;i<o.length;i++)o[i].style.display=\"none\";for(i=0;i<a.length;i++)s=a[i],e.source===s.contentWindow&&(s.removeAttribute(\"style\"),\"height\"===t.message?(1e3<(r=parseInt(t.value,10))?r=1e3:~~r<200&&(r=200),s.height=r):\"link\"===t.message&&(r=new URL(s.getAttribute(\"src\")),n=new URL(t.value),c.test(n.protocol))&&n.host===r.host&&l.activeElement===s&&(d.top.location.href=t.value))}},d.addEventListener(\"message\",d.wp.receiveEmbedMessage,!1),l.addEventListener(\"DOMContentLoaded\",function(){for(var e,t,s=l.querySelectorAll(\"iframe.wp-embedded-content\"),r=0;r<s.length;r++)(t=(e=s[r]).getAttribute(\"data-secret\"))||(t=Math.random().toString(36).substring(2,12),e.src+=\"#?secret=\"+t,e.setAttribute(\"data-secret\",t)),e.contentWindow.postMessage({message:\"ready\",secret:t},\"*\")},!1)))}(window,document);\n\/\/# sourceURL=https:\/\/www.public.sn\/wp-includes\/js\/wp-embed.min.js\n<\/script>\n","thumbnail_url":"https:\/\/www.public.sn\/wp-content\/uploads\/2022\/10\/imam-oumar-diene.jpg","thumbnail_width":1024,"thumbnail_height":791,"description":"D\u00e9sormais, l\u2019ex secr\u00e9taire g\u00e9n\u00e9ral de l \u2018association nationale de imams et oul\u00e9mas du S\u00e9n\u00e9gal, Imam Oumar Di\u00e8ne a une nouvelle distinction.&nbsp;\u00ab&nbsp;Par la gr\u00e2ce de Dieu, le pr\u00e9sident de la R\u00e9publique m\u2019a \u00e9lev\u00e9 au grade de Haut Conseiller des Collectivit\u00e9s Territoriales&nbsp;\u00bb a-t-il confirm\u00e9. A rappeler aussi qu\u2019Imam Oumar Di\u00e8ne est \u00e9galement le pr\u00e9sident de la commission nationale de concertation lunaire depuis f\u00e9vrier 2021, une nomination qui a suscit\u00e9 beaucoup de bruits. Maimouna Niang."}