{"version":"1.0","provider_name":"LE PUBLIC","provider_url":"https:\/\/www.public.sn","author_name":"LA REDACTION","author_url":"https:\/\/www.public.sn\/index.php\/author\/editeurpsn\/","title":"Reprise du rail\u00a0: Le pr\u00e9sident donne des assurances. - LE PUBLIC","type":"rich","width":600,"height":338,"html":"<blockquote class=\"wp-embedded-content\" data-secret=\"iRtNoWSoZp\"><a href=\"https:\/\/www.public.sn\/index.php\/2022\/10\/28\/reprise-du-rail-le-president-donne-des-assurances\/\">Reprise du rail\u00a0: Le pr\u00e9sident donne des assurances.<\/a><\/blockquote><iframe sandbox=\"allow-scripts\" security=\"restricted\" src=\"https:\/\/www.public.sn\/index.php\/2022\/10\/28\/reprise-du-rail-le-president-donne-des-assurances\/embed\/#?secret=iRtNoWSoZp\" width=\"600\" height=\"338\" title=\"\u00ab\u00a0Reprise du rail\u00a0: Le pr\u00e9sident donne des assurances.\u00a0\u00bb &#8212; LE PUBLIC\" data-secret=\"iRtNoWSoZp\" frameborder=\"0\" marginwidth=\"0\" marginheight=\"0\" scrolling=\"no\" class=\"wp-embedded-content\"><\/iframe><script>\n\/*! This file is auto-generated *\/\n!function(d,l){\"use strict\";l.querySelector&&d.addEventListener&&\"undefined\"!=typeof URL&&(d.wp=d.wp||{},d.wp.receiveEmbedMessage||(d.wp.receiveEmbedMessage=function(e){var t=e.data;if((t||t.secret||t.message||t.value)&&!\/[^a-zA-Z0-9]\/.test(t.secret)){for(var s,r,n,a=l.querySelectorAll('iframe[data-secret=\"'+t.secret+'\"]'),o=l.querySelectorAll('blockquote[data-secret=\"'+t.secret+'\"]'),c=new RegExp(\"^https?:$\",\"i\"),i=0;i<o.length;i++)o[i].style.display=\"none\";for(i=0;i<a.length;i++)s=a[i],e.source===s.contentWindow&&(s.removeAttribute(\"style\"),\"height\"===t.message?(1e3<(r=parseInt(t.value,10))?r=1e3:~~r<200&&(r=200),s.height=r):\"link\"===t.message&&(r=new URL(s.getAttribute(\"src\")),n=new URL(t.value),c.test(n.protocol))&&n.host===r.host&&l.activeElement===s&&(d.top.location.href=t.value))}},d.addEventListener(\"message\",d.wp.receiveEmbedMessage,!1),l.addEventListener(\"DOMContentLoaded\",function(){for(var e,t,s=l.querySelectorAll(\"iframe.wp-embedded-content\"),r=0;r<s.length;r++)(t=(e=s[r]).getAttribute(\"data-secret\"))||(t=Math.random().toString(36).substring(2,12),e.src+=\"#?secret=\"+t,e.setAttribute(\"data-secret\",t)),e.contentWindow.postMessage({message:\"ready\",secret:t},\"*\")},!1)))}(window,document);\n\/\/# sourceURL=https:\/\/www.public.sn\/wp-includes\/js\/wp-embed.min.js\n<\/script>\n","thumbnail_url":"https:\/\/www.public.sn\/wp-content\/uploads\/2022\/10\/gare-de-thies.jpg","thumbnail_width":900,"thumbnail_height":672,"description":"Le pr\u00e9sident de la R\u00e9publique donne des assurances que la relance ds chemins de fer se fera pour tr\u00e8s bient\u00f4t. Une annonce faite apr\u00e8s l\u2019interpellation du maire de Thi\u00e8s Babacar Diop qui lors de son speech avait sollicit\u00e9 le Pr\u00e9sident de la R\u00e9publique pour que Thi\u00e8s redevienne la capital du rail et que le train recommence \u00e0 siffler dans la cit\u00e9e. En prenant la parole Macky Sall dit savoir l\u2019int\u00e9r\u00eat que les rails occupent pour Thi\u00e8s. Il donne l\u2019assurance au maire et aux travailleurs du rail que leur dol\u00e9ance a \u00e9t\u00e9 entendue et que le gouvernement travaille \u00e0 faire en sorte que le chemin du fer reprenne dans les plus brefs d\u00e9lais. Samba SY."}