{"version":"1.0","provider_name":"LE PUBLIC","provider_url":"https:\/\/www.public.sn","author_name":"LA REDACTION","author_url":"https:\/\/www.public.sn\/index.php\/author\/editeurpsn\/","title":"APR\u00a0: Les jeunes de Pikine g\u00e8lent leurs activit\u00e9s. - LE PUBLIC","type":"rich","width":600,"height":338,"html":"<blockquote class=\"wp-embedded-content\" data-secret=\"Beki2PBtGX\"><a href=\"https:\/\/www.public.sn\/index.php\/2022\/10\/29\/apr-les-jeunes-de-pikine-gelent-leurs-activites\/\">APR\u00a0: Les jeunes de Pikine g\u00e8lent leurs activit\u00e9s.<\/a><\/blockquote><iframe sandbox=\"allow-scripts\" security=\"restricted\" src=\"https:\/\/www.public.sn\/index.php\/2022\/10\/29\/apr-les-jeunes-de-pikine-gelent-leurs-activites\/embed\/#?secret=Beki2PBtGX\" width=\"600\" height=\"338\" title=\"\u00ab\u00a0APR\u00a0: Les jeunes de Pikine g\u00e8lent leurs activit\u00e9s.\u00a0\u00bb &#8212; LE PUBLIC\" data-secret=\"Beki2PBtGX\" frameborder=\"0\" marginwidth=\"0\" marginheight=\"0\" scrolling=\"no\" class=\"wp-embedded-content\"><\/iframe><script>\n\/*! This file is auto-generated *\/\n!function(d,l){\"use strict\";l.querySelector&&d.addEventListener&&\"undefined\"!=typeof URL&&(d.wp=d.wp||{},d.wp.receiveEmbedMessage||(d.wp.receiveEmbedMessage=function(e){var t=e.data;if((t||t.secret||t.message||t.value)&&!\/[^a-zA-Z0-9]\/.test(t.secret)){for(var s,r,n,a=l.querySelectorAll('iframe[data-secret=\"'+t.secret+'\"]'),o=l.querySelectorAll('blockquote[data-secret=\"'+t.secret+'\"]'),c=new RegExp(\"^https?:$\",\"i\"),i=0;i<o.length;i++)o[i].style.display=\"none\";for(i=0;i<a.length;i++)s=a[i],e.source===s.contentWindow&&(s.removeAttribute(\"style\"),\"height\"===t.message?(1e3<(r=parseInt(t.value,10))?r=1e3:~~r<200&&(r=200),s.height=r):\"link\"===t.message&&(r=new URL(s.getAttribute(\"src\")),n=new URL(t.value),c.test(n.protocol))&&n.host===r.host&&l.activeElement===s&&(d.top.location.href=t.value))}},d.addEventListener(\"message\",d.wp.receiveEmbedMessage,!1),l.addEventListener(\"DOMContentLoaded\",function(){for(var e,t,s=l.querySelectorAll(\"iframe.wp-embedded-content\"),r=0;r<s.length;r++)(t=(e=s[r]).getAttribute(\"data-secret\"))||(t=Math.random().toString(36).substring(2,12),e.src+=\"#?secret=\"+t,e.setAttribute(\"data-secret\",t)),e.contentWindow.postMessage({message:\"ready\",secret:t},\"*\")},!1)))}(window,document);\n\/\/# sourceURL=https:\/\/www.public.sn\/wp-includes\/js\/wp-embed.min.js\n<\/script>\n","thumbnail_url":"https:\/\/www.public.sn\/wp-content\/uploads\/2022\/10\/ppp-1.jpg","thumbnail_width":275,"thumbnail_height":183,"description":"Les jeunes de l\u2019APR de Pikine sont tr\u00e8s en col\u00e8re contre leurs responsables locaux et le pr\u00e9sident de leur parti Macky Sall. Ces derniers avancent qu\u2019 ils sont \u00e9cart\u00e9s de toutes les &nbsp;prises de pouvoir du parti. Ils ont ainsi d\u00e9cid\u00e9 de geler leurs activit\u00e9s politiques. Les jeunes de l\u2019APR se disent marginalis\u00e9s dans le parti. Autre d\u00e9cision prise par ces jeunes, c\u2019est le boycott des op\u00e9rations de vente de cartes du part jusqu\u2019a\u2019a \u00e0 nouvel ordre. Samba SY. &nbsp;"}