{"version":"1.0","provider_name":"LE PUBLIC","provider_url":"https:\/\/www.public.sn","author_name":"LA REDACTION","author_url":"https:\/\/www.public.sn\/index.php\/author\/admin7324\/","title":"Br\u00e9sil: Lula retrouve le fauteuil pr\u00e9sidentiel. - LE PUBLIC","type":"rich","width":600,"height":338,"html":"<blockquote class=\"wp-embedded-content\" data-secret=\"4cz0Hq8hw4\"><a href=\"https:\/\/www.public.sn\/index.php\/2022\/10\/31\/bresil-lula-retrouve-le-fauteuil-presidentiel\/\">Br\u00e9sil: Lula retrouve le fauteuil pr\u00e9sidentiel.<\/a><\/blockquote><iframe sandbox=\"allow-scripts\" security=\"restricted\" src=\"https:\/\/www.public.sn\/index.php\/2022\/10\/31\/bresil-lula-retrouve-le-fauteuil-presidentiel\/embed\/#?secret=4cz0Hq8hw4\" width=\"600\" height=\"338\" title=\"\u00ab\u00a0Br\u00e9sil: Lula retrouve le fauteuil pr\u00e9sidentiel.\u00a0\u00bb &#8212; LE PUBLIC\" data-secret=\"4cz0Hq8hw4\" frameborder=\"0\" marginwidth=\"0\" marginheight=\"0\" scrolling=\"no\" class=\"wp-embedded-content\"><\/iframe><script>\n\/*! This file is auto-generated *\/\n!function(d,l){\"use strict\";l.querySelector&&d.addEventListener&&\"undefined\"!=typeof URL&&(d.wp=d.wp||{},d.wp.receiveEmbedMessage||(d.wp.receiveEmbedMessage=function(e){var t=e.data;if((t||t.secret||t.message||t.value)&&!\/[^a-zA-Z0-9]\/.test(t.secret)){for(var s,r,n,a=l.querySelectorAll('iframe[data-secret=\"'+t.secret+'\"]'),o=l.querySelectorAll('blockquote[data-secret=\"'+t.secret+'\"]'),c=new RegExp(\"^https?:$\",\"i\"),i=0;i<o.length;i++)o[i].style.display=\"none\";for(i=0;i<a.length;i++)s=a[i],e.source===s.contentWindow&&(s.removeAttribute(\"style\"),\"height\"===t.message?(1e3<(r=parseInt(t.value,10))?r=1e3:~~r<200&&(r=200),s.height=r):\"link\"===t.message&&(r=new URL(s.getAttribute(\"src\")),n=new URL(t.value),c.test(n.protocol))&&n.host===r.host&&l.activeElement===s&&(d.top.location.href=t.value))}},d.addEventListener(\"message\",d.wp.receiveEmbedMessage,!1),l.addEventListener(\"DOMContentLoaded\",function(){for(var e,t,s=l.querySelectorAll(\"iframe.wp-embedded-content\"),r=0;r<s.length;r++)(t=(e=s[r]).getAttribute(\"data-secret\"))||(t=Math.random().toString(36).substring(2,12),e.src+=\"#?secret=\"+t,e.setAttribute(\"data-secret\",t)),e.contentWindow.postMessage({message:\"ready\",secret:t},\"*\")},!1)))}(window,document);\n\/\/# sourceURL=https:\/\/www.public.sn\/wp-includes\/js\/wp-embed.min.js\n<\/script>\n","thumbnail_url":"https:\/\/www.public.sn\/wp-content\/uploads\/2022\/10\/lula.jpg","thumbnail_width":300,"thumbnail_height":168,"description":"Lula redevient le pr\u00e9sident du Br\u00e9sil avec 50,9% des voix. Au lendemain de cette \u00e9lection tr\u00e8s polaris\u00e9e, entre deux candidats que tout opposait. Selon RFI L\u2019\u00e9conomie est la priorit\u00e9 des priorit\u00e9s cit\u00e9es par les \u00e9lecteurs. A peine remis de la pand\u00e9mie et du ch\u00f4mage qu\u2019elle a fait exploser, les Br\u00e9siliens ont \u00e9t\u00e9 \u00e9trangl\u00e9s par l\u2019inflation. Dans l\u2019un des pays les plus in\u00e9galitaires au monde, l\u2019envol\u00e9e des prix a \u00e9t\u00e9 un cataclysme. Gr\u00e2ce \u00e0 l\u2019action pr\u00e9coce de la banque centrale, et gr\u00e2ce \u00e0 des coups de pouce budg\u00e9taires avec la suspension d\u2019un certain nombre de taxes sur les hydrocarbures, la pression est fortement redescendue, l\u2019inflation est en d\u00e9crue depuis le mois d&rsquo;avril. Elle est encore \u00e0 7%.\u00a0Et manger \u00e0 sa faim reste un souci majeur pour 15% des Br\u00e9siliens en ins\u00e9curit\u00e9 alimentaire, ils n&rsquo;\u00e9taient que 4% en 2010, quand Lula a quitt\u00e9 le pouvoir. Il a promis de renforcer les aides sociales mises en place par son pr\u00e9d\u00e9cesseur et d&rsquo;effacer une partie des dettes accumul\u00e9es pendant la pand\u00e9mie. Deuxi\u00e8me d\u00e9fi pour le pr\u00e9sident : renouer avec la croissance Et faire en sorte que ses fruits soient mieux partag\u00e9s. Parce que le Br\u00e9sil d\u2019avant le Covid, \u00e9tait d\u00e9j\u00e0 un g\u00e9ant assoupi, encalmin\u00e9 dans une croissance atone, bien trop faible pour redistribuer la richesse cr\u00e9\u00e9e \u00e0 une population en forte hausse : 0,3% de croissance annuelle en moyenne depuis dix ans, c\u2019est deux fois moins que le rythme de croissance de la population. D\u2019o\u00f9 cet appauvrissement, ce d\u00e9classement que ressentent les m\u00e9nages. Apr\u00e8s avoir recul\u00e9 pendant la pr\u00e9sidence de Lula, au d\u00e9but des ann\u00e9es 2000, les in\u00e9galit\u00e9s ont explos\u00e9 au cours des dix derni\u00e8res ann\u00e9es. Entre les riches et les pauvres, mais aussi entre les habitants du Sud et ceux du Nord. Ceux du Nord-Est gagnent deux fois moins bien leur vie que ceux du Sud-Est, et ils sont deux fois plus expos\u00e9s au risque de ch\u00f4mage. Les in\u00e9galit\u00e9s sont aussi tr\u00e8s fortes face au ch\u00f4mage. Les femmes et les gens de couleurs en souffrent beaucoup plus que les hommes blancs. Quelles sont les politiques pr\u00e9conis\u00e9es pour r\u00e9duire les in\u00e9galit\u00e9s et doper la croissance du Br\u00e9sil ? Am\u00e9liorer l\u2019\u00e9ducation, r\u00e9former l\u2019Etat en le rendant plus efficace, r\u00e9former une fiscalit\u00e9 souvent d\u00e9favorable aux affaires, sont les chantiers de longue haleine r\u00e9guli\u00e8rement cit\u00e9s par les \u00e9conomistes. Ces sujets de fonds n\u2019ont pas \u00e9t\u00e9 abord\u00e9s pendant la campagne. Lula a invoqu\u00e9 ses mandats pass\u00e9s qui correspondent \u00e0 une \u00e8re de prosp\u00e9rit\u00e9, le seul moment o\u00f9 les in\u00e9galit\u00e9s ont recul\u00e9. Mais il ne pourra pas appliquer les m\u00eames recettes, car entre temps le Br\u00e9sil s&rsquo;est fortement endett\u00e9. Sa marge de manoeuvre budg\u00e9taire est donc beaucoup plus limit\u00e9e et le contexte mondial est tr\u00e8s diff\u00e9rent. Le boum des mati\u00e8res premi\u00e8res n&rsquo;est plus d&rsquo;actualit\u00e9 en 2022. Car la force du Br\u00e9sil ce sont toujours ses ressources naturelles L&rsquo;industrie qui pourvoyait des emplois bien pay\u00e9s est en d\u00e9clin depuis trente ans. L&rsquo;agrobusiness, chouchout\u00e9 par Jair Bolsonaro, les minerais, le p\u00e9trole, sont les principaux moteurs du commerce ext\u00e9rieur. R\u00e9orienter l&rsquo;\u00e9conomie vers des activit\u00e9s mieux r\u00e9mun\u00e9r\u00e9es, plus cr\u00e9atrices d&#8217;emplois est une n\u00e9cessit\u00e9. Pour y parvenir, il faut attirer les investisseurs en commen\u00e7ant par d\u00e9fendre l&rsquo;environnement et la for\u00eat amazonienne. C&rsquo;est l&rsquo;engagement pris par Lula. Dans l&rsquo;imm\u00e9diat il devra surtout r\u00e9concilier le pays pour pouvoir gouverner, l\u00e9gif\u00e9rer. Car le syst\u00e8me politique br\u00e9silien, o\u00f9 les r\u00e9gions et le Congr\u00e8s sont des contre-pouvoirs consid\u00e9rables, est l&rsquo;un des principaux freins au changement."}