{"version":"1.0","provider_name":"LE PUBLIC","provider_url":"https:\/\/www.public.sn","author_name":"LA REDACTION","author_url":"https:\/\/www.public.sn\/index.php\/author\/editeurpsn\/","title":"Poste\u00a0: Les salari\u00e9s domicili\u00e9s r\u00e2lent. - LE PUBLIC","type":"rich","width":600,"height":338,"html":"<blockquote class=\"wp-embedded-content\" data-secret=\"y0nV9yhss1\"><a href=\"https:\/\/www.public.sn\/index.php\/2022\/11\/04\/poste-les-salaries-domicilies-ralent\/\">Poste\u00a0: Les salari\u00e9s domicili\u00e9s r\u00e2lent.<\/a><\/blockquote><iframe sandbox=\"allow-scripts\" security=\"restricted\" src=\"https:\/\/www.public.sn\/index.php\/2022\/11\/04\/poste-les-salaries-domicilies-ralent\/embed\/#?secret=y0nV9yhss1\" width=\"600\" height=\"338\" title=\"\u00ab\u00a0Poste\u00a0: Les salari\u00e9s domicili\u00e9s r\u00e2lent.\u00a0\u00bb &#8212; LE PUBLIC\" data-secret=\"y0nV9yhss1\" frameborder=\"0\" marginwidth=\"0\" marginheight=\"0\" scrolling=\"no\" class=\"wp-embedded-content\"><\/iframe><script>\n\/*! This file is auto-generated *\/\n!function(d,l){\"use strict\";l.querySelector&&d.addEventListener&&\"undefined\"!=typeof URL&&(d.wp=d.wp||{},d.wp.receiveEmbedMessage||(d.wp.receiveEmbedMessage=function(e){var t=e.data;if((t||t.secret||t.message||t.value)&&!\/[^a-zA-Z0-9]\/.test(t.secret)){for(var s,r,n,a=l.querySelectorAll('iframe[data-secret=\"'+t.secret+'\"]'),o=l.querySelectorAll('blockquote[data-secret=\"'+t.secret+'\"]'),c=new RegExp(\"^https?:$\",\"i\"),i=0;i<o.length;i++)o[i].style.display=\"none\";for(i=0;i<a.length;i++)s=a[i],e.source===s.contentWindow&&(s.removeAttribute(\"style\"),\"height\"===t.message?(1e3<(r=parseInt(t.value,10))?r=1e3:~~r<200&&(r=200),s.height=r):\"link\"===t.message&&(r=new URL(s.getAttribute(\"src\")),n=new URL(t.value),c.test(n.protocol))&&n.host===r.host&&l.activeElement===s&&(d.top.location.href=t.value))}},d.addEventListener(\"message\",d.wp.receiveEmbedMessage,!1),l.addEventListener(\"DOMContentLoaded\",function(){for(var e,t,s=l.querySelectorAll(\"iframe.wp-embedded-content\"),r=0;r<s.length;r++)(t=(e=s[r]).getAttribute(\"data-secret\"))||(t=Math.random().toString(36).substring(2,12),e.src+=\"#?secret=\"+t,e.setAttribute(\"data-secret\",t)),e.contentWindow.postMessage({message:\"ready\",secret:t},\"*\")},!1)))}(window,document);\n\/\/# sourceURL=https:\/\/www.public.sn\/wp-includes\/js\/wp-embed.min.js\n<\/script>\n","thumbnail_url":"https:\/\/www.public.sn\/wp-content\/uploads\/2022\/11\/poste.jpg","thumbnail_width":322,"thumbnail_height":157,"description":"Les salari\u00e9s domicili\u00e9s \u00e0 la Poste notamment les enseignants et les retrait\u00e9s sont dans le d\u00e9sarroi. Ces derniers n\u2019arrivent plus \u00e0 percevoir correctement leurs salaires domicili\u00e9s \u00e0 la Poste. Ces derniers soup\u00e7onnent un d\u00e9tournement d\u2019objectif d\u2019autant plus que les virements sont faits par l\u2019Etat. Ces salari\u00e9s menacent de se faire entendre si d\u2019ici au 8, ils ne per\u00e7oivent pas leurs salaires. L\u2019Etat est ainsi interpell\u00e9 pour une solution d\u00e9finitive \u00e0 ce probl\u00e8me. Depuis 2 ans la Poste traverse une crise financi\u00e8re tr\u00e8s aigue et les syndicalistes ont \u00e0 plusieurs reprises organis\u00e9 des marches et sit in pour exiger l\u2019audit de la Poste. Et d\u2019ailleurs en conseil des ministres, le pr\u00e9sident de la R\u00e9publique a nomm\u00e9 un nouveau directeur \u00e0 la poste en la personne de Mohamed Diait\u00e9 en remplacement de Abdoulaye Bibi Bald\u00e9. Samba SY."}