{"version":"1.0","provider_name":"LE PUBLIC","provider_url":"https:\/\/www.public.sn","author_name":"LA REDACTION","author_url":"https:\/\/www.public.sn\/index.php\/author\/editeurpsn\/","title":"Foot\u00a0: Forfait de Sadio pour le Mondial. - LE PUBLIC","type":"rich","width":600,"height":338,"html":"<blockquote class=\"wp-embedded-content\" data-secret=\"A2P4SFNGP4\"><a href=\"https:\/\/www.public.sn\/index.php\/2022\/11\/09\/foot-forfait-de-sadio-pour-le-mondial\/\">Foot\u00a0: Forfait de Sadio pour le Mondial.<\/a><\/blockquote><iframe sandbox=\"allow-scripts\" security=\"restricted\" src=\"https:\/\/www.public.sn\/index.php\/2022\/11\/09\/foot-forfait-de-sadio-pour-le-mondial\/embed\/#?secret=A2P4SFNGP4\" width=\"600\" height=\"338\" title=\"\u00ab\u00a0Foot\u00a0: Forfait de Sadio pour le Mondial.\u00a0\u00bb &#8212; LE PUBLIC\" data-secret=\"A2P4SFNGP4\" frameborder=\"0\" marginwidth=\"0\" marginheight=\"0\" scrolling=\"no\" class=\"wp-embedded-content\"><\/iframe><script>\n\/*! This file is auto-generated *\/\n!function(d,l){\"use strict\";l.querySelector&&d.addEventListener&&\"undefined\"!=typeof URL&&(d.wp=d.wp||{},d.wp.receiveEmbedMessage||(d.wp.receiveEmbedMessage=function(e){var t=e.data;if((t||t.secret||t.message||t.value)&&!\/[^a-zA-Z0-9]\/.test(t.secret)){for(var s,r,n,a=l.querySelectorAll('iframe[data-secret=\"'+t.secret+'\"]'),o=l.querySelectorAll('blockquote[data-secret=\"'+t.secret+'\"]'),c=new RegExp(\"^https?:$\",\"i\"),i=0;i<o.length;i++)o[i].style.display=\"none\";for(i=0;i<a.length;i++)s=a[i],e.source===s.contentWindow&&(s.removeAttribute(\"style\"),\"height\"===t.message?(1e3<(r=parseInt(t.value,10))?r=1e3:~~r<200&&(r=200),s.height=r):\"link\"===t.message&&(r=new URL(s.getAttribute(\"src\")),n=new URL(t.value),c.test(n.protocol))&&n.host===r.host&&l.activeElement===s&&(d.top.location.href=t.value))}},d.addEventListener(\"message\",d.wp.receiveEmbedMessage,!1),l.addEventListener(\"DOMContentLoaded\",function(){for(var e,t,s=l.querySelectorAll(\"iframe.wp-embedded-content\"),r=0;r<s.length;r++)(t=(e=s[r]).getAttribute(\"data-secret\"))||(t=Math.random().toString(36).substring(2,12),e.src+=\"#?secret=\"+t,e.setAttribute(\"data-secret\",t)),e.contentWindow.postMessage({message:\"ready\",secret:t},\"*\")},!1)))}(window,document);\n\/\/# sourceURL=https:\/\/www.public.sn\/wp-includes\/js\/wp-embed.min.js\n<\/script>\n","thumbnail_url":"https:\/\/www.public.sn\/wp-content\/uploads\/2022\/11\/sadio-mane.jpg","thumbnail_width":1200,"thumbnail_height":675,"description":"Forfait annonc\u00e9 de Sadio Man\u00e9 \u00e0 la coupe du monde de Qatar 2024. C\u2019est le Journal sp\u00e9cialis\u00e9 \u00ab\u00a0Equipe\u00a0\u00bb qui annonce la nouvelle alors que Figaro avance que c\u2019est le S\u00e9n\u00e9gal qui perd son meilleur joueur pour la coupe du monde. Le Journal allemand Bild affirme que Sadio Man\u00e9 ne pourra pas participer au mondial car sa blessure n\u00e9cessite une indisponibilit\u00e9 de 3 \u00e0 4 semaines selon RFI. Un coup de tonnerre pour le monde du football s\u00e9n\u00e9galais. Il faut toutefois dire que d\u2019autres informations avancent que le forfait n\u2019est pas encore s\u00fbr et que le club du Bayern n\u2019a toujours pas communiqu\u00e9 sur un probable forfait. Samba SY."}