{"version":"1.0","provider_name":"LE PUBLIC","provider_url":"https:\/\/www.public.sn","author_name":"LA REDACTION","author_url":"https:\/\/www.public.sn\/index.php\/author\/admin7324\/","title":"\u00a0\u00a0Thi\u00e8s\u00a0: Un photographe proche du footballeur Papis Demba Ciss\u00e9 tu\u00e9 - LE PUBLIC","type":"rich","width":600,"height":338,"html":"<blockquote class=\"wp-embedded-content\" data-secret=\"c5bNBBuf2A\"><a href=\"https:\/\/www.public.sn\/index.php\/2022\/11\/09\/thies-une-agression-vire-au-drame\/\">\u00a0\u00a0Thi\u00e8s\u00a0: Un photographe proche du footballeur Papis Demba Ciss\u00e9 tu\u00e9<\/a><\/blockquote><iframe sandbox=\"allow-scripts\" security=\"restricted\" src=\"https:\/\/www.public.sn\/index.php\/2022\/11\/09\/thies-une-agression-vire-au-drame\/embed\/#?secret=c5bNBBuf2A\" width=\"600\" height=\"338\" title=\"\u00ab\u00a0\u00a0\u00a0Thi\u00e8s\u00a0: Un photographe proche du footballeur Papis Demba Ciss\u00e9 tu\u00e9\u00a0\u00bb &#8212; LE PUBLIC\" data-secret=\"c5bNBBuf2A\" frameborder=\"0\" marginwidth=\"0\" marginheight=\"0\" scrolling=\"no\" class=\"wp-embedded-content\"><\/iframe><script>\n\/*! This file is auto-generated *\/\n!function(d,l){\"use strict\";l.querySelector&&d.addEventListener&&\"undefined\"!=typeof URL&&(d.wp=d.wp||{},d.wp.receiveEmbedMessage||(d.wp.receiveEmbedMessage=function(e){var t=e.data;if((t||t.secret||t.message||t.value)&&!\/[^a-zA-Z0-9]\/.test(t.secret)){for(var s,r,n,a=l.querySelectorAll('iframe[data-secret=\"'+t.secret+'\"]'),o=l.querySelectorAll('blockquote[data-secret=\"'+t.secret+'\"]'),c=new RegExp(\"^https?:$\",\"i\"),i=0;i<o.length;i++)o[i].style.display=\"none\";for(i=0;i<a.length;i++)s=a[i],e.source===s.contentWindow&&(s.removeAttribute(\"style\"),\"height\"===t.message?(1e3<(r=parseInt(t.value,10))?r=1e3:~~r<200&&(r=200),s.height=r):\"link\"===t.message&&(r=new URL(s.getAttribute(\"src\")),n=new URL(t.value),c.test(n.protocol))&&n.host===r.host&&l.activeElement===s&&(d.top.location.href=t.value))}},d.addEventListener(\"message\",d.wp.receiveEmbedMessage,!1),l.addEventListener(\"DOMContentLoaded\",function(){for(var e,t,s=l.querySelectorAll(\"iframe.wp-embedded-content\"),r=0;r<s.length;r++)(t=(e=s[r]).getAttribute(\"data-secret\"))||(t=Math.random().toString(36).substring(2,12),e.src+=\"#?secret=\"+t,e.setAttribute(\"data-secret\",t)),e.contentWindow.postMessage({message:\"ready\",secret:t},\"*\")},!1)))}(window,document);\n\/\/# sourceURL=https:\/\/www.public.sn\/wp-includes\/js\/wp-embed.min.js\n<\/script>\n","thumbnail_url":"https:\/\/www.public.sn\/wp-content\/uploads\/2022\/11\/IMG-20221108-WA0118-1-678x381-1.jpg","thumbnail_width":678,"thumbnail_height":381,"description":"\u00a0Un photographe proche du footballeur Papis Demba Ciss\u00e9 a trouv\u00e9 la mort dans des conditions atroces. Il a quitt\u00e9 son domicile pour se rendre au boulot, \u00e0 sa grande surprise son t\u00e9l\u00e9phone a \u00e9t\u00e9 vol\u00e9 alors qu\u2019il communiquait par deux agresseurs \u00e0 bord d\u2019une moto. Selon le journal L\u2019AS, Amadou a d\u00e9cid\u00e9 de les suivre jusqu\u2019\u00e0 Grand Standing o\u00f9 il a \u00e9t\u00e9 mortellement fauch\u00e9 par un camion apr\u00e8s avoir \u00e9t\u00e9 pouss\u00e9e sur la chauss\u00e9e par un des agresseurs. D\u2019apr\u00e8s toujours le journal, ce n\u2019est pas la premi\u00e8re fois que Amadou rencontre ses genres de circonstances .En effet, il avait fait un accident qui l\u2019avait laiss\u00e9 dans une situation d\u2019handicap et aussi y\u2019 a pas longtemps, il \u00e9tait victime d\u2019une agression et perdu sa moto. Quelques jours apr\u00e8s, on lui a vol\u00e9 une somme de 300.000 FCFA&nbsp;; Le corps a \u00e9t\u00e9 achemin\u00e9 \u00e0 Ziguinchor o\u00f9 il va \u00eatre enterr\u00e9. Maimouna Niang."}