{"version":"1.0","provider_name":"LE PUBLIC","provider_url":"https:\/\/www.public.sn","author_name":"LA REDACTION","author_url":"https:\/\/www.public.sn\/index.php\/author\/editeurpsn\/","title":"Foot\u00a0: Apr\u00e8s Sadio, Abdou Diallo out\u00a0? - LE PUBLIC","type":"rich","width":600,"height":338,"html":"<blockquote class=\"wp-embedded-content\" data-secret=\"ExuKimXzT8\"><a href=\"https:\/\/www.public.sn\/index.php\/2022\/11\/10\/foot-apres-sadio-abdou-diallo-out\/\">Foot\u00a0: Apr\u00e8s Sadio, Abdou Diallo out\u00a0?<\/a><\/blockquote><iframe sandbox=\"allow-scripts\" security=\"restricted\" src=\"https:\/\/www.public.sn\/index.php\/2022\/11\/10\/foot-apres-sadio-abdou-diallo-out\/embed\/#?secret=ExuKimXzT8\" width=\"600\" height=\"338\" title=\"\u00ab\u00a0Foot\u00a0: Apr\u00e8s Sadio, Abdou Diallo out\u00a0?\u00a0\u00bb &#8212; LE PUBLIC\" data-secret=\"ExuKimXzT8\" frameborder=\"0\" marginwidth=\"0\" marginheight=\"0\" scrolling=\"no\" class=\"wp-embedded-content\"><\/iframe><script>\n\/*! This file is auto-generated *\/\n!function(d,l){\"use strict\";l.querySelector&&d.addEventListener&&\"undefined\"!=typeof URL&&(d.wp=d.wp||{},d.wp.receiveEmbedMessage||(d.wp.receiveEmbedMessage=function(e){var t=e.data;if((t||t.secret||t.message||t.value)&&!\/[^a-zA-Z0-9]\/.test(t.secret)){for(var s,r,n,a=l.querySelectorAll('iframe[data-secret=\"'+t.secret+'\"]'),o=l.querySelectorAll('blockquote[data-secret=\"'+t.secret+'\"]'),c=new RegExp(\"^https?:$\",\"i\"),i=0;i<o.length;i++)o[i].style.display=\"none\";for(i=0;i<a.length;i++)s=a[i],e.source===s.contentWindow&&(s.removeAttribute(\"style\"),\"height\"===t.message?(1e3<(r=parseInt(t.value,10))?r=1e3:~~r<200&&(r=200),s.height=r):\"link\"===t.message&&(r=new URL(s.getAttribute(\"src\")),n=new URL(t.value),c.test(n.protocol))&&n.host===r.host&&l.activeElement===s&&(d.top.location.href=t.value))}},d.addEventListener(\"message\",d.wp.receiveEmbedMessage,!1),l.addEventListener(\"DOMContentLoaded\",function(){for(var e,t,s=l.querySelectorAll(\"iframe.wp-embedded-content\"),r=0;r<s.length;r++)(t=(e=s[r]).getAttribute(\"data-secret\"))||(t=Math.random().toString(36).substring(2,12),e.src+=\"#?secret=\"+t,e.setAttribute(\"data-secret\",t)),e.contentWindow.postMessage({message:\"ready\",secret:t},\"*\")},!1)))}(window,document);\n\/\/# sourceURL=https:\/\/www.public.sn\/wp-includes\/js\/wp-embed.min.js\n<\/script>\n","thumbnail_url":"https:\/\/www.public.sn\/wp-content\/uploads\/2022\/11\/abdou-diallo-1.jpg","thumbnail_width":275,"thumbnail_height":183,"description":"Les mauvaises nouvelles s\u2019accumulent pour l\u2019\u00e9quipe nationale du S\u00e9n\u00e9gal. Apr\u00e8s que les supputations vont bon train, voil\u00e0 que le d\u00e9fenseur Abdou Diallo vient de se blesser. Align\u00e9 en tant que titulaire pour le match contre Fribourg, il a ressenti un g\u00e8ne au genou lors de l\u2019\u00e9chauffement d\u2019avant match et a \u00e9t\u00e9 contraint de c\u00e9der sa place \u00e0 Jo\u0161ko Gvardiol. Toutefois il faudra attendre les r\u00e9sultats de l\u2019analyse m\u00e9dicale. Le club n\u2019a pas encore communiqu\u00e9 sur les raisons de l\u2019absence de Abdou Diallo encore moins sur la gravit\u00e9 de la blessure. Samba SY."}