{"version":"1.0","provider_name":"LE PUBLIC","provider_url":"https:\/\/www.public.sn","author_name":"LA REDACTION","author_url":"https:\/\/www.public.sn\/index.php\/author\/editeurpsn\/","title":"Foot\u00a0: Sadio Man\u00e9 d\u00e9marre sa r\u00e9\u00e9ducation. - LE PUBLIC","type":"rich","width":600,"height":338,"html":"<blockquote class=\"wp-embedded-content\" data-secret=\"kTer7mkKrx\"><a href=\"https:\/\/www.public.sn\/index.php\/2022\/11\/19\/foot-sadio-mane-demarre-sa-reeducation\/\">Foot\u00a0: Sadio Man\u00e9 d\u00e9marre sa r\u00e9\u00e9ducation.<\/a><\/blockquote><iframe sandbox=\"allow-scripts\" security=\"restricted\" src=\"https:\/\/www.public.sn\/index.php\/2022\/11\/19\/foot-sadio-mane-demarre-sa-reeducation\/embed\/#?secret=kTer7mkKrx\" width=\"600\" height=\"338\" title=\"\u00ab\u00a0Foot\u00a0: Sadio Man\u00e9 d\u00e9marre sa r\u00e9\u00e9ducation.\u00a0\u00bb &#8212; LE PUBLIC\" data-secret=\"kTer7mkKrx\" frameborder=\"0\" marginwidth=\"0\" marginheight=\"0\" scrolling=\"no\" class=\"wp-embedded-content\"><\/iframe><script>\n\/*! This file is auto-generated *\/\n!function(d,l){\"use strict\";l.querySelector&&d.addEventListener&&\"undefined\"!=typeof URL&&(d.wp=d.wp||{},d.wp.receiveEmbedMessage||(d.wp.receiveEmbedMessage=function(e){var t=e.data;if((t||t.secret||t.message||t.value)&&!\/[^a-zA-Z0-9]\/.test(t.secret)){for(var s,r,n,a=l.querySelectorAll('iframe[data-secret=\"'+t.secret+'\"]'),o=l.querySelectorAll('blockquote[data-secret=\"'+t.secret+'\"]'),c=new RegExp(\"^https?:$\",\"i\"),i=0;i<o.length;i++)o[i].style.display=\"none\";for(i=0;i<a.length;i++)s=a[i],e.source===s.contentWindow&&(s.removeAttribute(\"style\"),\"height\"===t.message?(1e3<(r=parseInt(t.value,10))?r=1e3:~~r<200&&(r=200),s.height=r):\"link\"===t.message&&(r=new URL(s.getAttribute(\"src\")),n=new URL(t.value),c.test(n.protocol))&&n.host===r.host&&l.activeElement===s&&(d.top.location.href=t.value))}},d.addEventListener(\"message\",d.wp.receiveEmbedMessage,!1),l.addEventListener(\"DOMContentLoaded\",function(){for(var e,t,s=l.querySelectorAll(\"iframe.wp-embedded-content\"),r=0;r<s.length;r++)(t=(e=s[r]).getAttribute(\"data-secret\"))||(t=Math.random().toString(36).substring(2,12),e.src+=\"#?secret=\"+t,e.setAttribute(\"data-secret\",t)),e.contentWindow.postMessage({message:\"ready\",secret:t},\"*\")},!1)))}(window,document);\n\/\/# sourceURL=https:\/\/www.public.sn\/wp-includes\/js\/wp-embed.min.js\n<\/script>\n","thumbnail_url":"https:\/\/www.public.sn\/wp-content\/uploads\/2022\/11\/sadio-mane-blesse.jpg","thumbnail_width":450,"thumbnail_height":600,"description":"Forfait pour la Coupe du monde du 20 novembre au 18 d\u00e9cembre, Sadio Man\u00e9 va devoir d\u00e9marrer sa r\u00e9\u00e9ducation. A travers un communiqu\u00e9 le Bayern renseigne que son joueur est \u00e0 Innsbruck depuis \u00a0jeudi soir. Il est accompagn\u00e9 \u00a0du professeur Christian Fink et du docteur Andy Williams de Londres apr\u00e8s avoir \u00e9t\u00e9 op\u00e9r\u00e9 avec succ\u00e8s. Et \u00a0un tendon a \u00e9t\u00e9 rattach\u00e9 \u00e0 la t\u00eate du p\u00e9ron\u00e9 droit. Le club renseigne que l\u2019attaquant s\u00e9n\u00e9galais va d\u00e9buter sa r\u00e9\u00e9ducation \u00e0 Munich tr\u00e8s prochainement. Sa blessure selon les sp\u00e9cialistes n\u00e9cessite une absence de 3 mois. Samba SY."}