{"version":"1.0","provider_name":"LE PUBLIC","provider_url":"https:\/\/www.public.sn","author_name":"LA REDACTION","author_url":"https:\/\/www.public.sn\/index.php\/author\/editeurpsn\/","title":"Qatar: Abdou Diallo op\u00e9rationnel, Kouyat\u00e9 absent. - LE PUBLIC","type":"rich","width":600,"height":338,"html":"<blockquote class=\"wp-embedded-content\" data-secret=\"z5rkTJr8ee\"><a href=\"https:\/\/www.public.sn\/index.php\/2022\/11\/23\/qatar-abdou-diallo-operationnel-kouyate-absent\/\">Qatar: Abdou Diallo op\u00e9rationnel, Kouyat\u00e9 absent.<\/a><\/blockquote><iframe sandbox=\"allow-scripts\" security=\"restricted\" src=\"https:\/\/www.public.sn\/index.php\/2022\/11\/23\/qatar-abdou-diallo-operationnel-kouyate-absent\/embed\/#?secret=z5rkTJr8ee\" width=\"600\" height=\"338\" title=\"\u00ab\u00a0Qatar: Abdou Diallo op\u00e9rationnel, Kouyat\u00e9 absent.\u00a0\u00bb &#8212; LE PUBLIC\" data-secret=\"z5rkTJr8ee\" frameborder=\"0\" marginwidth=\"0\" marginheight=\"0\" scrolling=\"no\" class=\"wp-embedded-content\"><\/iframe><script>\n\/*! This file is auto-generated *\/\n!function(d,l){\"use strict\";l.querySelector&&d.addEventListener&&\"undefined\"!=typeof URL&&(d.wp=d.wp||{},d.wp.receiveEmbedMessage||(d.wp.receiveEmbedMessage=function(e){var t=e.data;if((t||t.secret||t.message||t.value)&&!\/[^a-zA-Z0-9]\/.test(t.secret)){for(var s,r,n,a=l.querySelectorAll('iframe[data-secret=\"'+t.secret+'\"]'),o=l.querySelectorAll('blockquote[data-secret=\"'+t.secret+'\"]'),c=new RegExp(\"^https?:$\",\"i\"),i=0;i<o.length;i++)o[i].style.display=\"none\";for(i=0;i<a.length;i++)s=a[i],e.source===s.contentWindow&&(s.removeAttribute(\"style\"),\"height\"===t.message?(1e3<(r=parseInt(t.value,10))?r=1e3:~~r<200&&(r=200),s.height=r):\"link\"===t.message&&(r=new URL(s.getAttribute(\"src\")),n=new URL(t.value),c.test(n.protocol))&&n.host===r.host&&l.activeElement===s&&(d.top.location.href=t.value))}},d.addEventListener(\"message\",d.wp.receiveEmbedMessage,!1),l.addEventListener(\"DOMContentLoaded\",function(){for(var e,t,s=l.querySelectorAll(\"iframe.wp-embedded-content\"),r=0;r<s.length;r++)(t=(e=s[r]).getAttribute(\"data-secret\"))||(t=Math.random().toString(36).substring(2,12),e.src+=\"#?secret=\"+t,e.setAttribute(\"data-secret\",t)),e.contentWindow.postMessage({message:\"ready\",secret:t},\"*\")},!1)))}(window,document);\n\/\/# sourceURL=https:\/\/www.public.sn\/wp-includes\/js\/wp-embed.min.js\n<\/script>\n","thumbnail_url":"https:\/\/www.public.sn\/wp-content\/uploads\/2022\/11\/FSF.png","thumbnail_width":750,"thumbnail_height":386,"description":"La f\u00e9d\u00e9ration s\u00e9n\u00e9galaise de football \u00a0informe dans un communiqu\u00e9 que Abdou Diallo reprend les entra\u00eenements, d\u00e8s ce mercredi avec le groupe. Bless\u00e9 lors du premier match, la f\u00e9d\u00e9ration informe le public que les examens cliniques faits ce jour ont r\u00e9v\u00e9l\u00e9 les r\u00e9sultats suivants : \u00ab\u00a0Le joueur Abdou Diallo est sorti \u00e0 la suite de crampes musculaires. Il a suivi un circuit de r\u00e9cup\u00e9ration ce jour et pourra reprendre les entra\u00eenements d\u00e8s ce mercredi\u00a0\u00bb. Pour Cheikhou Kouyat\u00e9, l&rsquo;examen IRM a r\u00e9v\u00e9l\u00e9 \u00ab\u00a0une discr\u00e8te inflammation musculaire au niveau de son ischio-jambier droit. Il sera donc probablement indisponible pour le prochain match du S\u00e9n\u00e9gal contre le Qatar\u00a0\u00bb. Samba SY."}