{"version":"1.0","provider_name":"LE PUBLIC","provider_url":"https:\/\/www.public.sn","author_name":"LA REDACTION","author_url":"https:\/\/www.public.sn\/index.php\/author\/editeurpsn\/","title":"Communiqu\u00e9 du conseil des ministres. - LE PUBLIC","type":"rich","width":600,"height":338,"html":"<blockquote class=\"wp-embedded-content\" data-secret=\"d6wEDyOWs9\"><a href=\"https:\/\/www.public.sn\/index.php\/2022\/11\/24\/communique-du-conseil-des-ministres\/\">Communiqu\u00e9 du conseil des ministres.<\/a><\/blockquote><iframe sandbox=\"allow-scripts\" security=\"restricted\" src=\"https:\/\/www.public.sn\/index.php\/2022\/11\/24\/communique-du-conseil-des-ministres\/embed\/#?secret=d6wEDyOWs9\" width=\"600\" height=\"338\" title=\"\u00ab\u00a0Communiqu\u00e9 du conseil des ministres.\u00a0\u00bb &#8212; LE PUBLIC\" data-secret=\"d6wEDyOWs9\" frameborder=\"0\" marginwidth=\"0\" marginheight=\"0\" scrolling=\"no\" class=\"wp-embedded-content\"><\/iframe><script>\n\/*! This file is auto-generated *\/\n!function(d,l){\"use strict\";l.querySelector&&d.addEventListener&&\"undefined\"!=typeof URL&&(d.wp=d.wp||{},d.wp.receiveEmbedMessage||(d.wp.receiveEmbedMessage=function(e){var t=e.data;if((t||t.secret||t.message||t.value)&&!\/[^a-zA-Z0-9]\/.test(t.secret)){for(var s,r,n,a=l.querySelectorAll('iframe[data-secret=\"'+t.secret+'\"]'),o=l.querySelectorAll('blockquote[data-secret=\"'+t.secret+'\"]'),c=new RegExp(\"^https?:$\",\"i\"),i=0;i<o.length;i++)o[i].style.display=\"none\";for(i=0;i<a.length;i++)s=a[i],e.source===s.contentWindow&&(s.removeAttribute(\"style\"),\"height\"===t.message?(1e3<(r=parseInt(t.value,10))?r=1e3:~~r<200&&(r=200),s.height=r):\"link\"===t.message&&(r=new URL(s.getAttribute(\"src\")),n=new URL(t.value),c.test(n.protocol))&&n.host===r.host&&l.activeElement===s&&(d.top.location.href=t.value))}},d.addEventListener(\"message\",d.wp.receiveEmbedMessage,!1),l.addEventListener(\"DOMContentLoaded\",function(){for(var e,t,s=l.querySelectorAll(\"iframe.wp-embedded-content\"),r=0;r<s.length;r++)(t=(e=s[r]).getAttribute(\"data-secret\"))||(t=Math.random().toString(36).substring(2,12),e.src+=\"#?secret=\"+t,e.setAttribute(\"data-secret\",t)),e.contentWindow.postMessage({message:\"ready\",secret:t},\"*\")},!1)))}(window,document);\n\/\/# sourceURL=https:\/\/www.public.sn\/wp-includes\/js\/wp-embed.min.js\n<\/script>\n","thumbnail_url":"https:\/\/www.public.sn\/wp-content\/uploads\/2022\/11\/gouvernement-du-senegal.webp","thumbnail_width":696,"thumbnail_height":447,"description":"A l\u2019entame de sa\u00a0communication, le Pr\u00e9sident de la R\u00e9publique a adress\u00e9, au nom de la Nation, ses encouragements aux Lions du Football, qui viennent\u00a0d\u2019entamer les phases finales de la Coupe du Monde de Football, qui se\u00a0d\u00e9roulent actuellement au Qatar. Abordant les performances du syst\u00e8me d\u2019enseignement\u00a0sup\u00e9rieur et de recherche, le Chef de l\u2019Etat a magnifi\u00e9 les brillants r\u00e9sultats des candidats du S\u00e9n\u00e9gal aux r\u00e9cents concours d\u2019agr\u00e9gation du Conseil Africain et Malgache de l\u2019Enseignement Sup\u00e9rieur (CAMES). Ce qui confirme la qualit\u00e9 des enseignants et du personnel acad\u00e9mique et de recherche de nos universit\u00e9s. Le Pr\u00e9sident de la R\u00e9publique a ainsi f\u00e9licit\u00e9 le Ministre charg\u00e9 de&nbsp;l\u2019Enseignement Sup\u00e9rieur, les&nbsp;nouveaux agr\u00e9g\u00e9s, ainsi que toute la communaut\u00e9 universitaire. Le&nbsp;Chef de l\u2019Etat a demand\u00e9, dans le m\u00eame \u00e9lan, au Ministre de l\u2019Enseignement Sup\u00e9rieur, de la Recherche et de l\u2019Innovation de prendre toutes les dispositions n\u00e9cessaires pour assurer l\u2019ouverture, dans les meilleures conditions, de la&nbsp;nouvelle universit\u00e9 publique Ahmadou Makhtar Mbow de Diamniadio, dont il&nbsp;proc\u00e9dera \u00e0 l\u2019inauguration du Campus le 1er&nbsp;d\u00e9cembre 2022 \u00e0&nbsp;l\u2019occasion d\u2019une c\u00e9r\u00e9monie durant laquelle sera remis le Prix du CAMES pour la recherche. Revenant sur la restructuration et la relance des activit\u00e9s de la Soci\u00e9t\u00e9 nationale La Poste, le Pr\u00e9sident de la R\u00e9publique a rappel\u00e9&nbsp;l\u2019importance strat\u00e9gique et le&nbsp;r\u00f4le fondamental de ce service public dans la vie \u00e9conomique et social du S\u00e9n\u00e9gal. A cet effet, le Chef de l\u2019Etat a demand\u00e9\u00a0au Premier Ministre et aux ministres en charge des Finances et des Postes et T\u00e9l\u00e9communications, de prendre toutes les mesures idoines, en relation avec toutes les parties prenantes, afin\u00a0d\u2019acc\u00e9l\u00e9rer le processus de restructuration de la Soci\u00e9t\u00e9 nationale\u00a0La Poste et la relance durable des activit\u00e9s techniques, \u00e9conomiques et financi\u00e8res de\u00a0l\u2019entit\u00e9. Le Pr\u00e9sident de la R\u00e9publique a, enfin, invit\u00e9 le Premier Ministre \u00e0 finaliser le Plan de Transformation de la Soci\u00e9t\u00e9 nationale La Poste avant fin d\u00e9cembre 2022.Sur le climat social et le suivi des affaires int\u00e9rieures, le Pr\u00e9sident de la R\u00e9publique a insist\u00e9 sur les dossiers suivants : Le&nbsp;Chef de l\u2019Etat&nbsp;a, enfin, invit\u00e9 le Premier Ministre \u00e0 veiller \u00e0&nbsp;l\u2019organisation de la Journ\u00e9e internationale des personnes handicap\u00e9es, le 03 d\u00e9cembre, sur l\u2019\u00e9tendue du territoire national. Au chapitre coop\u00e9ration et partenariats, le Chef de l\u2019Etat a demand\u00e9 aux ministres en charge de l\u2019Energie et de l\u2019Eau de faire le point au prochain Conseil\u00a0des ministres sur les projets d\u2019hydro-\u00e9lectricit\u00e9 et de dessalement d\u2019eau\u00a0de mer\u00a0et d\u2019en assurer une ex\u00e9cution diligente.Sur son agenda diplomatique, le Pr\u00e9sident de la R\u00e9publique a inform\u00e9 le Conseil de sa participation les 14 et 15 novembre 2022, \u00e0 Bali en Indon\u00e9sie, au Sommet du G 20 lors duquel, il a r\u00e9it\u00e9r\u00e9 son plaidoyer pour une place de\u00a0l\u2019Afrique dans cette instance internationale majeure. Le Chef de l\u2019Etat a aussi inform\u00e9\u00a0le Conseil de sa participation le 19 novembre 2022, \u00e0 Djerba en Tunisie, au 18\u00e8me\u00a0Sommet de la Francophonie. Dans sa communication, le Premier Ministre a rendu compte :"}