{"version":"1.0","provider_name":"LE PUBLIC","provider_url":"https:\/\/www.public.sn","author_name":"LA REDACTION","author_url":"https:\/\/www.public.sn\/index.php\/author\/editeurpsn\/","title":"B\u00e9larus : mort \u201csubite\u201d du ministre des Affaires \u00e9trang\u00e8res - LE PUBLIC","type":"rich","width":600,"height":338,"html":"<blockquote class=\"wp-embedded-content\" data-secret=\"fkBmOcivvt\"><a href=\"https:\/\/www.public.sn\/index.php\/2022\/11\/26\/belarus-mort-subite-du-ministre-des-affaires-etrangeres\/\">B\u00e9larus : mort \u201csubite\u201d du ministre des Affaires \u00e9trang\u00e8res<\/a><\/blockquote><iframe sandbox=\"allow-scripts\" security=\"restricted\" src=\"https:\/\/www.public.sn\/index.php\/2022\/11\/26\/belarus-mort-subite-du-ministre-des-affaires-etrangeres\/embed\/#?secret=fkBmOcivvt\" width=\"600\" height=\"338\" title=\"\u00ab\u00a0B\u00e9larus : mort \u201csubite\u201d du ministre des Affaires \u00e9trang\u00e8res\u00a0\u00bb &#8212; LE PUBLIC\" data-secret=\"fkBmOcivvt\" frameborder=\"0\" marginwidth=\"0\" marginheight=\"0\" scrolling=\"no\" class=\"wp-embedded-content\"><\/iframe><script>\n\/*! This file is auto-generated *\/\n!function(d,l){\"use strict\";l.querySelector&&d.addEventListener&&\"undefined\"!=typeof URL&&(d.wp=d.wp||{},d.wp.receiveEmbedMessage||(d.wp.receiveEmbedMessage=function(e){var t=e.data;if((t||t.secret||t.message||t.value)&&!\/[^a-zA-Z0-9]\/.test(t.secret)){for(var s,r,n,a=l.querySelectorAll('iframe[data-secret=\"'+t.secret+'\"]'),o=l.querySelectorAll('blockquote[data-secret=\"'+t.secret+'\"]'),c=new RegExp(\"^https?:$\",\"i\"),i=0;i<o.length;i++)o[i].style.display=\"none\";for(i=0;i<a.length;i++)s=a[i],e.source===s.contentWindow&&(s.removeAttribute(\"style\"),\"height\"===t.message?(1e3<(r=parseInt(t.value,10))?r=1e3:~~r<200&&(r=200),s.height=r):\"link\"===t.message&&(r=new URL(s.getAttribute(\"src\")),n=new URL(t.value),c.test(n.protocol))&&n.host===r.host&&l.activeElement===s&&(d.top.location.href=t.value))}},d.addEventListener(\"message\",d.wp.receiveEmbedMessage,!1),l.addEventListener(\"DOMContentLoaded\",function(){for(var e,t,s=l.querySelectorAll(\"iframe.wp-embedded-content\"),r=0;r<s.length;r++)(t=(e=s[r]).getAttribute(\"data-secret\"))||(t=Math.random().toString(36).substring(2,12),e.src+=\"#?secret=\"+t,e.setAttribute(\"data-secret\",t)),e.contentWindow.postMessage({message:\"ready\",secret:t},\"*\")},!1)))}(window,document);\n\/\/# sourceURL=https:\/\/www.public.sn\/wp-includes\/js\/wp-embed.min.js\n<\/script>\n","thumbnail_url":"https:\/\/www.public.sn\/wp-content\/uploads\/2022\/11\/Vladimir-Makei.jpg","thumbnail_width":1920,"thumbnail_height":1456,"description":"Le ministre des Affaires \u00e9trang\u00e8res du B\u00e9larus, Vladimir Make\u00ef, est mort \u00e0 l&rsquo;\u00e2ge de 64 ans, a annonc\u00e9 samedi l&rsquo;agence Belta de ce pays dont le pr\u00e9sident Alexandre Loukachenko est un proche alli\u00e9 de Moscou. \u00ab\u00a0Le ministre des Affaires \u00e9trang\u00e8res b\u00e9larusse, Vladimir Make\u00ef, est mort de fa\u00e7on subite\u00a0\u00bb, a indiqu\u00e9 Belta en citant son porte-parole Anatoli Glaz.M. Make\u00ef avait pris part cette semaine \u00e0 Erevan en Arm\u00e9nie \u00e0 un sommet de l&rsquo;Organisation du trait\u00e9 de s\u00e9curit\u00e9 collective (OTSC), alliance militaire men\u00e9e par Moscou. En f\u00e9vrier, il avait assur\u00e9 que \u00ab\u00a0pas un seul\u00a0\u00bb soldat russe ne resterait au B\u00e9larus apr\u00e8s des manoeuvres conjointes avec Moscou \u00e0 la fronti\u00e8re ukrainienne, quelques semaines avant l&rsquo;offensive. Le B\u00e9larus a mis son territoire \u00e0 la disposition des forces russes pour lancer leur offensive contre l&rsquo;Ukraine en f\u00e9vrier. Kiev accuse Moscou de se servir de ce pays comme base arri\u00e8re logistique et pour mener ses frappes. AFP"}