{"version":"1.0","provider_name":"LE PUBLIC","provider_url":"https:\/\/www.public.sn","author_name":"LA REDACTION","author_url":"https:\/\/www.public.sn\/index.php\/author\/editeurpsn\/","title":"Cheikh Ciss\u00e9 plac\u00e9 sous mandat de d\u00e9p\u00f4t. - LE PUBLIC","type":"rich","width":600,"height":338,"html":"<blockquote class=\"wp-embedded-content\" data-secret=\"V593RfISyW\"><a href=\"https:\/\/www.public.sn\/index.php\/2022\/11\/29\/cheikh-cisse-place-sous-mandat-de-depot\/\">Cheikh Ciss\u00e9 plac\u00e9 sous mandat de d\u00e9p\u00f4t.<\/a><\/blockquote><iframe sandbox=\"allow-scripts\" security=\"restricted\" src=\"https:\/\/www.public.sn\/index.php\/2022\/11\/29\/cheikh-cisse-place-sous-mandat-de-depot\/embed\/#?secret=V593RfISyW\" width=\"600\" height=\"338\" title=\"\u00ab\u00a0Cheikh Ciss\u00e9 plac\u00e9 sous mandat de d\u00e9p\u00f4t.\u00a0\u00bb &#8212; LE PUBLIC\" data-secret=\"V593RfISyW\" frameborder=\"0\" marginwidth=\"0\" marginheight=\"0\" scrolling=\"no\" class=\"wp-embedded-content\"><\/iframe><script>\n\/*! This file is auto-generated *\/\n!function(d,l){\"use strict\";l.querySelector&&d.addEventListener&&\"undefined\"!=typeof URL&&(d.wp=d.wp||{},d.wp.receiveEmbedMessage||(d.wp.receiveEmbedMessage=function(e){var t=e.data;if((t||t.secret||t.message||t.value)&&!\/[^a-zA-Z0-9]\/.test(t.secret)){for(var s,r,n,a=l.querySelectorAll('iframe[data-secret=\"'+t.secret+'\"]'),o=l.querySelectorAll('blockquote[data-secret=\"'+t.secret+'\"]'),c=new RegExp(\"^https?:$\",\"i\"),i=0;i<o.length;i++)o[i].style.display=\"none\";for(i=0;i<a.length;i++)s=a[i],e.source===s.contentWindow&&(s.removeAttribute(\"style\"),\"height\"===t.message?(1e3<(r=parseInt(t.value,10))?r=1e3:~~r<200&&(r=200),s.height=r):\"link\"===t.message&&(r=new URL(s.getAttribute(\"src\")),n=new URL(t.value),c.test(n.protocol))&&n.host===r.host&&l.activeElement===s&&(d.top.location.href=t.value))}},d.addEventListener(\"message\",d.wp.receiveEmbedMessage,!1),l.addEventListener(\"DOMContentLoaded\",function(){for(var e,t,s=l.querySelectorAll(\"iframe.wp-embedded-content\"),r=0;r<s.length;r++)(t=(e=s[r]).getAttribute(\"data-secret\"))||(t=Math.random().toString(36).substring(2,12),e.src+=\"#?secret=\"+t,e.setAttribute(\"data-secret\",t)),e.contentWindow.postMessage({message:\"ready\",secret:t},\"*\")},!1)))}(window,document);\n\/\/# sourceURL=https:\/\/www.public.sn\/wp-includes\/js\/wp-embed.min.js\n<\/script>\n","thumbnail_url":"https:\/\/www.public.sn\/wp-content\/uploads\/2022\/11\/cheikh-cisse.png","thumbnail_width":612,"thumbnail_height":298,"description":"Le pr\u00eacheur Cheikh Ahmed Ciss\u00e9 a \u00e9t\u00e9 finalement plac\u00e9 sous mandat de d\u00e9p\u00f4t apr\u00e8s son audition devant le procureur de la R\u00e9publique. Il avait \u00e9t\u00e9 arr\u00eat\u00e9 suite \u00e0 une plainte de l\u2019ONG Jamra. Celle-ci avait jug\u00e9 que les propos de Cheikh Ciss\u00e9 \u00e9taient consid\u00e9r\u00e9s comme de la \u00ab\u00a0pornographie verbale\u00a0\u00bb et qu\u2019ils \u00e9taient contraires aux pr\u00e9ceptes de l\u2019Islam. Il avait \u00e9t\u00e9 entendu pour outrage \u00e0 la sacralit\u00e9 des lieux de culte. Dans une \u00e9mission t\u00e9l\u00e9vis\u00e9e, Cheikh Ciss\u00e9 avait affirmait que les pr\u00e9servatifs devaient \u00eatre distribu\u00e9s dans les mosqu\u00e9es. Une sortie que certains imams avaient jug\u00e9 d\u2019offensants envers la religion. Le pr\u00eacheur a pass\u00e9 ainsi sa premi\u00e8re nuit en prison ce Lundi. .Samba SY."}