{"version":"1.0","provider_name":"LE PUBLIC","provider_url":"https:\/\/www.public.sn","author_name":"LA REDACTION","author_url":"https:\/\/www.public.sn\/index.php\/author\/editeurpsn\/","title":"Emprisonnement de Pape Al\u00e9\u00a0: RSF s\u2019implique. - LE PUBLIC","type":"rich","width":600,"height":338,"html":"<blockquote class=\"wp-embedded-content\" data-secret=\"n40jT79Vom\"><a href=\"https:\/\/www.public.sn\/index.php\/2022\/12\/01\/emprisonnement-de-pape-ale-rsf-simplique\/\">Emprisonnement de Pape Al\u00e9\u00a0: RSF s\u2019implique.<\/a><\/blockquote><iframe sandbox=\"allow-scripts\" security=\"restricted\" src=\"https:\/\/www.public.sn\/index.php\/2022\/12\/01\/emprisonnement-de-pape-ale-rsf-simplique\/embed\/#?secret=n40jT79Vom\" width=\"600\" height=\"338\" title=\"\u00ab\u00a0Emprisonnement de Pape Al\u00e9\u00a0: RSF s\u2019implique.\u00a0\u00bb &#8212; LE PUBLIC\" data-secret=\"n40jT79Vom\" frameborder=\"0\" marginwidth=\"0\" marginheight=\"0\" scrolling=\"no\" class=\"wp-embedded-content\"><\/iframe><script>\n\/*! This file is auto-generated *\/\n!function(d,l){\"use strict\";l.querySelector&&d.addEventListener&&\"undefined\"!=typeof URL&&(d.wp=d.wp||{},d.wp.receiveEmbedMessage||(d.wp.receiveEmbedMessage=function(e){var t=e.data;if((t||t.secret||t.message||t.value)&&!\/[^a-zA-Z0-9]\/.test(t.secret)){for(var s,r,n,a=l.querySelectorAll('iframe[data-secret=\"'+t.secret+'\"]'),o=l.querySelectorAll('blockquote[data-secret=\"'+t.secret+'\"]'),c=new RegExp(\"^https?:$\",\"i\"),i=0;i<o.length;i++)o[i].style.display=\"none\";for(i=0;i<a.length;i++)s=a[i],e.source===s.contentWindow&&(s.removeAttribute(\"style\"),\"height\"===t.message?(1e3<(r=parseInt(t.value,10))?r=1e3:~~r<200&&(r=200),s.height=r):\"link\"===t.message&&(r=new URL(s.getAttribute(\"src\")),n=new URL(t.value),c.test(n.protocol))&&n.host===r.host&&l.activeElement===s&&(d.top.location.href=t.value))}},d.addEventListener(\"message\",d.wp.receiveEmbedMessage,!1),l.addEventListener(\"DOMContentLoaded\",function(){for(var e,t,s=l.querySelectorAll(\"iframe.wp-embedded-content\"),r=0;r<s.length;r++)(t=(e=s[r]).getAttribute(\"data-secret\"))||(t=Math.random().toString(36).substring(2,12),e.src+=\"#?secret=\"+t,e.setAttribute(\"data-secret\",t)),e.contentWindow.postMessage({message:\"ready\",secret:t},\"*\")},!1)))}(window,document);\n\/\/# sourceURL=https:\/\/www.public.sn\/wp-includes\/js\/wp-embed.min.js\n<\/script>\n","thumbnail_url":"https:\/\/www.public.sn\/wp-content\/uploads\/2022\/12\/rsf.jpg","thumbnail_width":612,"thumbnail_height":298,"description":"L\u2019emprisonnement du journaliste Pape Al\u00e9 Niang est en train de s\u2019internationaliser. A l\u2019occasion du lancement \u00e0 Dakar des activit\u00e9s du Bureau Afrique Subsaharienne de Reporters Sans Fronti\u00e8res (RSF) le secr\u00e9taire g\u00e9n\u00e9ral de ladite association a plaid\u00e9 pour son \u00e9largissement au plus vite. Christophe Deloire compte s\u2019impliquer personnellement et \u00ab\u00a0faire tout\u00a0\u00bb pour que Pape Al\u00e9 sorte de prison. Celui-ci \u00a0rappelle d\u2019ailleurs au pr\u00e9sident Macky Sall sa promesse \u00ab\u00a0de n\u2019emprisonner aucun journaliste sous son magist\u00e8re. Un engagement fort qui a tenu 10 ans, mais malheureusement d\u00e9menti \u00bb. \u00a0\u00a0 Il ose esp\u00e9rer que cet emprisonnement sera \u00ab une parenth\u00e8se courte et que Pape Al\u00e9 Niang sorte de prison \u00bb. Par ailleurs le secr\u00e9taire g\u00e9n\u00e9ral de RSF compte rendre visite \u00e0 Pape Al\u00e9 ce Jeudi \u00e0 la prison de S\u00e9bikotane. Samba SY."}