{"version":"1.0","provider_name":"LE PUBLIC","provider_url":"https:\/\/www.public.sn","author_name":"LA REDACTION","author_url":"https:\/\/www.public.sn\/index.php\/author\/editeurpsn\/","title":"Assembl\u00e9e Nationale\u00a0: Farba Ngom attaque Guy et Barth - LE PUBLIC","type":"rich","width":600,"height":338,"html":"<blockquote class=\"wp-embedded-content\" data-secret=\"3zUaVQ0jwh\"><a href=\"https:\/\/www.public.sn\/index.php\/2022\/12\/03\/assemblee-nationale-farba-ngom-attaque-guy-et-barth\/\">Assembl\u00e9e Nationale\u00a0: Farba Ngom attaque Guy et Barth<\/a><\/blockquote><iframe sandbox=\"allow-scripts\" security=\"restricted\" src=\"https:\/\/www.public.sn\/index.php\/2022\/12\/03\/assemblee-nationale-farba-ngom-attaque-guy-et-barth\/embed\/#?secret=3zUaVQ0jwh\" width=\"600\" height=\"338\" title=\"\u00ab\u00a0Assembl\u00e9e Nationale\u00a0: Farba Ngom attaque Guy et Barth\u00a0\u00bb &#8212; LE PUBLIC\" data-secret=\"3zUaVQ0jwh\" frameborder=\"0\" marginwidth=\"0\" marginheight=\"0\" scrolling=\"no\" class=\"wp-embedded-content\"><\/iframe><script>\n\/*! This file is auto-generated *\/\n!function(d,l){\"use strict\";l.querySelector&&d.addEventListener&&\"undefined\"!=typeof URL&&(d.wp=d.wp||{},d.wp.receiveEmbedMessage||(d.wp.receiveEmbedMessage=function(e){var t=e.data;if((t||t.secret||t.message||t.value)&&!\/[^a-zA-Z0-9]\/.test(t.secret)){for(var s,r,n,a=l.querySelectorAll('iframe[data-secret=\"'+t.secret+'\"]'),o=l.querySelectorAll('blockquote[data-secret=\"'+t.secret+'\"]'),c=new RegExp(\"^https?:$\",\"i\"),i=0;i<o.length;i++)o[i].style.display=\"none\";for(i=0;i<a.length;i++)s=a[i],e.source===s.contentWindow&&(s.removeAttribute(\"style\"),\"height\"===t.message?(1e3<(r=parseInt(t.value,10))?r=1e3:~~r<200&&(r=200),s.height=r):\"link\"===t.message&&(r=new URL(s.getAttribute(\"src\")),n=new URL(t.value),c.test(n.protocol))&&n.host===r.host&&l.activeElement===s&&(d.top.location.href=t.value))}},d.addEventListener(\"message\",d.wp.receiveEmbedMessage,!1),l.addEventListener(\"DOMContentLoaded\",function(){for(var e,t,s=l.querySelectorAll(\"iframe.wp-embedded-content\"),r=0;r<s.length;r++)(t=(e=s[r]).getAttribute(\"data-secret\"))||(t=Math.random().toString(36).substring(2,12),e.src+=\"#?secret=\"+t,e.setAttribute(\"data-secret\",t)),e.contentWindow.postMessage({message:\"ready\",secret:t},\"*\")},!1)))}(window,document);\n\/\/# sourceURL=https:\/\/www.public.sn\/wp-includes\/js\/wp-embed.min.js\n<\/script>\n","thumbnail_url":"https:\/\/www.public.sn\/wp-content\/uploads\/2022\/12\/farb.jpg","thumbnail_width":1280,"thumbnail_height":720,"description":"Farba Ngom s\u2019est attaqu\u00e9, \u00e0 nouveau, aux d\u00e9put\u00e9s Guy Marius Sagna et Barthelemy Dias. C\u2019est \u00e0 l\u2019occasion de l\u2019examen du projet de budget du minist\u00e8re de la P\u00eache et de l\u2019Economie maritime. Le d\u00e9put\u00e9 de la coalition pr\u00e9sidentielle Benno Bokk Yaakaar n\u2019y est pas all\u00e9 par quatre chemins pour descendre en flamme ces d\u00e9put\u00e9s de l\u2019Opposition qui se sont fait remarquer lors de l\u2019installation du bureau de l\u2019Assembl\u00e9e nationale. D\u2019entr\u00e9e, Farba Ngom a fait \u00e9couter aux parlementaires, \u00e0 travers le micro du perchoir, un enregistrement audio dans lequel Barthelemy Dias, \u00e9voquant la question du troisi\u00e8me mandat, rappelle ce que dit la Constitution : \u00ab\u00a0Tout S\u00e9n\u00e9galais qui devient pr\u00e9sident du S\u00e9n\u00e9gal a droit \u00e0 deux mandats de 5 ans\u00a0\u00bb. Avant d\u2019ajouter que Macky Sall n\u2019a pas encore deux mandats de 5 ans. Souadou Diop"}