{"version":"1.0","provider_name":"LE PUBLIC","provider_url":"https:\/\/www.public.sn","author_name":"LA REDACTION","author_url":"https:\/\/www.public.sn\/index.php\/author\/admin7324\/","title":"3e mandat : Moustapha Kane d\u00e9missionne de l\u2019Asepex - LE PUBLIC","type":"rich","width":600,"height":338,"html":"<blockquote class=\"wp-embedded-content\" data-secret=\"oj3m9fumza\"><a href=\"https:\/\/www.public.sn\/index.php\/2023\/01\/03\/3e-mandat-moustapha-kane-demissionne-de-lasepex\/\">3e mandat : Moustapha Kane d\u00e9missionne de l\u2019Asepex<\/a><\/blockquote><iframe sandbox=\"allow-scripts\" security=\"restricted\" src=\"https:\/\/www.public.sn\/index.php\/2023\/01\/03\/3e-mandat-moustapha-kane-demissionne-de-lasepex\/embed\/#?secret=oj3m9fumza\" width=\"600\" height=\"338\" title=\"\u00ab\u00a03e mandat : Moustapha Kane d\u00e9missionne de l\u2019Asepex\u00a0\u00bb &#8212; LE PUBLIC\" data-secret=\"oj3m9fumza\" frameborder=\"0\" marginwidth=\"0\" marginheight=\"0\" scrolling=\"no\" class=\"wp-embedded-content\"><\/iframe><script>\n\/*! This file is auto-generated *\/\n!function(d,l){\"use strict\";l.querySelector&&d.addEventListener&&\"undefined\"!=typeof URL&&(d.wp=d.wp||{},d.wp.receiveEmbedMessage||(d.wp.receiveEmbedMessage=function(e){var t=e.data;if((t||t.secret||t.message||t.value)&&!\/[^a-zA-Z0-9]\/.test(t.secret)){for(var s,r,n,a=l.querySelectorAll('iframe[data-secret=\"'+t.secret+'\"]'),o=l.querySelectorAll('blockquote[data-secret=\"'+t.secret+'\"]'),c=new RegExp(\"^https?:$\",\"i\"),i=0;i<o.length;i++)o[i].style.display=\"none\";for(i=0;i<a.length;i++)s=a[i],e.source===s.contentWindow&&(s.removeAttribute(\"style\"),\"height\"===t.message?(1e3<(r=parseInt(t.value,10))?r=1e3:~~r<200&&(r=200),s.height=r):\"link\"===t.message&&(r=new URL(s.getAttribute(\"src\")),n=new URL(t.value),c.test(n.protocol))&&n.host===r.host&&l.activeElement===s&&(d.top.location.href=t.value))}},d.addEventListener(\"message\",d.wp.receiveEmbedMessage,!1),l.addEventListener(\"DOMContentLoaded\",function(){for(var e,t,s=l.querySelectorAll(\"iframe.wp-embedded-content\"),r=0;r<s.length;r++)(t=(e=s[r]).getAttribute(\"data-secret\"))||(t=Math.random().toString(36).substring(2,12),e.src+=\"#?secret=\"+t,e.setAttribute(\"data-secret\",t)),e.contentWindow.postMessage({message:\"ready\",secret:t},\"*\")},!1)))}(window,document);\n\/\/# sourceURL=https:\/\/www.public.sn\/wp-includes\/js\/wp-embed.min.js\n<\/script>\n","thumbnail_url":"https:\/\/www.public.sn\/wp-content\/uploads\/2023\/01\/Moustapha-Kane.png","thumbnail_width":1200,"thumbnail_height":1000,"description":"La question sur troisi\u00e8me candidature du pr\u00e9sident Macky Sall pr\u00e9occupe les S\u00e9n\u00e9galais. L\u2019ancien chef de cabinet de Macky Sall, alors Premier ministre, a d\u00e9missionn\u00e9 hier de son poste de pr\u00e9sident du conseil d\u2019administration de l\u2019Asepex \u00e0 cause de ce point qui\u00a0 suscite d\u00e9bats. Moustapha Kane qui r\u00e9side aussi aux Etats-Unis s\u2019\u00e9tait montr\u00e9 depuis quelque temps hostile au troisi\u00e8me mandat de Macky Sall. Une aversion qu\u2019il partage du reste avec Mimi Tour\u00e9 dont il fut un proche collaborateur. Toutefois, Moustapha Kane rend gr\u00e2ce \u00e0 Dieu et remercie le Pr\u00e9sident Macky Sall pour la marque de confiance \u00e0 son endroit. Par la m\u00eame occasion, le responsable de l\u2019Apr r\u00e9it\u00e8re sa demande au Pr\u00e9sident Macky Sall mais aussi son grand fr\u00e8re de ne pas \u00e9couter ceux qui insistent pour qu\u2019il fasse un troisi\u00e8me mandat. Le d\u00e9sormais ex-Pca de l\u2019Asepex est par ailleurs oncle du coordonnateur de la cellule de communication de Benno Bokk Yaakaar, Papa Mahawa Diouf par ailleurs directeur g\u00e9n\u00e9ral de l\u2019Aspt."}