{"version":"1.0","provider_name":"LE PUBLIC","provider_url":"https:\/\/www.public.sn","author_name":"LA REDACTION","author_url":"https:\/\/www.public.sn\/index.php\/author\/editeurpsn\/","title":"CONSEIL INTERMINIST\u00c9RIEL SUR LA SECURIT\u00c9 ROUTI\u00c8RE - LE PUBLIC","type":"rich","width":600,"height":338,"html":"<blockquote class=\"wp-embedded-content\" data-secret=\"teN36TEsuM\"><a href=\"https:\/\/www.public.sn\/index.php\/2023\/01\/10\/conseil-interministeriel-sur-la-securite-routiere\/\">CONSEIL INTERMINIST\u00c9RIEL SUR LA SECURIT\u00c9 ROUTI\u00c8RE<\/a><\/blockquote><iframe sandbox=\"allow-scripts\" security=\"restricted\" src=\"https:\/\/www.public.sn\/index.php\/2023\/01\/10\/conseil-interministeriel-sur-la-securite-routiere\/embed\/#?secret=teN36TEsuM\" width=\"600\" height=\"338\" title=\"\u00ab\u00a0CONSEIL INTERMINIST\u00c9RIEL SUR LA SECURIT\u00c9 ROUTI\u00c8RE\u00a0\u00bb &#8212; LE PUBLIC\" data-secret=\"teN36TEsuM\" frameborder=\"0\" marginwidth=\"0\" marginheight=\"0\" scrolling=\"no\" class=\"wp-embedded-content\"><\/iframe><script>\n\/*! This file is auto-generated *\/\n!function(d,l){\"use strict\";l.querySelector&&d.addEventListener&&\"undefined\"!=typeof URL&&(d.wp=d.wp||{},d.wp.receiveEmbedMessage||(d.wp.receiveEmbedMessage=function(e){var t=e.data;if((t||t.secret||t.message||t.value)&&!\/[^a-zA-Z0-9]\/.test(t.secret)){for(var s,r,n,a=l.querySelectorAll('iframe[data-secret=\"'+t.secret+'\"]'),o=l.querySelectorAll('blockquote[data-secret=\"'+t.secret+'\"]'),c=new RegExp(\"^https?:$\",\"i\"),i=0;i<o.length;i++)o[i].style.display=\"none\";for(i=0;i<a.length;i++)s=a[i],e.source===s.contentWindow&&(s.removeAttribute(\"style\"),\"height\"===t.message?(1e3<(r=parseInt(t.value,10))?r=1e3:~~r<200&&(r=200),s.height=r):\"link\"===t.message&&(r=new URL(s.getAttribute(\"src\")),n=new URL(t.value),c.test(n.protocol))&&n.host===r.host&&l.activeElement===s&&(d.top.location.href=t.value))}},d.addEventListener(\"message\",d.wp.receiveEmbedMessage,!1),l.addEventListener(\"DOMContentLoaded\",function(){for(var e,t,s=l.querySelectorAll(\"iframe.wp-embedded-content\"),r=0;r<s.length;r++)(t=(e=s[r]).getAttribute(\"data-secret\"))||(t=Math.random().toString(36).substring(2,12),e.src+=\"#?secret=\"+t,e.setAttribute(\"data-secret\",t)),e.contentWindow.postMessage({message:\"ready\",secret:t},\"*\")},!1)))}(window,document);\n\/\/# sourceURL=https:\/\/www.public.sn\/wp-includes\/js\/wp-embed.min.js\n<\/script>\n","thumbnail_url":"https:\/\/www.public.sn\/wp-content\/uploads\/2023\/01\/70024335-48882723.png","thumbnail_width":729,"thumbnail_height":438,"description":"Diamniadio, le 9 janvier 2023 Agissant conform\u00e9ment aux instructions du Pr\u00e9sident de la R\u00e9publique Macky Sall, nous venons de tenir un conseil interminist\u00e9riel sur l\u2019imp\u00e9rieuse question de la lutte contre l\u2019ins\u00e9curit\u00e9 routi\u00e8re. Je voudrais d\u2019abord r\u00e9affirmer les condol\u00e9ances du Chef de l\u2019Etat au peuple s\u00e9n\u00e9galais et dire aux familles \u00e9plor\u00e9es que nous partageons avec elles la douleur qui les afflige. Personne ne peut ressentir la souffrance qui est la v\u00f4tre. Je l&rsquo;ai mesur\u00e9e hier, quand j\u2019ai accompagn\u00e9 le Pr\u00e9sident de la R\u00e9publique \u00e0 Kaffrine, en rencontrant les bless\u00e9s et certains parents des victimes. Nous vous devons la solidarit\u00e9 et je vous r\u00e9affirme aujourd\u2019hui le soutien de l\u2019Etat. Nous vous devons la solidarit\u00e9 et c&rsquo;est le pays tout entier qui s&rsquo;est trouv\u00e9 boulevers\u00e9 par cette catastrophe, tout simplement parce qu&rsquo;elle pouvait nous concerner tous, chacun d&rsquo;entre nous. L\u2019\u00e9motion ne va jamais se dissiper et restera encore vive \u00e0 l\u2019\u00e9vocation de cet accident, le plus terrible accident de la route de notre histoire contemporaine. A travers une d\u00e9marche inclusive, nous avons proc\u00e9d\u00e9 \u00e0 un diagnostic sans complaisance de la situation. Maintenant, il nous faut passer \u00e0 l\u2019action et de fa\u00e7on r\u00e9solue, c\u2019est cela et rien que cela qu\u2019attendent nos concitoyens. C\u2019est une attente forte et l\u00e9gitime qu\u2019il convient de satisfaire ; alors, le message doit \u00eatre clair : plus jamais \u00e7\u00e0 sur nos routes. Je le dis avec une d\u00e9termination absolue, des actes suivront et ils ne doivent faire l\u2019objet ni de report ni de compromis. Nous serons sans concession avec ceux qui contreviennent aux r\u00e8gles \u00e9dict\u00e9es pour garantir l\u2019int\u00e9grit\u00e9 physique de nos concitoyens. Un des probables facteurs d\u2019alt\u00e9ration de l\u2019efficacit\u00e9 des mesures que je vais \u00e9noncer, sous peu, reste le manque de suivi. Il convient d\u2019y rem\u00e9dier. Ce terrible accident qui a frapp\u00e9 notre pays hier doit d\u00e9clencher une prise de conscience pour renforcer les mesures de pr\u00e9vention et de s\u00e9curit\u00e9. Il ne faut pas rel\u00e2cher nos efforts pour faire progresser la s\u00e9curit\u00e9 sur les routes. La s\u00e9curit\u00e9 routi\u00e8re \u00e9tait et restera une des priorit\u00e9s d\u2019action du Gouvernement, et les services de l\u2019Etat sont particuli\u00e8rement mobilis\u00e9s pour surveiller les routes, contr\u00f4ler et si n\u00e9cessaire, r\u00e9primer les infractions commises. Notre mobilisation collective doit \u00eatre sans faille pour lutter contre l\u2019ins\u00e9curit\u00e9 routi\u00e8re. Les mesures que l\u2019Etat va appliquer se veulent une rupture que l\u2019on pourrait qualifier de structur\u00e9e, car toutes les parties prenantes ont \u00e9t\u00e9 associ\u00e9es \u00e0 la r\u00e9flexion. Dans cette perspective, j\u2019engage : 1- le Minist\u00e8re des Forces arm\u00e9es en relation avec le Minist\u00e8re de l\u2019Int\u00e9rieur et le Minist\u00e8re en charge des Transports, de soumettre au Gouvernement dans un d\u00e9lai de 15 jours, un projet de d\u00e9cret, portant mise en place d\u2019une structure autonome multisectorielle, dirig\u00e9e par un officier sup\u00e9rieur, sous l\u2019autorit\u00e9 du Ministre des Transports et charg\u00e9e de l\u2019application rigoureuse des dispositions du code de la route ; 2- le Minist\u00e8re de l\u2019Int\u00e9rieur et le Minist\u00e8re des Transports, de prendre dans les 72 heures un arr\u00eat\u00e9 interminist\u00e9riel portant interdiction de circuler pour les v\u00e9hicules de transport public de voyageurs sur les routes interurbaines entre 23 heures et 5 heures et rappelant les horaires de circulations des v\u00e9hicules de transport de marchandises dans Dakar ; 3- le Minist\u00e8re en charge des Transports terrestres de prendre, dans les 72 heures, un arr\u00eat\u00e9 portant limitation de la dur\u00e9e d\u2019exploitation \u00e0 10 ans pour les v\u00e9hicules de transport de personnes \u00e0 15 ans pour les v\u00e9hicules de transport de marchandises ; 4- le Minist\u00e8re en charge des Finances, le Minist\u00e8re en charge de l\u2019Economie, le Minist\u00e8re en charge de Transports et le Minist\u00e8re en charge du Commerce de soumettre au Gouvernement, dans 15 jours, un plan d\u2019acc\u00e9l\u00e9ration de la mise \u0153uvre du programme de modernisation et de renouvellement du parc. Ce programme sera une priorit\u00e9 du Gouvernement inscrite dans le PAP-3 du PSE et dont le financement sera totalement mobilis\u00e9. D\u2019ores et d\u00e9j\u00e0, une partie de la subvention initialement destin\u00e9e au secteur du transport sera affect\u00e9e au renouvellement du parc des v\u00e9hicules de transport ; 5- le Minist\u00e8re en charge des Finances, le Minist\u00e8re en charge des Transports et le Minist\u00e8re en charge du Commerce de soumettre au Gouvernement, dans 15 jours, un projet de texte interdisant l\u2019importation des pneus usag\u00e9s (pneus d\u2019occasion) ; 6- le Minist\u00e8re en charge des Transports terrestres de prendre une mesure rendant obligatoire le passage gratuit du contr\u00f4le technique \u00e0 Dakar pour tous les v\u00e9hicules de transport de personnes et de marchandises et suspendant pour une p\u00e9riode de 3 mois les visites techniques des v\u00e9hicules particuliers ; 7- le Minist\u00e8re en charge des Finances et le Ministre en charge des Transports terrestres devront ouvrir, dans les meilleurs d\u00e9lais, des centres de contr\u00f4le technique dans les r\u00e9gions ; 8- le Minist\u00e8re en charge des Transports terrestres, de prendre les dispositions n\u00e9cessaires pour rendre obligatoire le plombage des compteurs de vitesse des v\u00e9hicules de transport de personnes et de marchandises \u00e0 90 km\/heure ; 9- le Minist\u00e8re en charge des Transports terrestres, de prendre un arr\u00eat\u00e9, dans les 72 heures, interdisant toute transformation de v\u00e9hicules destin\u00e9s au transport de marchandises en v\u00e9hicules de transport de passagers ; 10- le Minist\u00e8re en charge des Transports terrestres, de prendre, dans les 72 heures, un arr\u00eat\u00e9 portant interdiction de toute transformation des v\u00e9hicules visant \u00e0 augmenter les places assises pour les passagers ou \u00e0 cr\u00e9er des porte-bagages suppl\u00e9mentaires ; 11- le Minist\u00e8re en charge des Transports terrestres de prendre, dans les 72 heures, un arr\u00eat\u00e9 interdisant la pose et l\u2019usage des porte-bagages, et prescrivant le d\u00e9mant\u00e8lement de ceux d\u00e9j\u00e0 fix\u00e9s sur les v\u00e9hicules de transports de personnes ; 12- le Minist\u00e8re en charge des Transports terrestres en relation avec le Minist\u00e8re en charge du Commerce, de prendre un acte, dans les 72 heures, portant r\u00e9vision des conditions d\u2019octroi de l\u2019agr\u00e9ment de transport de m\u00eame que des sp\u00e9cifications techniques des v\u00e9hicules destin\u00e9s au transport des personnes et des marchandises ; 13- le Minist\u00e8re en charge des Transports terrestres, de soumettre au Gouvernement, dans les 72 heures, portant r\u00e9vision de l\u2019\u00e2ge minimum pour obtenir le permis"}