{"version":"1.0","provider_name":"LE PUBLIC","provider_url":"https:\/\/www.public.sn","author_name":"LA REDACTION","author_url":"https:\/\/www.public.sn\/index.php\/author\/admin7324\/","title":"AFP : Alioune Sarr boycotte les r\u00e9unions - LE PUBLIC","type":"rich","width":600,"height":338,"html":"<blockquote class=\"wp-embedded-content\" data-secret=\"RkUHChPbQl\"><a href=\"https:\/\/www.public.sn\/index.php\/2023\/01\/21\/afp-alioune-sarr-boycotte-les-reunions\/\">AFP : Alioune Sarr boycotte les r\u00e9unions<\/a><\/blockquote><iframe sandbox=\"allow-scripts\" security=\"restricted\" src=\"https:\/\/www.public.sn\/index.php\/2023\/01\/21\/afp-alioune-sarr-boycotte-les-reunions\/embed\/#?secret=RkUHChPbQl\" width=\"600\" height=\"338\" title=\"\u00ab\u00a0AFP : Alioune Sarr boycotte les r\u00e9unions\u00a0\u00bb &#8212; LE PUBLIC\" data-secret=\"RkUHChPbQl\" frameborder=\"0\" marginwidth=\"0\" marginheight=\"0\" scrolling=\"no\" class=\"wp-embedded-content\"><\/iframe><script>\n\/*! This file is auto-generated *\/\n!function(d,l){\"use strict\";l.querySelector&&d.addEventListener&&\"undefined\"!=typeof URL&&(d.wp=d.wp||{},d.wp.receiveEmbedMessage||(d.wp.receiveEmbedMessage=function(e){var t=e.data;if((t||t.secret||t.message||t.value)&&!\/[^a-zA-Z0-9]\/.test(t.secret)){for(var s,r,n,a=l.querySelectorAll('iframe[data-secret=\"'+t.secret+'\"]'),o=l.querySelectorAll('blockquote[data-secret=\"'+t.secret+'\"]'),c=new RegExp(\"^https?:$\",\"i\"),i=0;i<o.length;i++)o[i].style.display=\"none\";for(i=0;i<a.length;i++)s=a[i],e.source===s.contentWindow&&(s.removeAttribute(\"style\"),\"height\"===t.message?(1e3<(r=parseInt(t.value,10))?r=1e3:~~r<200&&(r=200),s.height=r):\"link\"===t.message&&(r=new URL(s.getAttribute(\"src\")),n=new URL(t.value),c.test(n.protocol))&&n.host===r.host&&l.activeElement===s&&(d.top.location.href=t.value))}},d.addEventListener(\"message\",d.wp.receiveEmbedMessage,!1),l.addEventListener(\"DOMContentLoaded\",function(){for(var e,t,s=l.querySelectorAll(\"iframe.wp-embedded-content\"),r=0;r<s.length;r++)(t=(e=s[r]).getAttribute(\"data-secret\"))||(t=Math.random().toString(36).substring(2,12),e.src+=\"#?secret=\"+t,e.setAttribute(\"data-secret\",t)),e.contentWindow.postMessage({message:\"ready\",secret:t},\"*\")},!1)))}(window,document);\n\/\/# sourceURL=https:\/\/www.public.sn\/wp-includes\/js\/wp-embed.min.js\n<\/script>\n","thumbnail_url":"https:\/\/www.public.sn\/wp-content\/uploads\/2023\/01\/Alioune-Sarr.jpg","thumbnail_width":600,"thumbnail_height":398,"description":"Alioune Sarr n&rsquo;assiste plus aux r\u00e9unions de l&rsquo;Alliance des Forces de Progr\u00e8s (AFP). La r\u00e9v\u00e9lation est faite par L&rsquo;Observateur dans sa parution du jour. Selon le journal, depuis sa d\u00e9fenestration du gouvernement, l&rsquo;ancien ministre des Transports n\u2019assiste plus aux r\u00e9unions des instances du parti. Et son absence aux r\u00e9unions est sujet \u00e0 discussions sur toutes les plateformes du parti. Et jusque l\u00e0, aucune explication n\u2019a \u00e9t\u00e9 donn\u00e9e par le principal concern\u00e9. Pourtant, indique ce journal, il est convi\u00e9 \u00e0 toutes les manifestations de l\u2019AFP. Ces actes pos\u00e9s par le responsable des cadres de l\u2019AFP renseignent sur une crise en gestation chez les progressistes. Il est dit que la Commission charg\u00e9e des conflits va \u00eatre saisie. &nbsp;"}