{"version":"1.0","provider_name":"LE PUBLIC","provider_url":"https:\/\/www.public.sn","author_name":"LA REDACTION","author_url":"https:\/\/www.public.sn\/index.php\/author\/admin7324\/","title":"BAYERN VS PSG : Sadio Man\u00e9 forfait - LE PUBLIC","type":"rich","width":600,"height":338,"html":"<blockquote class=\"wp-embedded-content\" data-secret=\"2qcpO8TbdV\"><a href=\"https:\/\/www.public.sn\/index.php\/2023\/02\/03\/bayern-vs-psg-sadio-mane-forfait\/\">BAYERN VS PSG :  Sadio Man\u00e9 forfait<\/a><\/blockquote><iframe sandbox=\"allow-scripts\" security=\"restricted\" src=\"https:\/\/www.public.sn\/index.php\/2023\/02\/03\/bayern-vs-psg-sadio-mane-forfait\/embed\/#?secret=2qcpO8TbdV\" width=\"600\" height=\"338\" title=\"\u00ab\u00a0BAYERN VS PSG :  Sadio Man\u00e9 forfait\u00a0\u00bb &#8212; LE PUBLIC\" data-secret=\"2qcpO8TbdV\" frameborder=\"0\" marginwidth=\"0\" marginheight=\"0\" scrolling=\"no\" class=\"wp-embedded-content\"><\/iframe><script>\n\/*! This file is auto-generated *\/\n!function(d,l){\"use strict\";l.querySelector&&d.addEventListener&&\"undefined\"!=typeof URL&&(d.wp=d.wp||{},d.wp.receiveEmbedMessage||(d.wp.receiveEmbedMessage=function(e){var t=e.data;if((t||t.secret||t.message||t.value)&&!\/[^a-zA-Z0-9]\/.test(t.secret)){for(var s,r,n,a=l.querySelectorAll('iframe[data-secret=\"'+t.secret+'\"]'),o=l.querySelectorAll('blockquote[data-secret=\"'+t.secret+'\"]'),c=new RegExp(\"^https?:$\",\"i\"),i=0;i<o.length;i++)o[i].style.display=\"none\";for(i=0;i<a.length;i++)s=a[i],e.source===s.contentWindow&&(s.removeAttribute(\"style\"),\"height\"===t.message?(1e3<(r=parseInt(t.value,10))?r=1e3:~~r<200&&(r=200),s.height=r):\"link\"===t.message&&(r=new URL(s.getAttribute(\"src\")),n=new URL(t.value),c.test(n.protocol))&&n.host===r.host&&l.activeElement===s&&(d.top.location.href=t.value))}},d.addEventListener(\"message\",d.wp.receiveEmbedMessage,!1),l.addEventListener(\"DOMContentLoaded\",function(){for(var e,t,s=l.querySelectorAll(\"iframe.wp-embedded-content\"),r=0;r<s.length;r++)(t=(e=s[r]).getAttribute(\"data-secret\"))||(t=Math.random().toString(36).substring(2,12),e.src+=\"#?secret=\"+t,e.setAttribute(\"data-secret\",t)),e.contentWindow.postMessage({message:\"ready\",secret:t},\"*\")},!1)))}(window,document);\n\/\/# sourceURL=https:\/\/www.public.sn\/wp-includes\/js\/wp-embed.min.js\n<\/script>\n","thumbnail_url":"https:\/\/www.public.sn\/wp-content\/uploads\/2022\/12\/sadio.webp","thumbnail_width":408,"thumbnail_height":230,"description":"En conf\u00e9rence de presse, l\u2019entra\u00eeneur du Byern de Munich Julian Nagelsmann a confirm\u00e9 que son attaquant s\u00e9n\u00e9galais serait trop juste pour affronter le PSG au match aller. \u00ab Je l\u2019attends de retour mi ou fin f\u00e9vrier. \u00c7a s\u2019annonce bien, il n\u2019a plus mal. Mais contre Paris il ratera le match aller \u00bb, a-t-il lanc\u00e9."}