{"version":"1.0","provider_name":"LE PUBLIC","provider_url":"https:\/\/www.public.sn","author_name":"LA REDACTION","author_url":"https:\/\/www.public.sn\/index.php\/author\/editeurpsn\/","title":"Le pr\u00e9sident Macky Sall \u00e0 Touba pour l'inauguration du complexe Cheikh Ahmadoul Khadim - LE PUBLIC","type":"rich","width":600,"height":338,"html":"<blockquote class=\"wp-embedded-content\" data-secret=\"tEPwkgfRs3\"><a href=\"https:\/\/www.public.sn\/index.php\/2023\/02\/06\/15038\/\">Le pr\u00e9sident Macky Sall \u00e0 Touba pour l&rsquo;inauguration du complexe Cheikh Ahmadoul Khadim<\/a><\/blockquote><iframe sandbox=\"allow-scripts\" security=\"restricted\" src=\"https:\/\/www.public.sn\/index.php\/2023\/02\/06\/15038\/embed\/#?secret=tEPwkgfRs3\" width=\"600\" height=\"338\" title=\"\u00ab\u00a0Le pr\u00e9sident Macky Sall \u00e0 Touba pour l&rsquo;inauguration du complexe Cheikh Ahmadoul Khadim\u00a0\u00bb &#8212; LE PUBLIC\" data-secret=\"tEPwkgfRs3\" frameborder=\"0\" marginwidth=\"0\" marginheight=\"0\" scrolling=\"no\" class=\"wp-embedded-content\"><\/iframe><script>\n\/*! This file is auto-generated *\/\n!function(d,l){\"use strict\";l.querySelector&&d.addEventListener&&\"undefined\"!=typeof URL&&(d.wp=d.wp||{},d.wp.receiveEmbedMessage||(d.wp.receiveEmbedMessage=function(e){var t=e.data;if((t||t.secret||t.message||t.value)&&!\/[^a-zA-Z0-9]\/.test(t.secret)){for(var s,r,n,a=l.querySelectorAll('iframe[data-secret=\"'+t.secret+'\"]'),o=l.querySelectorAll('blockquote[data-secret=\"'+t.secret+'\"]'),c=new RegExp(\"^https?:$\",\"i\"),i=0;i<o.length;i++)o[i].style.display=\"none\";for(i=0;i<a.length;i++)s=a[i],e.source===s.contentWindow&&(s.removeAttribute(\"style\"),\"height\"===t.message?(1e3<(r=parseInt(t.value,10))?r=1e3:~~r<200&&(r=200),s.height=r):\"link\"===t.message&&(r=new URL(s.getAttribute(\"src\")),n=new URL(t.value),c.test(n.protocol))&&n.host===r.host&&l.activeElement===s&&(d.top.location.href=t.value))}},d.addEventListener(\"message\",d.wp.receiveEmbedMessage,!1),l.addEventListener(\"DOMContentLoaded\",function(){for(var e,t,s=l.querySelectorAll(\"iframe.wp-embedded-content\"),r=0;r<s.length;r++)(t=(e=s[r]).getAttribute(\"data-secret\"))||(t=Math.random().toString(36).substring(2,12),e.src+=\"#?secret=\"+t,e.setAttribute(\"data-secret\",t)),e.contentWindow.postMessage({message:\"ready\",secret:t},\"*\")},!1)))}(window,document);\n\/\/# sourceURL=https:\/\/www.public.sn\/wp-includes\/js\/wp-embed.min.js\n<\/script>\n","thumbnail_url":"https:\/\/www.public.sn\/wp-content\/uploads\/2023\/02\/3718b874ddbec9c08297f4ffabc29a88455fa28d.jpg","thumbnail_width":612,"thumbnail_height":298,"description":"Le Pr\u00e9sident de la R\u00e9publique Macky SALL \u00e9tait aujourd&rsquo;hui dans la cit\u00e9 religieuse de Touba pour prendre part \u00e0 l\u2019ouverture officielle du Complexe Cheikh Ahmadoul Khadim pour l\u2019\u00e9ducation et la formation (CCAK-EF). Aux cot\u00e9s du Khalife g\u00e9n\u00e9ral des mourides Serigne Mountakha Mback\u00e9, le Chef de l\u2019Etat s\u2019est f\u00e9licit\u00e9 de l\u2019ouverture de ce Complexe qui est n\u00e9 de la vision \u00e9ducative et des principes religieux de Cheikh Ahmadou Bamba, Serviteur du Proph\u00e8te Mouhamed (SAW). Le Pr\u00e9sident Macky Sall a entrepris d&rsquo;accompagner les travaux initi\u00e9s par le khalife des mourides et a annonc\u00e9 la cr\u00e9ation d&rsquo;une centrale solaire afin d\u2019alimenter gratuitement en \u00e9lectricit\u00e9 le Complexe Cheikh Ahmadoul Khadim de Touba. Le gouvernement compte \u00e9galement accompagner l\u2019universit\u00e9 pour les charges relatives aux logements des \u00e9tudiants."}