{"version":"1.0","provider_name":"LE PUBLIC","provider_url":"https:\/\/www.public.sn","author_name":"LA REDACTION","author_url":"https:\/\/www.public.sn\/index.php\/author\/editeurpsn\/","title":"Sen Public Matin du Lundi 13 F\u00e9vrier 2023 - LE PUBLIC","type":"rich","width":600,"height":338,"html":"<blockquote class=\"wp-embedded-content\" data-secret=\"NLP6EaNh6C\"><a href=\"https:\/\/www.public.sn\/index.php\/2023\/02\/13\/sen-public-matin-du-lundi-13-fevrier-2023\/\">Sen Public Matin du Lundi 13 F\u00e9vrier 2023<\/a><\/blockquote><iframe sandbox=\"allow-scripts\" security=\"restricted\" src=\"https:\/\/www.public.sn\/index.php\/2023\/02\/13\/sen-public-matin-du-lundi-13-fevrier-2023\/embed\/#?secret=NLP6EaNh6C\" width=\"600\" height=\"338\" title=\"\u00ab\u00a0Sen Public Matin du Lundi 13 F\u00e9vrier 2023\u00a0\u00bb &#8212; LE PUBLIC\" data-secret=\"NLP6EaNh6C\" frameborder=\"0\" marginwidth=\"0\" marginheight=\"0\" scrolling=\"no\" class=\"wp-embedded-content\"><\/iframe><script>\n\/*! This file is auto-generated *\/\n!function(d,l){\"use strict\";l.querySelector&&d.addEventListener&&\"undefined\"!=typeof URL&&(d.wp=d.wp||{},d.wp.receiveEmbedMessage||(d.wp.receiveEmbedMessage=function(e){var t=e.data;if((t||t.secret||t.message||t.value)&&!\/[^a-zA-Z0-9]\/.test(t.secret)){for(var s,r,n,a=l.querySelectorAll('iframe[data-secret=\"'+t.secret+'\"]'),o=l.querySelectorAll('blockquote[data-secret=\"'+t.secret+'\"]'),c=new RegExp(\"^https?:$\",\"i\"),i=0;i<o.length;i++)o[i].style.display=\"none\";for(i=0;i<a.length;i++)s=a[i],e.source===s.contentWindow&&(s.removeAttribute(\"style\"),\"height\"===t.message?(1e3<(r=parseInt(t.value,10))?r=1e3:~~r<200&&(r=200),s.height=r):\"link\"===t.message&&(r=new URL(s.getAttribute(\"src\")),n=new URL(t.value),c.test(n.protocol))&&n.host===r.host&&l.activeElement===s&&(d.top.location.href=t.value))}},d.addEventListener(\"message\",d.wp.receiveEmbedMessage,!1),l.addEventListener(\"DOMContentLoaded\",function(){for(var e,t,s=l.querySelectorAll(\"iframe.wp-embedded-content\"),r=0;r<s.length;r++)(t=(e=s[r]).getAttribute(\"data-secret\"))||(t=Math.random().toString(36).substring(2,12),e.src+=\"#?secret=\"+t,e.setAttribute(\"data-secret\",t)),e.contentWindow.postMessage({message:\"ready\",secret:t},\"*\")},!1)))}(window,document);\n\/\/# sourceURL=https:\/\/www.public.sn\/wp-includes\/js\/wp-embed.min.js\n<\/script>\n","thumbnail_url":"https:\/\/www.public.sn\/wp-content\/uploads\/2023\/02\/homme-de-macky.webp","thumbnail_width":612,"thumbnail_height":298,"description":"\u00a0Lutte contre le terrorisme : Les six hommes cl\u00e9s de Macky Sall Le d\u00e9fi de la stabilit\u00e9 est un chantier perp\u00e9tuel dans un \u00c9tat. Il est m\u00eame primordial quand celui-ci aspire \u00e0 des lendemains meilleurs ou encore \u00e0 l\u2019\u00e9mergence. Dans un article publi\u00e9 ce dimanche, parcouru par Seneweb.com, Jeune Afrique consolide cette th\u00e8se en d\u00e9voilant les efforts effectu\u00e9s en ce sens par le Pr\u00e9sident Macky Sall depuis son accession au pouvoir en 2012. Entre l\u2019augmentation du budget de l\u2019arm\u00e9e, le renforcement de la surveillance des fronti\u00e8res \u00e0 l\u2019Est et de l\u2019\u00e9quipement, le chef de l\u2019Etat s\u2019est aussi entour\u00e9 d\u2019hommes de poigne.Le m\u00e9dia a d\u00e9voil\u00e9 une liste de plusieurs noms sur lesquels Macky Sall s\u2019appuierait pour la s\u00e9curisation du pays On retrouve le nouveau chef d\u2019\u00e9tat-major de l\u2019arm\u00e9e de terre, Souleymane Kand\u00e9. Il est surtout reconnu pour avoir men\u00e9 l\u2019offensive contre les rebelles du mouvement ind\u00e9pendantiste MFDC en d\u00e9but 2021. Ensuite, figure le g\u00e9n\u00e9ral Cheikh Wade. L\u2019actuel chef d\u2019\u00e9tat-major g\u00e9n\u00e9ral des arm\u00e9es s\u2019est surtout distingu\u00e9 en 2017 lors de la mission de la CEDEAO devant assurer le pilotage du d\u00e9part du pr\u00e9sident sortant Yahya Jammeh. Le journal mentionne aussi le nom du g\u00e9n\u00e9ral Moussa Fall qui participerait au renforcement des gendarmes positionn\u00e9s au niveau des fronti\u00e8res \u00e0 proximit\u00e9 du Mali. Un personnage bien plus connu cette fois-ci, Mbaye Ciss\u00e9. L\u2019ancien directeur g\u00e9n\u00e9ral du Centre\u00a0 des Hautes \u00c9tudes de D\u00e9fense et de S\u00e9curit\u00e9 (CHEDS) et depuis octobre 2022 chef d\u2019\u00e9tat-major particulier du Pr\u00e9sident de la r\u00e9publique \u00e0 qui, il prodigue des conseils sur des questions s\u00e9curitaires. Retrait\u00e9 depuis la fin de l\u2019ann\u00e9e, le g\u00e9n\u00e9ral Meissa Cell\u00e9 Ndiaye s\u2019est vu \u00e0 nouveau sollicit\u00e9 par le chef de l\u2019Etat. Il serait l\u2019un des instigateurs du remaniement op\u00e9r\u00e9 en octobre 2022. Sa pr\u00e9sence est une \u00e9vidence. Le ministre de l\u2019int\u00e9rieur, Antoine F\u00e9lix Diome, est un personnage incontournable dans le domaine de la s\u00e9curit\u00e9 au S\u00e9n\u00e9gal. Ses nombreuses sorties fermes lors des \u00e9v\u00e8nements de mars 2021 restent encore grav\u00e9s dans les m\u00e9moires. Tensions politiques : La Ligue des imams et pr\u00e9dicateurs du S\u00e9n\u00e9gal demande \u00e0 Macky d\u2019acter la d\u00e9sescalade La Ligue des Imams et Pr\u00e9dicateurs du S\u00e9n\u00e9gal n\u2019est pas rassur\u00e9e par situation qui pr\u00e9vaut dans le pays ces derni\u00e8res semaines avec la mont\u00e9e des tensions entre une importante frange de l\u2019opposition et le r\u00e9gime en place, r\u00e9v\u00e8le PressAfrik. Dans ce sens, elle a fait une d\u00e9claration le 11 f\u00e9vrier pour appeler les parties concerner \u00e0 la raison. Au pr\u00e9sident de la R\u00e9publique, les Imams et Pr\u00e9dicateurs demandent \u00ab de mesurer la situation nationale dans toute sa v\u00e9racit\u00e9 et de refuser d\u2019\u00e9couter les va-t-en-guerre, sans grande responsabilit\u00e9 parmi ses alli\u00e9s; car en r\u00e9alit\u00e9, c\u2019est sa seule responsabilit\u00e9 qui est engag\u00e9e devant le peuple et devant l\u2019histoire. Qu\u2019il use de toutes les pr\u00e9rogatives constitutionnelles qui sont les siennes pour la promotion de la paix, de la stabilit\u00e9 et pour la sauvegarde de l\u2019int\u00e9grit\u00e9 physique et des biens de nos concitoyens. D\u2019\u0153uvrer pour l\u2019\u00e9quidistance entre toutes les parties, de l\u2019administration territoriale et de la justice de sorte \u00e0 accro\u00eetre la confiance des populations \u00e0 l\u2019\u00e9gard de ces leviers indispensables au bon fonctionnement de notre \u00c9tat \u00bb. Ladite Ligue demande \u00e9galement au chef de l\u2019Etat de poser des actes forts allant dans le sens de la d\u00e9sescalade et de l\u2019apaisement. Et d\u2019accepter la main tendue de la soci\u00e9t\u00e9 civile et religieuse du pays pour un \u00a0dialogue f\u00e9cond et urgent \u00ab avant que l\u2019irr\u00e9parable ne se produise \u00bb. Les Imams et Pr\u00e9dicateurs demandent aussi \u00e0 l\u2019opposition de r\u00e9pondre au dialogue pour l\u2019int\u00e9r\u00eat sup\u00e9rieur de la nation. \u00a0R\u00e9vision des programmes et des curricula de l\u2019\u00e9cole s\u00e9n\u00e9galaise : La position de la Cosydep Le Directeur ex\u00e9cutif de la Coalition des organisations en synergie pour la d\u00e9fense de l\u2019\u00e9ducation publique (Cosydep) magnifie la d\u00e9cision prise par le ministre de l\u2019\u00c9ducation nationale, Cheikh Oumar Anne, \u00e0 savoir la r\u00e9vision des programmes et des curricula de l\u2019\u00e9cole s\u00e9n\u00e9galaise. Cheikh Mbow est d\u2019avis que \u00ab cette mesure vient \u00e0 l\u2019heure \u00bb mais d\u00e9plore, toutefois, le fait qu\u2019elle soit prise suite \u00e0 une manifestation d\u2019\u00e9l\u00e8ves. Invit\u00e9 \u00e0 l\u2019\u00e9mission du Jury du dimanche (JDD) sur Iradio, relay\u00e9 par PressAfrik, ce 12 f\u00e9vrier 2023, le directeur ex\u00e9cutif de la Cosydep rappelle : \u00ab Des gens plus m\u00fbrs qui sont dans des postes de responsabilit\u00e9, des organisations de la soci\u00e9t\u00e9 civile, des partenaires, des syndicats, avaient r\u00e9clam\u00e9 \u00e7a. Mais, on ne semblait pas \u00eatre entendus \u00bb Malheureusement, a pest\u00e9 Cheikh Mbow, \u00ab Ce qui pose un probl\u00e8me, c\u2019est que cette d\u00e9cision du ministre arrive juste apr\u00e8s ces manifestations d\u2019\u00e9l\u00e8ves. Aujourd\u2019hui que les \u00e9l\u00e8ves sortent, soient dans la rue, nous avons not\u00e9 \u00e9videmment que le minist\u00e8re a d\u00e9cid\u00e9 d\u2019aller vers ces r\u00e9formes \u00bb. Car, selon lui, \u00ab en termes d\u2019image, c\u2019est comme si on dirait que pour \u00eatre entendu, il faut \u00eatre violent, il faut manifester \u00bb. De toute fa\u00e7on, pour M.Mbow, cette r\u00e9vision des programmes et des curricula de l\u2019\u00e9cole s\u00e9n\u00e9galaise \u00ab vient \u00e0 son heure \u00bb. Elle concerne non seulement le pr\u00e9scolaire, l\u2019\u00e9l\u00e9mentaire, le moyen, le secondaire, l\u2019\u00e9ducation de base des jeunes et des adultes mais aussi les daara. M\u00e9ga meeting \u00e0 Ziguinchor : Doudou Ka mobilise et fait cap vers 2024 Ils sont des milliers de militants de la mouvance pr\u00e9sidentielle \u00e0 avoir rempli le stade Jules-Fran\u00e7ois Bocand\u00e9 de N\u00e9ma, ce dimanche, informe Seneweb.com. Un m\u00e9ga meeting organis\u00e9 par Doudou Ka, Ministre des Transports a\u00e9riens et du D\u00e9veloppement des infrastructures a\u00e9roportuaires. Apr\u00e8s Pikine, Thi\u00e8s et Saint-Louis, Ziguinchor a aussi r\u00e9pondu pr\u00e9sent au ministre du pr\u00e9sident Macky Sall. Les militants, nombreux, se disent fiers de leur fils Doudou Ka qui a, son actif, plusieurs r\u00e9alisations dans la r\u00e9gion. En effet, cette forte mobilisation des partisans du leader du mouvement \u00ab\u00a0Doggou\u00a0\u00bb pour le grand S\u00e9n\u00e9gal s\u2019explique par le soutien qu\u2019il accorde au pr\u00e9sident de la R\u00e9publique Macky Sall comme candidat de l\u2019APR pour la Pr\u00e9sidentielle 2024. Cour des comptes\u00a0: Macky Sall reconduit Mamadou Faye Le pr\u00e9sident de la R\u00e9publique, Macky Sall, a de nouveau nomm\u00e9 le magistrat Mamadou Faye \u00e0 la t\u00eate de la Cour des comptes pour un mandat"}