{"version":"1.0","provider_name":"LE PUBLIC","provider_url":"https:\/\/www.public.sn","author_name":"LA REDACTION","author_url":"https:\/\/www.public.sn\/index.php\/author\/editeurpsn\/","title":"Chambre Criminelle : La requ\u00eate des conseils de Sonko mise en d\u00e9lib\u00e9r\u00e9 - LE PUBLIC","type":"rich","width":600,"height":338,"html":"<blockquote class=\"wp-embedded-content\" data-secret=\"RUGXcnaX1m\"><a href=\"https:\/\/www.public.sn\/index.php\/2023\/02\/14\/15769\/\">Chambre Criminelle : La requ\u00eate des conseils de Sonko mise en d\u00e9lib\u00e9r\u00e9<\/a><\/blockquote><iframe sandbox=\"allow-scripts\" security=\"restricted\" src=\"https:\/\/www.public.sn\/index.php\/2023\/02\/14\/15769\/embed\/#?secret=RUGXcnaX1m\" width=\"600\" height=\"338\" title=\"\u00ab\u00a0Chambre Criminelle : La requ\u00eate des conseils de Sonko mise en d\u00e9lib\u00e9r\u00e9\u00a0\u00bb &#8212; LE PUBLIC\" data-secret=\"RUGXcnaX1m\" frameborder=\"0\" marginwidth=\"0\" marginheight=\"0\" scrolling=\"no\" class=\"wp-embedded-content\"><\/iframe><script>\n\/*! This file is auto-generated *\/\n!function(d,l){\"use strict\";l.querySelector&&d.addEventListener&&\"undefined\"!=typeof URL&&(d.wp=d.wp||{},d.wp.receiveEmbedMessage||(d.wp.receiveEmbedMessage=function(e){var t=e.data;if((t||t.secret||t.message||t.value)&&!\/[^a-zA-Z0-9]\/.test(t.secret)){for(var s,r,n,a=l.querySelectorAll('iframe[data-secret=\"'+t.secret+'\"]'),o=l.querySelectorAll('blockquote[data-secret=\"'+t.secret+'\"]'),c=new RegExp(\"^https?:$\",\"i\"),i=0;i<o.length;i++)o[i].style.display=\"none\";for(i=0;i<a.length;i++)s=a[i],e.source===s.contentWindow&&(s.removeAttribute(\"style\"),\"height\"===t.message?(1e3<(r=parseInt(t.value,10))?r=1e3:~~r<200&&(r=200),s.height=r):\"link\"===t.message&&(r=new URL(s.getAttribute(\"src\")),n=new URL(t.value),c.test(n.protocol))&&n.host===r.host&&l.activeElement===s&&(d.top.location.href=t.value))}},d.addEventListener(\"message\",d.wp.receiveEmbedMessage,!1),l.addEventListener(\"DOMContentLoaded\",function(){for(var e,t,s=l.querySelectorAll(\"iframe.wp-embedded-content\"),r=0;r<s.length;r++)(t=(e=s[r]).getAttribute(\"data-secret\"))||(t=Math.random().toString(36).substring(2,12),e.src+=\"#?secret=\"+t,e.setAttribute(\"data-secret\",t)),e.contentWindow.postMessage({message:\"ready\",secret:t},\"*\")},!1)))}(window,document);\n\/\/# sourceURL=https:\/\/www.public.sn\/wp-includes\/js\/wp-embed.min.js\n<\/script>\n","thumbnail_url":"https:\/\/www.public.sn\/wp-content\/uploads\/2022\/12\/sonko-adji.jpg","thumbnail_width":1280,"thumbnail_height":720,"description":"La chambre d\u2019accusation de la Cour d\u2019appel de Dakar s\u2019est pench\u00e9e ce mardi 14 f\u00e9vrier 2023, sur la requ\u00eate introduite par les avocats de Ousmane Sonko aux fins d\u2019annulation du renvoi de l\u2019affaire de Sweet beauty par le Doyen des juges, devant la Chambre criminelle. L\u2019un des conseillers du leader de Pastef Les Patriotes, a annonc\u00e9 l\u2019affaire est \u00ab mise en d\u00e9lib\u00e9r\u00e9 \u00bb.\u00a0\u00a0\u00ab La Chambre d\u2019Accusation, saisie aux fins de renvoyer au Conseil Constitutionnel l\u2019exception d\u2019inconstitutionnalit\u00e9 de l\u2019article 180 du Code de Proc\u00e9dure P\u00e9nale soulev\u00e9e par la D\u00e9fense, a mis en d\u00e9lib\u00e9r\u00e9\u00a0\u00bb, a annonc\u00e9 Me Khoureysi Ba, via sa page Facebook."}