{"version":"1.0","provider_name":"LE PUBLIC","provider_url":"https:\/\/www.public.sn","author_name":"LA REDACTION","author_url":"https:\/\/www.public.sn\/index.php\/author\/editeurpsn\/","title":"Jour de v\u00e9rit\u00e9 dans l'affaire \"Sweet Beauty\" - LE PUBLIC","type":"rich","width":600,"height":338,"html":"<blockquote class=\"wp-embedded-content\" data-secret=\"eChJClJdCD\"><a href=\"https:\/\/www.public.sn\/index.php\/2023\/02\/14\/jour-de-verite-dans-laffaire-sweet-beauty\/\">Jour de v\u00e9rit\u00e9 dans l&rsquo;affaire \u00ab\u00a0Sweet Beauty\u00a0\u00bb<\/a><\/blockquote><iframe sandbox=\"allow-scripts\" security=\"restricted\" src=\"https:\/\/www.public.sn\/index.php\/2023\/02\/14\/jour-de-verite-dans-laffaire-sweet-beauty\/embed\/#?secret=eChJClJdCD\" width=\"600\" height=\"338\" title=\"\u00ab\u00a0Jour de v\u00e9rit\u00e9 dans l&rsquo;affaire \u00ab\u00a0Sweet Beauty\u00a0\u00bb\u00a0\u00bb &#8212; LE PUBLIC\" data-secret=\"eChJClJdCD\" frameborder=\"0\" marginwidth=\"0\" marginheight=\"0\" scrolling=\"no\" class=\"wp-embedded-content\"><\/iframe><script>\n\/*! This file is auto-generated *\/\n!function(d,l){\"use strict\";l.querySelector&&d.addEventListener&&\"undefined\"!=typeof URL&&(d.wp=d.wp||{},d.wp.receiveEmbedMessage||(d.wp.receiveEmbedMessage=function(e){var t=e.data;if((t||t.secret||t.message||t.value)&&!\/[^a-zA-Z0-9]\/.test(t.secret)){for(var s,r,n,a=l.querySelectorAll('iframe[data-secret=\"'+t.secret+'\"]'),o=l.querySelectorAll('blockquote[data-secret=\"'+t.secret+'\"]'),c=new RegExp(\"^https?:$\",\"i\"),i=0;i<o.length;i++)o[i].style.display=\"none\";for(i=0;i<a.length;i++)s=a[i],e.source===s.contentWindow&&(s.removeAttribute(\"style\"),\"height\"===t.message?(1e3<(r=parseInt(t.value,10))?r=1e3:~~r<200&&(r=200),s.height=r):\"link\"===t.message&&(r=new URL(s.getAttribute(\"src\")),n=new URL(t.value),c.test(n.protocol))&&n.host===r.host&&l.activeElement===s&&(d.top.location.href=t.value))}},d.addEventListener(\"message\",d.wp.receiveEmbedMessage,!1),l.addEventListener(\"DOMContentLoaded\",function(){for(var e,t,s=l.querySelectorAll(\"iframe.wp-embedded-content\"),r=0;r<s.length;r++)(t=(e=s[r]).getAttribute(\"data-secret\"))||(t=Math.random().toString(36).substring(2,12),e.src+=\"#?secret=\"+t,e.setAttribute(\"data-secret\",t)),e.contentWindow.postMessage({message:\"ready\",secret:t},\"*\")},!1)))}(window,document);\n\/\/# sourceURL=https:\/\/www.public.sn\/wp-includes\/js\/wp-embed.min.js\n<\/script>\n","thumbnail_url":"https:\/\/www.public.sn\/wp-content\/uploads\/2023\/01\/sonko-adji-sarr-palais-de-justice.jpg","thumbnail_width":1200,"thumbnail_height":675,"description":"Les avocats de Ousmane Sonko seront ce mardi face \u00e0 ceux de Adji Sarr et au parquet devant la chambre d\u2019accusation de la Cour d\u2019appel. Les premiers avaient fait appel de la d\u00e9cision du Doyen des juges de renvoyer leur client devant la chambre criminelle pour r\u00e9pondre des accusations de viol et menaces de mort, port\u00e9es contre lui par l\u2019ancienne masseuse. Les deux parties \u00e9taient face-\u00e0-face jeudi dernier. Mais les conseils de Ousmane Sonko avaient demand\u00e9 et obtenu le report de l\u2019audience afin de s\u2019impr\u00e9gner du dossier. La partie civile et le parquet s\u2019\u00e9taient oppos\u00e9 au renvoi en vain donc. Les \u00c9chos, qui donne l\u2019information, signale que l\u2019audience se d\u00e9roulera sans Me El Hadji Diouf, avocat de Adji Sarr. Ce dernier est suspendu provisoirement par le conseil de l\u2019ordre des avocats."}