{"version":"1.0","provider_name":"LE PUBLIC","provider_url":"https:\/\/www.public.sn","author_name":"LA REDACTION","author_url":"https:\/\/www.public.sn\/index.php\/author\/admin7324\/","title":"Pr\u00e9sidentielle de 2024 : un t\u00e9nor d\u00e9clar\u00e9 candidat - LE PUBLIC","type":"rich","width":600,"height":338,"html":"<blockquote class=\"wp-embedded-content\" data-secret=\"Nr2EvD8B1S\"><a href=\"https:\/\/www.public.sn\/index.php\/2023\/02\/21\/presidentielle-de-2024-un-tenor-declare-candidat\/\">Pr\u00e9sidentielle de 2024 : un t\u00e9nor d\u00e9clar\u00e9 candidat<\/a><\/blockquote><iframe sandbox=\"allow-scripts\" security=\"restricted\" src=\"https:\/\/www.public.sn\/index.php\/2023\/02\/21\/presidentielle-de-2024-un-tenor-declare-candidat\/embed\/#?secret=Nr2EvD8B1S\" width=\"600\" height=\"338\" title=\"\u00ab\u00a0Pr\u00e9sidentielle de 2024 : un t\u00e9nor d\u00e9clar\u00e9 candidat\u00a0\u00bb &#8212; LE PUBLIC\" data-secret=\"Nr2EvD8B1S\" frameborder=\"0\" marginwidth=\"0\" marginheight=\"0\" scrolling=\"no\" class=\"wp-embedded-content\"><\/iframe><script>\n\/*! This file is auto-generated *\/\n!function(d,l){\"use strict\";l.querySelector&&d.addEventListener&&\"undefined\"!=typeof URL&&(d.wp=d.wp||{},d.wp.receiveEmbedMessage||(d.wp.receiveEmbedMessage=function(e){var t=e.data;if((t||t.secret||t.message||t.value)&&!\/[^a-zA-Z0-9]\/.test(t.secret)){for(var s,r,n,a=l.querySelectorAll('iframe[data-secret=\"'+t.secret+'\"]'),o=l.querySelectorAll('blockquote[data-secret=\"'+t.secret+'\"]'),c=new RegExp(\"^https?:$\",\"i\"),i=0;i<o.length;i++)o[i].style.display=\"none\";for(i=0;i<a.length;i++)s=a[i],e.source===s.contentWindow&&(s.removeAttribute(\"style\"),\"height\"===t.message?(1e3<(r=parseInt(t.value,10))?r=1e3:~~r<200&&(r=200),s.height=r):\"link\"===t.message&&(r=new URL(s.getAttribute(\"src\")),n=new URL(t.value),c.test(n.protocol))&&n.host===r.host&&l.activeElement===s&&(d.top.location.href=t.value))}},d.addEventListener(\"message\",d.wp.receiveEmbedMessage,!1),l.addEventListener(\"DOMContentLoaded\",function(){for(var e,t,s=l.querySelectorAll(\"iframe.wp-embedded-content\"),r=0;r<s.length;r++)(t=(e=s[r]).getAttribute(\"data-secret\"))||(t=Math.random().toString(36).substring(2,12),e.src+=\"#?secret=\"+t,e.setAttribute(\"data-secret\",t)),e.contentWindow.postMessage({message:\"ready\",secret:t},\"*\")},!1)))}(window,document);\n\/\/# sourceURL=https:\/\/www.public.sn\/wp-includes\/js\/wp-embed.min.js\n<\/script>\n","thumbnail_url":"https:\/\/www.public.sn\/wp-content\/uploads\/2023\/02\/presidentielle-2024.jpg","thumbnail_width":800,"thumbnail_height":566,"description":"Il a d\u00e9j\u00e0 annonce la tenue dimanche prochain d&rsquo;une conf\u00e9rence de presse. Quel sera l&rsquo;objet de cette rencontre avec les journalistes? On ne sait le motif de cette d\u00e9cision d&rsquo;\u00e9changer avec la presse. Mais, en se basant sur un article de nos confr\u00e8res de Jeune Afrique, on peut bien esp\u00e9rer que D\u00e9thi\u00e9 Fall puisque c&rsquo;est de lui qu&rsquo;il s&rsquo;agit, parlera de la Pr\u00e9sidentielle de 2024 qui suscite d\u00e9bat. Ainsi, selon magazine le Coordonnateur de la coalition Yewwi Askan Wi (YAW) sera investi candidat, ce dimanche 26 f\u00e9vrier, par le Parti R\u00e9publicain pour le Progr\u00e8s (PRP), sa formation politique. L&rsquo;ancien bras droit de Idrissa Seck D\u00e9thi\u00e9 sera le troisi\u00e8me membre de la Conf\u00e9rence des leaders de YAW \u00e0 briguer la Magistrature supr\u00eame apr\u00e8s Ousmane Sonko et Khalifa Sall. Le magazine renseigne que Monsieur Fall, qui est par ailleurs directeur industriel de la NMA Sanders, devrait entamer une tourn\u00e9e nationale dans les diff\u00e9rentes r\u00e9gions du pays, apr\u00e8s l\u2019officialisation de sa candidature. \u00ab La candidature de D\u00e9thi\u00e9 Fall \u00e9tait une demande de beaucoup de S\u00e9n\u00e9galais qui le consid\u00e8rent comme un homme exp\u00e9riment\u00e9 sur la sc\u00e8ne politique. C\u2019est un homme aim\u00e9 par la jeunesse dont le discours est rassurant et f\u00e9d\u00e9rateur, a indiqu\u00e9 un de ses collaborateurs cit\u00e9 par JA. Il pourrait conduire une bonne politique au profit du S\u00e9n\u00e9gal. \u00bb"}