{"version":"1.0","provider_name":"LE PUBLIC","provider_url":"https:\/\/www.public.sn","author_name":"LA REDACTION","author_url":"https:\/\/www.public.sn\/index.php\/author\/editeurpsn\/","title":"(Vid\u00e9o) Lamb : Sa Thi\u00e8s et Reug Reug se r\u00e9concilient au CNG - LE PUBLIC","type":"rich","width":600,"height":338,"html":"<blockquote class=\"wp-embedded-content\" data-secret=\"1gGLVxji9B\"><a href=\"https:\/\/www.public.sn\/index.php\/2023\/03\/08\/17564\/\">(Vid\u00e9o) Lamb : Sa Thi\u00e8s et Reug Reug se r\u00e9concilient au CNG<\/a><\/blockquote><iframe sandbox=\"allow-scripts\" security=\"restricted\" src=\"https:\/\/www.public.sn\/index.php\/2023\/03\/08\/17564\/embed\/#?secret=1gGLVxji9B\" width=\"600\" height=\"338\" title=\"\u00ab\u00a0(Vid\u00e9o) Lamb : Sa Thi\u00e8s et Reug Reug se r\u00e9concilient au CNG\u00a0\u00bb &#8212; LE PUBLIC\" data-secret=\"1gGLVxji9B\" frameborder=\"0\" marginwidth=\"0\" marginheight=\"0\" scrolling=\"no\" class=\"wp-embedded-content\"><\/iframe><script>\n\/*! This file is auto-generated *\/\n!function(d,l){\"use strict\";l.querySelector&&d.addEventListener&&\"undefined\"!=typeof URL&&(d.wp=d.wp||{},d.wp.receiveEmbedMessage||(d.wp.receiveEmbedMessage=function(e){var t=e.data;if((t||t.secret||t.message||t.value)&&!\/[^a-zA-Z0-9]\/.test(t.secret)){for(var s,r,n,a=l.querySelectorAll('iframe[data-secret=\"'+t.secret+'\"]'),o=l.querySelectorAll('blockquote[data-secret=\"'+t.secret+'\"]'),c=new RegExp(\"^https?:$\",\"i\"),i=0;i<o.length;i++)o[i].style.display=\"none\";for(i=0;i<a.length;i++)s=a[i],e.source===s.contentWindow&&(s.removeAttribute(\"style\"),\"height\"===t.message?(1e3<(r=parseInt(t.value,10))?r=1e3:~~r<200&&(r=200),s.height=r):\"link\"===t.message&&(r=new URL(s.getAttribute(\"src\")),n=new URL(t.value),c.test(n.protocol))&&n.host===r.host&&l.activeElement===s&&(d.top.location.href=t.value))}},d.addEventListener(\"message\",d.wp.receiveEmbedMessage,!1),l.addEventListener(\"DOMContentLoaded\",function(){for(var e,t,s=l.querySelectorAll(\"iframe.wp-embedded-content\"),r=0;r<s.length;r++)(t=(e=s[r]).getAttribute(\"data-secret\"))||(t=Math.random().toString(36).substring(2,12),e.src+=\"#?secret=\"+t,e.setAttribute(\"data-secret\",t)),e.contentWindow.postMessage({message:\"ready\",secret:t},\"*\")},!1)))}(window,document);\n\/\/# sourceURL=https:\/\/www.public.sn\/wp-includes\/js\/wp-embed.min.js\n<\/script>\n","thumbnail_url":"https:\/\/www.public.sn\/wp-content\/uploads\/2023\/03\/sathies-et-reug-reug.webp","thumbnail_width":750,"thumbnail_height":422,"description":"Convoqu\u00e9s ce mercredi au CNG, Sa Thi\u00e8s et Reug Reug ont enterr\u00e9 la hache de guerre. Le lutteur de Gu\u00e9diawaye a \u00e9t\u00e9 d\u00e9sign\u00e9 vainqueur apr\u00e8s recours et malgr\u00e9 cela, une bonne ambiance a r\u00e9gn\u00e9 dans les bureaux de l\u2019instance dirigeante de la lutte. Plusieurs sujets autour du combat ont \u00e9t\u00e9 d\u00e9battus. Les managers des deux lutteurs ainsi que les deux protagonistes ont regrett\u00e9 les violences et les saccages not\u00e9s \u00e0 l\u2019ar\u00e8ne nationale ce dimanche. \u00ab\u00a0On a parl\u00e9 de ce qui s\u2019est pass\u00e9 le jour du combat. Les casses et la violence qu\u2019on a constat\u00e9 et qui pourrait nuire \u00e0 la lutte. On a \u00e9galement debout des probl\u00e8mes d\u2019arbitrage\u00a0\u00bb\u00a0a r\u00e9v\u00e9l\u00e9 Sa Thi\u00e8s au sortir de la r\u00e9union."}