{"version":"1.0","provider_name":"LE PUBLIC","provider_url":"https:\/\/www.public.sn","author_name":"LA REDACTION","author_url":"https:\/\/www.public.sn\/index.php\/author\/editeurpsn\/","title":"Proc\u00e8s Mame Mbaye Niang \u2013Ousmane Sonko est suspendu - LE PUBLIC","type":"rich","width":600,"height":338,"html":"<blockquote class=\"wp-embedded-content\" data-secret=\"p8V4w2VMro\"><a href=\"https:\/\/www.public.sn\/index.php\/2023\/03\/16\/proces-mame-mbaye-niang-ousmane-sonko-est-reporte\/\">Proc\u00e8s Mame Mbaye Niang \u2013Ousmane Sonko est suspendu<\/a><\/blockquote><iframe sandbox=\"allow-scripts\" security=\"restricted\" src=\"https:\/\/www.public.sn\/index.php\/2023\/03\/16\/proces-mame-mbaye-niang-ousmane-sonko-est-reporte\/embed\/#?secret=p8V4w2VMro\" width=\"600\" height=\"338\" title=\"\u00ab\u00a0Proc\u00e8s Mame Mbaye Niang \u2013Ousmane Sonko est suspendu\u00a0\u00bb &#8212; LE PUBLIC\" data-secret=\"p8V4w2VMro\" frameborder=\"0\" marginwidth=\"0\" marginheight=\"0\" scrolling=\"no\" class=\"wp-embedded-content\"><\/iframe><script>\n\/*! This file is auto-generated *\/\n!function(d,l){\"use strict\";l.querySelector&&d.addEventListener&&\"undefined\"!=typeof URL&&(d.wp=d.wp||{},d.wp.receiveEmbedMessage||(d.wp.receiveEmbedMessage=function(e){var t=e.data;if((t||t.secret||t.message||t.value)&&!\/[^a-zA-Z0-9]\/.test(t.secret)){for(var s,r,n,a=l.querySelectorAll('iframe[data-secret=\"'+t.secret+'\"]'),o=l.querySelectorAll('blockquote[data-secret=\"'+t.secret+'\"]'),c=new RegExp(\"^https?:$\",\"i\"),i=0;i<o.length;i++)o[i].style.display=\"none\";for(i=0;i<a.length;i++)s=a[i],e.source===s.contentWindow&&(s.removeAttribute(\"style\"),\"height\"===t.message?(1e3<(r=parseInt(t.value,10))?r=1e3:~~r<200&&(r=200),s.height=r):\"link\"===t.message&&(r=new URL(s.getAttribute(\"src\")),n=new URL(t.value),c.test(n.protocol))&&n.host===r.host&&l.activeElement===s&&(d.top.location.href=t.value))}},d.addEventListener(\"message\",d.wp.receiveEmbedMessage,!1),l.addEventListener(\"DOMContentLoaded\",function(){for(var e,t,s=l.querySelectorAll(\"iframe.wp-embedded-content\"),r=0;r<s.length;r++)(t=(e=s[r]).getAttribute(\"data-secret\"))||(t=Math.random().toString(36).substring(2,12),e.src+=\"#?secret=\"+t,e.setAttribute(\"data-secret\",t)),e.contentWindow.postMessage({message:\"ready\",secret:t},\"*\")},!1)))}(window,document);\n\/\/# sourceURL=https:\/\/www.public.sn\/wp-includes\/js\/wp-embed.min.js\n<\/script>\n","thumbnail_url":"https:\/\/www.public.sn\/wp-content\/uploads\/2023\/03\/mame-mbaye-niang-vs-ousmane-sonko.jpg","thumbnail_width":660,"thumbnail_height":330,"description":"Le proc\u00e8s opposant le leader du Pastef Ousmane Sonko et le ministre du tourisme \u00a0Mame Mbaye Niang est report\u00e9 jusqu&rsquo;\u00e0 nouvel ordre. \u00a0La tension politique est mont\u00e9e d\u2019un cran apr\u00e8s quelques \u00a0\u00e9chauffour\u00e9es entre les forces de l\u2019ordre et les militants du Pastef. Ce jeudi 16 mars 2023, les forces de d\u00e9fense et de s\u00e9curit\u00e9 ont barricad\u00e9 le passage d\u2019Ousmane Sonko qui devait s\u2019acheminer au tribunal de Dakar. A \u00a0noter que des accrochages \u00a0entre les militants du Pastef prennent une ampleur inqui\u00e9tante si l\u2019on voit les coups de gaz lacrymog\u00e8nes qui enfument les rues de Dakar."}