{"version":"1.0","provider_name":"LE PUBLIC","provider_url":"https:\/\/www.public.sn","author_name":"LA REDACTION","author_url":"https:\/\/www.public.sn\/index.php\/author\/editeurpsn\/","title":"S\u00e9rie d\u2019arrestations : Les \u00e9l\u00e8ves continuent de manifester - LE PUBLIC","type":"rich","width":600,"height":338,"html":"<blockquote class=\"wp-embedded-content\" data-secret=\"2iyAExtqAr\"><a href=\"https:\/\/www.public.sn\/index.php\/2023\/03\/23\/serie-darrestations-les-eleves-continuent-de-manifester\/\">S\u00e9rie d\u2019arrestations : Les \u00e9l\u00e8ves continuent de manifester<\/a><\/blockquote><iframe sandbox=\"allow-scripts\" security=\"restricted\" src=\"https:\/\/www.public.sn\/index.php\/2023\/03\/23\/serie-darrestations-les-eleves-continuent-de-manifester\/embed\/#?secret=2iyAExtqAr\" width=\"600\" height=\"338\" title=\"\u00ab\u00a0S\u00e9rie d\u2019arrestations : Les \u00e9l\u00e8ves continuent de manifester\u00a0\u00bb &#8212; LE PUBLIC\" data-secret=\"2iyAExtqAr\" frameborder=\"0\" marginwidth=\"0\" marginheight=\"0\" scrolling=\"no\" class=\"wp-embedded-content\"><\/iframe><script>\n\/*! This file is auto-generated *\/\n!function(d,l){\"use strict\";l.querySelector&&d.addEventListener&&\"undefined\"!=typeof URL&&(d.wp=d.wp||{},d.wp.receiveEmbedMessage||(d.wp.receiveEmbedMessage=function(e){var t=e.data;if((t||t.secret||t.message||t.value)&&!\/[^a-zA-Z0-9]\/.test(t.secret)){for(var s,r,n,a=l.querySelectorAll('iframe[data-secret=\"'+t.secret+'\"]'),o=l.querySelectorAll('blockquote[data-secret=\"'+t.secret+'\"]'),c=new RegExp(\"^https?:$\",\"i\"),i=0;i<o.length;i++)o[i].style.display=\"none\";for(i=0;i<a.length;i++)s=a[i],e.source===s.contentWindow&&(s.removeAttribute(\"style\"),\"height\"===t.message?(1e3<(r=parseInt(t.value,10))?r=1e3:~~r<200&&(r=200),s.height=r):\"link\"===t.message&&(r=new URL(s.getAttribute(\"src\")),n=new URL(t.value),c.test(n.protocol))&&n.host===r.host&&l.activeElement===s&&(d.top.location.href=t.value))}},d.addEventListener(\"message\",d.wp.receiveEmbedMessage,!1),l.addEventListener(\"DOMContentLoaded\",function(){for(var e,t,s=l.querySelectorAll(\"iframe.wp-embedded-content\"),r=0;r<s.length;r++)(t=(e=s[r]).getAttribute(\"data-secret\"))||(t=Math.random().toString(36).substring(2,12),e.src+=\"#?secret=\"+t,e.setAttribute(\"data-secret\",t)),e.contentWindow.postMessage({message:\"ready\",secret:t},\"*\")},!1)))}(window,document);\n\/\/# sourceURL=https:\/\/www.public.sn\/wp-includes\/js\/wp-embed.min.js\n<\/script>\n","thumbnail_url":"https:\/\/www.public.sn\/wp-content\/uploads\/2023\/03\/manif-des-eleves.jpg","thumbnail_width":322,"thumbnail_height":157,"description":"Dans une vid\u00e9o publi\u00e9e par le journaliste Ayoba Faye, on aper\u00e7oit des jeunes s\u00e9n\u00e9galais qui continuent de manifester dans les rues de Dakar. Ce malgr\u00e9 les difficult\u00e9s li\u00e9es au je\u00fbne, ils sont d\u00e9termin\u00e9s \u00e0 exprimer leur m\u00e9contentement et leur solidarit\u00e9 envers leurs camarades et enseignants arr\u00eat\u00e9s.\u00a0\u00ab \u00c0 l\u2019instant \u00e0 Dakar, une procession infinie de centaines d\u2019\u00e9l\u00e8ves dans les rues pour d\u00e9loger leurs camarades des \u00e9coles priv\u00e9es. Ils protestent contre les arrestations de leurs camarades et enseignants \u00bb,\u00a0\u00e9crit le confr\u00e8res. \u00c0 l\u2019instant \u00e0 Dakar, une procession infinie de centaines d\u2019\u00e9l\u00e8ves dans les rues pour d\u00e9loger leurs camarades des \u00e9coles priv\u00e9es. Ils protestent contre les arrestations de leurs camarades et enseignants #FreeSenegal #Kebetu pic.twitter.com\/0eyZT8UOm3 &mdash; Ayoba FAYE (@autruicomoi) March 23, 2023"}