{"version":"1.0","provider_name":"LE PUBLIC","provider_url":"https:\/\/www.public.sn","author_name":"LA REDACTION","author_url":"https:\/\/www.public.sn\/index.php\/author\/editeurpsn\/","title":"Derni\u00e8re minute... Un des avocats de Sonko suspendu - LE PUBLIC","type":"rich","width":600,"height":338,"html":"<blockquote class=\"wp-embedded-content\" data-secret=\"glVlxTK8RM\"><a href=\"https:\/\/www.public.sn\/index.php\/2023\/03\/30\/derniere-minute-un-des-avocats-de-sonko-suspendu\/\">Derni\u00e8re minute&#8230; Un des avocats de Sonko suspendu<\/a><\/blockquote><iframe sandbox=\"allow-scripts\" security=\"restricted\" src=\"https:\/\/www.public.sn\/index.php\/2023\/03\/30\/derniere-minute-un-des-avocats-de-sonko-suspendu\/embed\/#?secret=glVlxTK8RM\" width=\"600\" height=\"338\" title=\"\u00ab\u00a0Derni\u00e8re minute&#8230; Un des avocats de Sonko suspendu\u00a0\u00bb &#8212; LE PUBLIC\" data-secret=\"glVlxTK8RM\" frameborder=\"0\" marginwidth=\"0\" marginheight=\"0\" scrolling=\"no\" class=\"wp-embedded-content\"><\/iframe><script>\n\/*! This file is auto-generated *\/\n!function(d,l){\"use strict\";l.querySelector&&d.addEventListener&&\"undefined\"!=typeof URL&&(d.wp=d.wp||{},d.wp.receiveEmbedMessage||(d.wp.receiveEmbedMessage=function(e){var t=e.data;if((t||t.secret||t.message||t.value)&&!\/[^a-zA-Z0-9]\/.test(t.secret)){for(var s,r,n,a=l.querySelectorAll('iframe[data-secret=\"'+t.secret+'\"]'),o=l.querySelectorAll('blockquote[data-secret=\"'+t.secret+'\"]'),c=new RegExp(\"^https?:$\",\"i\"),i=0;i<o.length;i++)o[i].style.display=\"none\";for(i=0;i<a.length;i++)s=a[i],e.source===s.contentWindow&&(s.removeAttribute(\"style\"),\"height\"===t.message?(1e3<(r=parseInt(t.value,10))?r=1e3:~~r<200&&(r=200),s.height=r):\"link\"===t.message&&(r=new URL(s.getAttribute(\"src\")),n=new URL(t.value),c.test(n.protocol))&&n.host===r.host&&l.activeElement===s&&(d.top.location.href=t.value))}},d.addEventListener(\"message\",d.wp.receiveEmbedMessage,!1),l.addEventListener(\"DOMContentLoaded\",function(){for(var e,t,s=l.querySelectorAll(\"iframe.wp-embedded-content\"),r=0;r<s.length;r++)(t=(e=s[r]).getAttribute(\"data-secret\"))||(t=Math.random().toString(36).substring(2,12),e.src+=\"#?secret=\"+t,e.setAttribute(\"data-secret\",t)),e.contentWindow.postMessage({message:\"ready\",secret:t},\"*\")},!1)))}(window,document);\n\/\/# sourceURL=https:\/\/www.public.sn\/wp-includes\/js\/wp-embed.min.js\n<\/script>\n","thumbnail_url":"https:\/\/www.public.sn\/wp-content\/uploads\/2023\/03\/3ED929A6-CB77-4C6C-B02F-23C10DA067AA.jpeg","thumbnail_width":755,"thumbnail_height":445,"description":"Me Ousseynou Fall, l\u2019un de mes principaux avocats, vient de m\u2019informer de sa suspension par le bureau de l\u2019ordre des avocats du S\u00e9n\u00e9gal, sur plainte du juge en charge du dossier, Pape Mohamed Diop, suite \u00e0 des \u00e9changes lors de l\u2019audience du 16 mars dernier. Cette d\u00e9cision, qui n\u2019a pour objectif que d\u2019affaiblir ma d\u00e9fense \u00e0 moins de 24 heures du proc\u00e8s, atteste du parti pris flagrant du b\u00e2tonnier et de l\u2019Ordre pour la partie civile. Un b\u00e2tonnier et un Ordre qui sont rest\u00e9s insensibles aux multiples agressions physiques dont ont \u00e9t\u00e9 victimes leurs coll\u00e8gues, gaz\u00e9s et brutalis\u00e9s par les forces de l\u2019ordre sous les projecteurs des cam\u00e9ras du monde entier. Le comble avec Macky, en fin de second et dernier mandat, c\u2019est d\u2019avoir quasiment r\u00e9ussi \u00e0 asservir tous les secteurs, au grand dam de la d\u00e9mocratie et de la justice. Ousmane Sonko"}