{"version":"1.0","provider_name":"LE PUBLIC","provider_url":"https:\/\/www.public.sn","author_name":"LA REDACTION","author_url":"https:\/\/www.public.sn\/index.php\/author\/admin7324\/","title":"Ngor: Le domicile de Cheikh Y\u00e9rim Seck incendi\u00e9 - LE PUBLIC","type":"rich","width":600,"height":338,"html":"<blockquote class=\"wp-embedded-content\" data-secret=\"ZbRBjRTcay\"><a href=\"https:\/\/www.public.sn\/index.php\/2023\/05\/11\/ngor-le-domicile-de-cheikh-yerim-seck-incendie\/\">Ngor: Le domicile de Cheikh Y\u00e9rim Seck incendi\u00e9<\/a><\/blockquote><iframe sandbox=\"allow-scripts\" security=\"restricted\" src=\"https:\/\/www.public.sn\/index.php\/2023\/05\/11\/ngor-le-domicile-de-cheikh-yerim-seck-incendie\/embed\/#?secret=ZbRBjRTcay\" width=\"600\" height=\"338\" title=\"\u00ab\u00a0Ngor: Le domicile de Cheikh Y\u00e9rim Seck incendi\u00e9\u00a0\u00bb &#8212; LE PUBLIC\" data-secret=\"ZbRBjRTcay\" frameborder=\"0\" marginwidth=\"0\" marginheight=\"0\" scrolling=\"no\" class=\"wp-embedded-content\"><\/iframe><script>\n\/*! This file is auto-generated *\/\n!function(d,l){\"use strict\";l.querySelector&&d.addEventListener&&\"undefined\"!=typeof URL&&(d.wp=d.wp||{},d.wp.receiveEmbedMessage||(d.wp.receiveEmbedMessage=function(e){var t=e.data;if((t||t.secret||t.message||t.value)&&!\/[^a-zA-Z0-9]\/.test(t.secret)){for(var s,r,n,a=l.querySelectorAll('iframe[data-secret=\"'+t.secret+'\"]'),o=l.querySelectorAll('blockquote[data-secret=\"'+t.secret+'\"]'),c=new RegExp(\"^https?:$\",\"i\"),i=0;i<o.length;i++)o[i].style.display=\"none\";for(i=0;i<a.length;i++)s=a[i],e.source===s.contentWindow&&(s.removeAttribute(\"style\"),\"height\"===t.message?(1e3<(r=parseInt(t.value,10))?r=1e3:~~r<200&&(r=200),s.height=r):\"link\"===t.message&&(r=new URL(s.getAttribute(\"src\")),n=new URL(t.value),c.test(n.protocol))&&n.host===r.host&&l.activeElement===s&&(d.top.location.href=t.value))}},d.addEventListener(\"message\",d.wp.receiveEmbedMessage,!1),l.addEventListener(\"DOMContentLoaded\",function(){for(var e,t,s=l.querySelectorAll(\"iframe.wp-embedded-content\"),r=0;r<s.length;r++)(t=(e=s[r]).getAttribute(\"data-secret\"))||(t=Math.random().toString(36).substring(2,12),e.src+=\"#?secret=\"+t,e.setAttribute(\"data-secret\",t)),e.contentWindow.postMessage({message:\"ready\",secret:t},\"*\")},!1)))}(window,document);\n\/\/# sourceURL=https:\/\/www.public.sn\/wp-includes\/js\/wp-embed.min.js\n<\/script>\n","thumbnail_url":"https:\/\/www.public.sn\/wp-content\/uploads\/2023\/02\/CHEIKH-YERIM-SECKRT.png","thumbnail_width":1156,"thumbnail_height":610,"description":"La maison du journaliste Cheikh Y\u00e9rim Seck a \u00e9t\u00e9 prise d\u2019assaut dans la soir\u00e9e du 10 mai par des jeunes de Ngor pour \u00e9teindre un feu qui s\u2019est d\u00e9clench\u00e9 sur la terrasse. Selon Seneweb, le journaliste et sa famille n\u2019occupaient pas la maison au moment des faits. L\u2019origine de l\u2019incendie n\u2019a pas encore \u00e9t\u00e9 d\u00e9termin\u00e9e."}