{"version":"1.0","provider_name":"LE PUBLIC","provider_url":"https:\/\/www.public.sn","author_name":"LA REDACTION","author_url":"https:\/\/www.public.sn\/index.php\/author\/admin7324\/","title":"Le gouvernement face \u00e0 la presse ce mardi - LE PUBLIC","type":"rich","width":600,"height":338,"html":"<blockquote class=\"wp-embedded-content\" data-secret=\"nxbIlDSpJ6\"><a href=\"https:\/\/www.public.sn\/index.php\/2023\/06\/20\/le-gouvernement-face-a-la-presse-ce-mardi\/\">Le gouvernement face \u00e0 la presse ce mardi<\/a><\/blockquote><iframe sandbox=\"allow-scripts\" security=\"restricted\" src=\"https:\/\/www.public.sn\/index.php\/2023\/06\/20\/le-gouvernement-face-a-la-presse-ce-mardi\/embed\/#?secret=nxbIlDSpJ6\" width=\"600\" height=\"338\" title=\"\u00ab\u00a0Le gouvernement face \u00e0 la presse ce mardi\u00a0\u00bb &#8212; LE PUBLIC\" data-secret=\"nxbIlDSpJ6\" frameborder=\"0\" marginwidth=\"0\" marginheight=\"0\" scrolling=\"no\" class=\"wp-embedded-content\"><\/iframe><script>\n\/*! This file is auto-generated *\/\n!function(d,l){\"use strict\";l.querySelector&&d.addEventListener&&\"undefined\"!=typeof URL&&(d.wp=d.wp||{},d.wp.receiveEmbedMessage||(d.wp.receiveEmbedMessage=function(e){var t=e.data;if((t||t.secret||t.message||t.value)&&!\/[^a-zA-Z0-9]\/.test(t.secret)){for(var s,r,n,a=l.querySelectorAll('iframe[data-secret=\"'+t.secret+'\"]'),o=l.querySelectorAll('blockquote[data-secret=\"'+t.secret+'\"]'),c=new RegExp(\"^https?:$\",\"i\"),i=0;i<o.length;i++)o[i].style.display=\"none\";for(i=0;i<a.length;i++)s=a[i],e.source===s.contentWindow&&(s.removeAttribute(\"style\"),\"height\"===t.message?(1e3<(r=parseInt(t.value,10))?r=1e3:~~r<200&&(r=200),s.height=r):\"link\"===t.message&&(r=new URL(s.getAttribute(\"src\")),n=new URL(t.value),c.test(n.protocol))&&n.host===r.host&&l.activeElement===s&&(d.top.location.href=t.value))}},d.addEventListener(\"message\",d.wp.receiveEmbedMessage,!1),l.addEventListener(\"DOMContentLoaded\",function(){for(var e,t,s=l.querySelectorAll(\"iframe.wp-embedded-content\"),r=0;r<s.length;r++)(t=(e=s[r]).getAttribute(\"data-secret\"))||(t=Math.random().toString(36).substring(2,12),e.src+=\"#?secret=\"+t,e.setAttribute(\"data-secret\",t)),e.contentWindow.postMessage({message:\"ready\",secret:t},\"*\")},!1)))}(window,document);\n\/\/# sourceURL=https:\/\/www.public.sn\/wp-includes\/js\/wp-embed.min.js\n<\/script>\n","thumbnail_url":"https:\/\/www.public.sn\/wp-content\/uploads\/2023\/06\/73604620-51214902.jpg","thumbnail_width":800,"thumbnail_height":600,"description":"Apr\u00e8s leur premier point de presse sur les r\u00e9cents \u00e9meutes, le gouvernement va encore parler. Ce mardi \u00e0 10 heures , d'autres ministres vont r\u00e9pondre aux questions des journalistes. La rencontre qui aura lieu \u00e0 la Primature va r\u00e9unir le ministre du Commerce, de la Consommation et des petites et moyennes entreprises, Porte-parole du Gouvernement, Abdou Karim Fofana, ainsi que de son coll\u00e8gue, le ministre du D\u00e9veloppement communautaire, de l'\u00e9quit\u00e9 sociale et territoriale, Samba Ndiob\u00e9ne Ka, repr\u00e9sentant le Premier Ministre et ministre de l'\u00c9levage."}