{"version":"1.0","provider_name":"LE PUBLIC","provider_url":"https:\/\/www.public.sn","author_name":"LA REDACTION","author_url":"https:\/\/www.public.sn\/index.php\/author\/editeurpsn\/","title":"L\u2019honn\u00eatet\u00e9, c\u2019est le respect de la parole donn\u00e9e, c\u2019est le respect de la Constitution, c\u2019est le respect des r\u00e8gles d\u00e9mocratiques - LE PUBLIC","type":"rich","width":600,"height":338,"html":"<blockquote class=\"wp-embedded-content\" data-secret=\"nyw6vF3Jlt\"><a href=\"https:\/\/www.public.sn\/index.php\/2023\/07\/03\/24394\/\">L\u2019honn\u00eatet\u00e9, c\u2019est le respect de la parole donn\u00e9e, c\u2019est le respect de la Constitution, c\u2019est le respect des r\u00e8gles d\u00e9mocratiques<\/a><\/blockquote><iframe sandbox=\"allow-scripts\" security=\"restricted\" src=\"https:\/\/www.public.sn\/index.php\/2023\/07\/03\/24394\/embed\/#?secret=nyw6vF3Jlt\" width=\"600\" height=\"338\" title=\"\u00ab\u00a0L\u2019honn\u00eatet\u00e9, c\u2019est le respect de la parole donn\u00e9e, c\u2019est le respect de la Constitution, c\u2019est le respect des r\u00e8gles d\u00e9mocratiques\u00a0\u00bb &#8212; LE PUBLIC\" data-secret=\"nyw6vF3Jlt\" frameborder=\"0\" marginwidth=\"0\" marginheight=\"0\" scrolling=\"no\" class=\"wp-embedded-content\"><\/iframe><script>\n\/*! This file is auto-generated *\/\n!function(d,l){\"use strict\";l.querySelector&&d.addEventListener&&\"undefined\"!=typeof URL&&(d.wp=d.wp||{},d.wp.receiveEmbedMessage||(d.wp.receiveEmbedMessage=function(e){var t=e.data;if((t||t.secret||t.message||t.value)&&!\/[^a-zA-Z0-9]\/.test(t.secret)){for(var s,r,n,a=l.querySelectorAll('iframe[data-secret=\"'+t.secret+'\"]'),o=l.querySelectorAll('blockquote[data-secret=\"'+t.secret+'\"]'),c=new RegExp(\"^https?:$\",\"i\"),i=0;i<o.length;i++)o[i].style.display=\"none\";for(i=0;i<a.length;i++)s=a[i],e.source===s.contentWindow&&(s.removeAttribute(\"style\"),\"height\"===t.message?(1e3<(r=parseInt(t.value,10))?r=1e3:~~r<200&&(r=200),s.height=r):\"link\"===t.message&&(r=new URL(s.getAttribute(\"src\")),n=new URL(t.value),c.test(n.protocol))&&n.host===r.host&&l.activeElement===s&&(d.top.location.href=t.value))}},d.addEventListener(\"message\",d.wp.receiveEmbedMessage,!1),l.addEventListener(\"DOMContentLoaded\",function(){for(var e,t,s=l.querySelectorAll(\"iframe.wp-embedded-content\"),r=0;r<s.length;r++)(t=(e=s[r]).getAttribute(\"data-secret\"))||(t=Math.random().toString(36).substring(2,12),e.src+=\"#?secret=\"+t,e.setAttribute(\"data-secret\",t)),e.contentWindow.postMessage({message:\"ready\",secret:t},\"*\")},!1)))}(window,document);\n\/\/# sourceURL=https:\/\/www.public.sn\/wp-includes\/js\/wp-embed.min.js\n<\/script>\n","thumbnail_url":"https:\/\/www.public.sn\/wp-content\/uploads\/2023\/07\/mimi-macky_8797.jpeg","thumbnail_width":1280,"thumbnail_height":720,"description":"Apr\u00e8s la sortie du pr\u00e9sident Macky Sall sur la question de la candidature hier, samedi, Mimi Tour\u00e9 a r\u00e9pliqu\u00e9. Pour elle, les propos du patron de l\u2019ex\u00e9cutif sont inacceptables. \u00abDe retour de la Mecque, au lendemain de la Tabaski, moment de pardon et de bienveillance o\u00f9 sa parole d\u2019apaisement \u00e9tait attendu apr\u00e8s les \u00e9v\u00e9nements douloureux qui ont cout\u00e9 la vie \u00e0 seize de nos jeunes concitoyens, c\u2019est plut\u00f4t en chef de guerre face \u00e0 ses troupes que le Pr\u00e9sident Macky Sall a livr\u00e9, ce samedi 1er juillet 2023, une v\u00e9ritable diatribe contre les d\u00e9mocrates du S\u00e9n\u00e9gal et de la diaspora mobilis\u00e9s pour d\u00e9fendre la Constitution. Entre autres philippiques, le Pr\u00e9sident Macky Sall s\u2019en est violemment pris aux intellectuels qu\u2019il qualifie de malhonn\u00eates et qui selon lui savent qu\u2019il a droit \u00e0 un troisi\u00e8me mandat. Je rappelle qu\u2019en 2016, c\u2019est le Pr\u00e9sident Macky Sall lui-m\u00eame qui avait choisi le terme de \u00ab verrouillage de la constitution\u00bb pour expliquer urbi et orbi que la question du nombre de mandat pr\u00e9sidentiel \u00e9tait d\u00e9sormais d\u00e9finitivement r\u00e9gl\u00e9 au S\u00e9n\u00e9gal \u00a0par l\u2019article 27 \u00a0de la Constitution stipulant que \u00ab nul ne peut faire plus de deux mandats cons\u00e9cutifs\u00bb. Ensuite, trois ans durant, le Pr\u00e9sident Macky Sall, la main sur le coeur, \u00a0a clam\u00e9 partout qu\u2019une fois r\u00e9\u00e9lu en 2019 il ferait son deuxi\u00e8me et dernier mandat. Il a r\u00e9it\u00e9r\u00e9 ses m\u00eames propos dans son livre \u00ab le S\u00e9n\u00e9gal au Coeur\u201d. L\u2019honn\u00eatet\u00e9, c\u2019est le respect de la parole donn\u00e9e, c\u2019est le respect de la Constitution, c\u2019est le respect des r\u00e8gles d\u00e9mocratiques. \u00a0Aussi, je rejette les propos accusatoires inacceptables du Pr\u00e9sident Macky Sall !\u00bb"}