{"version":"1.0","provider_name":"LE PUBLIC","provider_url":"https:\/\/www.public.sn","author_name":"LA REDACTION","author_url":"https:\/\/www.public.sn\/index.php\/author\/editeurpsn\/","title":"PUBLIC MATIN-FLASH INFO,CE VENDREDI 14 JUILLET 2023 - LE PUBLIC","type":"rich","width":600,"height":338,"html":"<blockquote class=\"wp-embedded-content\" data-secret=\"5Y3elPdMVN\"><a href=\"https:\/\/www.public.sn\/index.php\/2023\/07\/14\/public-matin-flash-infoce-vendredi-14-juillet-2023\/\">PUBLIC MATIN-FLASH INFO,CE VENDREDI 14 JUILLET 2023<\/a><\/blockquote><iframe sandbox=\"allow-scripts\" security=\"restricted\" src=\"https:\/\/www.public.sn\/index.php\/2023\/07\/14\/public-matin-flash-infoce-vendredi-14-juillet-2023\/embed\/#?secret=5Y3elPdMVN\" width=\"600\" height=\"338\" title=\"\u00ab\u00a0PUBLIC MATIN-FLASH INFO,CE VENDREDI 14 JUILLET 2023\u00a0\u00bb &#8212; LE PUBLIC\" data-secret=\"5Y3elPdMVN\" frameborder=\"0\" marginwidth=\"0\" marginheight=\"0\" scrolling=\"no\" class=\"wp-embedded-content\"><\/iframe><script>\n\/*! This file is auto-generated *\/\n!function(d,l){\"use strict\";l.querySelector&&d.addEventListener&&\"undefined\"!=typeof URL&&(d.wp=d.wp||{},d.wp.receiveEmbedMessage||(d.wp.receiveEmbedMessage=function(e){var t=e.data;if((t||t.secret||t.message||t.value)&&!\/[^a-zA-Z0-9]\/.test(t.secret)){for(var s,r,n,a=l.querySelectorAll('iframe[data-secret=\"'+t.secret+'\"]'),o=l.querySelectorAll('blockquote[data-secret=\"'+t.secret+'\"]'),c=new RegExp(\"^https?:$\",\"i\"),i=0;i<o.length;i++)o[i].style.display=\"none\";for(i=0;i<a.length;i++)s=a[i],e.source===s.contentWindow&&(s.removeAttribute(\"style\"),\"height\"===t.message?(1e3<(r=parseInt(t.value,10))?r=1e3:~~r<200&&(r=200),s.height=r):\"link\"===t.message&&(r=new URL(s.getAttribute(\"src\")),n=new URL(t.value),c.test(n.protocol))&&n.host===r.host&&l.activeElement===s&&(d.top.location.href=t.value))}},d.addEventListener(\"message\",d.wp.receiveEmbedMessage,!1),l.addEventListener(\"DOMContentLoaded\",function(){for(var e,t,s=l.querySelectorAll(\"iframe.wp-embedded-content\"),r=0;r<s.length;r++)(t=(e=s[r]).getAttribute(\"data-secret\"))||(t=Math.random().toString(36).substring(2,12),e.src+=\"#?secret=\"+t,e.setAttribute(\"data-secret\",t)),e.contentWindow.postMessage({message:\"ready\",secret:t},\"*\")},!1)))}(window,document);\n\/\/# sourceURL=https:\/\/www.public.sn\/wp-includes\/js\/wp-embed.min.js\n<\/script>\n","thumbnail_url":"https:\/\/www.public.sn\/wp-content\/uploads\/2023\/07\/sonko-copie-4_2106.jpeg","thumbnail_width":1440,"thumbnail_height":1011,"description":"Le parti Pastef a annonc\u00e9 l\u2019investiture de leur candidat Ousmane Sonko ce samedi 15 juillet prochain. Le gouverneur de Dakar, par le biais d\u2019un communiqu\u00e9, informe que\u00a0ce rassemblement est interdit . Dans un communiqu\u00e9 parcouru par iGFM, le gouverneur de Dakar soutient que le rassemblement du parti Pastef-les patriotes \u00a0pour l\u2019investiture de leur candidat, est interdit. Ses motifs : \u00abr\u00e9els risques de troubles \u00e0 l&rsquo;ordre public\u00bb. L\u2019autorit\u00e9 souligne que des acteurs de ce rassemblement \u00a0ont \u2018\u2019 \u00e9galement introduit des d\u00e9clarations de rassemblements par endroits\u2019\u2019. Il ajoute que : \u00ab les autorit\u00e9s administratives concern\u00e9es, ont, conform\u00e9ment \u00e0 la loi, interdit les rassemblements en question ainsi que ceux pr\u00e9vus par les entit\u00e9s adverses, et, instruit les Forces de D\u00e9fense et de S\u00e9curit\u00e9 \u00e0 prendre les dispositions n\u00e9cessaires pour maintenir l&rsquo;ordre, et pr\u00e9server la paix et la qui\u00e9tude\u00bb. L\u2019Etat interdit, le Pastef persiste \u00a0: \u00abNul ne peut emp\u00eacher l\u2019investiture du pr\u00e9sident Ousmane Sonko et sa participation \u00e0 l\u2019\u00e9lection pr\u00e9sidentielle du 25 f\u00e9vrier 2024\u00bb Le Pastef d\u00e9fie l\u2019autorit\u00e9. Le Bureau politique, \u00e0 travers un communiqu\u00e9, re\u00e7u ce jeudi 13 juillet, a fait savoir que leurs membres vont changer de strat\u00e9gie afin d\u2019atteindre leurs objectifs que sont l\u2019investiture de leur candidat et sa participation au scrutin pr\u00e9sidentiel. \u00abPastef-Les Patriotes, compte poursuivre avec le candidat Ousmane Sonko, et le soutien populaire ind\u00e9fectible des S\u00e9n\u00e9galais, sa marche in\u00e9luctable vers la victoire. Nul ne peut emp\u00eacher l\u2019investiture du pr\u00e9sident Ousmane Sonko ainsi que sa participation \u00e0 l\u2019\u00e9lection pr\u00e9sidentielle du 25 f\u00e9vrier 2024 \u00bb, a-t-il pr\u00e9cis\u00e9. Par la m\u00eame occasion, rendez-vous est donn\u00e9 \u00ab \u00e0 l\u2019opinion nationale et internationale ce vendredi 14 juillet pour une importante d\u00e9claration du candidat de PASTEF, Ousmane Sonko \u00bb, pr\u00e9cise seneweb. Apr\u00e8s l\u2019interdiction du Giga Meeting d\u2019investiture de Ousmane Sonko par le gouverneur de Dakar, les r\u00e9actions fusent dans son entourage. Le Gouverneur de Dakar a interdit la c\u00e9r\u00e9monie d&rsquo;investiture de Ousmane Sonko. Dans son communiqu\u00e9 de presse, Al Hassan Sall \u00e9voque de \u00abr\u00e9els risques de troubles \u00e0 l&rsquo;ordre public\u00bb. Un argument qui ne passe pas du c\u00f4t\u00e9 de Pastef. \u00abLe stade est un lieu ferm\u00e9. Nous avons convi\u00e9 le peuple \u00e0 une investiture et non \u00e0 des manifestations\u00bb, peste \u00a0le secr\u00e9taire national en charge de la communication de Pastef. Pour El Malick Ndiaye, si aucun parti n\u2019a plus le droit d\u2019investir son candidat dans ce pays, \u00abil faut le notifier clairement\u00bb. Cheikh Tidiane Dieye, leader de \u00abAvenir S\u00e9n\u00e9gal bi nu beug\u00bb, tr\u00e8s proche du leader de Pastef, a aussi d\u00e9nonc\u00e9 l\u2019interdiction. Pour lui, le stade Amadou Barry n\u2019est pas un espace ouvert o\u00f9 on peut troubler l\u2019ordre public. Et donc, le Gouverneur de Dakar devrait plut\u00f4t prendre les mesures n\u00e9cessaires pour s\u00e9curiser cet \u00e9v\u00e9nement. \u00abLa d\u00e9mocratie et l\u2019Etat de droit doivent \u00eatre pr\u00e9serv\u00e9s \u00e0 tout prix\u00bb, mart\u00e8le-t-il. Apr\u00e8s l\u2019interdiction de la c\u00e9r\u00e9monie d\u2019investiture de Ousmane Sonko, Pastef vient de r\u00e9agir. Le parti a fait aussi une annonce. Ce jeudi, le gouverneur de Dakar a annonc\u00e9 l\u2019interdiction du meeting d\u2019investiture de Ousmane Sonko. Les manifestations projet\u00e9es par Pastef durant le week-end sont, aussi, toutes interdites. Pour Pastef, il s\u2019agit l\u00e0 d\u2019un acte informel du gouverneur, qui ne visait qu&rsquo;\u00e0 \u00abemp\u00eacher la tenue du giga-meeting d&rsquo;investiture du candidat Ousmane Sonko\u00bb. \u00abCette interdiction ill\u00e9gale d&rsquo;une op\u00e9ration d&rsquo;investiture d&rsquo;un candidat r\u00e9guli\u00e8rement investi par un parti l\u00e9galement constitu\u00e9 dans un lieu ferm\u00e9 a \u00e9t\u00e9 ensuite act\u00e9e par un arr\u00eat\u00e9 du pr\u00e9fet de Gu\u00e9diawaye ce 13 Juillet 2023\u00bb, d\u00e9clare Pastef dans son communiqu\u00e9 de presse parcouru par iGFM. La formation politique \u00a0pr\u00e9cise cependant, que \u00abnul ne peut emp\u00eacher l&rsquo;investiture du Pr\u00e9sident Ousmane Sonko ainsi que sa participation \u00e0 l&rsquo;\u00e9lection pr\u00e9sidentielle du 25 f\u00e9vrier 2024.\u00bb Et Pastef annonce m\u00eame une d\u00e9claration de son candidat. Elle est pr\u00e9vue pour ce vendredi. Le gouvernement travaille au rapatriement de 276 S\u00e9n\u00e9galais plac\u00e9s dans un centre de r\u00e9tention \u00e0 Dahla, au Maroc, a r\u00e9v\u00e9l\u00e9 jeudi le ministre de l\u2019Int\u00e9rieur, Antoine Felix Abdoulaye Diome. Il a fait cette annonce lors d\u2019un d\u00e9placement ce matin \u00e0 Saint-Louis, o\u00f9 il est venu rendre visite aux rescap\u00e9s du chavirement d\u2019une pirogue transportant des migrants. Cette embarcation a sombr\u00e9 dans la nuit de mercredi, causant la mort de huit personnes. L\u2019embarcation transportait une soixantaine de personnes lorsqu\u2019elle a chavir\u00e9, mercredi, aux environs de 5 heures du matin, \u00e0 hauteur de l\u2019embouchure du fleuve S\u00e9n\u00e9gal (nord). Lors de son d\u00e9placement dans l\u2019ancienne capitale du S\u00e9n\u00e9gal, le ministre de l\u2019Int\u00e9rieur a d\u00e9menti l\u2019information selon laquelle 300 migrants \u00e0 bord d\u2019embarcations parties du S\u00e9n\u00e9gal auraient p\u00e9ri en mer. &nbsp; Le ministre assure que les migrants en question se portent plut\u00f4t bien. Il a invit\u00e9 \u00e0 cette occasion \u2018\u2019ceux qui font certaines d\u00e9clarations ou donnent des informations concernant ces S\u00e9n\u00e9galais \u00e0 faire attention\u2019\u2019. &nbsp; Il estime que certaines informations peuvent cr\u00e9er la panique et une tr\u00e8s grande \u00e9motion aupr\u00e8s des parents des personnes concern\u00e9es. &nbsp; Il a rappel\u00e9 que les ONG et l\u2019Etat ont les m\u00eames objectifs dans le domaine de la migration clandestine. &nbsp; Le tirage au sort des \u00e9liminatoires de la Coupe du monde de la FIFA 2026\/Zone Afrique a \u00e9t\u00e9 effectu\u00e9, ce jeudi \u00e0 Abidjan (C\u00f4te d&rsquo;Ivoire). Les Lions du S\u00e9n\u00e9gal logent dans le groupe B. C&rsquo;est ce qu&rsquo;on appelle un groupe jouable pour les champions d&rsquo;Afrique. A l&rsquo;occasion des qualifications \u00e0 la Coupe du monde 2026, le S\u00e9n\u00e9gal affronter la RD Congo, la Mauritanie, le Togo, le Soudan et le Soudan du Sud. Hormis les Congolais consid\u00e9r\u00e9s comme ceux qui peuvent v\u00e9ritablement inqui\u00e9ter les partenaires de Sadio Man\u00e9, les autres sont \u00e0 leur port\u00e9e. Si le Togo avait priv\u00e9 le S\u00e9n\u00e9gal de la Coupe du monde 2006 en l&rsquo;\u00e9liminant \u00e0 Dakar, ses retrouvailles avec les Lions sont tr\u00e8s attendues. Entre temps, les Lions ont beaucoup chang\u00e9 de visage en dominant le football africain contrairement aux Eperviers qui peinent \u00e0 retrouver leur niveau avec une absence au dernier mondial et \u00e0 la CAN au Cameroun. Un autre adversaire ouest-africain croisera la route des S\u00e9n\u00e9galais. Il s&rsquo;agit de la Mauritanie qui est en train de monter en puissance avec notamment sa participation \u00e0 la derni\u00e8re CAN. Ce derby sera \u00e9galement"}