{"version":"1.0","provider_name":"LE PUBLIC","provider_url":"https:\/\/www.public.sn","author_name":"LA REDACTION","author_url":"https:\/\/www.public.sn\/index.php\/author\/editeurpsn\/","title":"Linguere : Le pr\u00e9fet interdit la marche du FRAPP - LE PUBLIC","type":"rich","width":600,"height":338,"html":"<blockquote class=\"wp-embedded-content\" data-secret=\"c9CaeMW5Eb\"><a href=\"https:\/\/www.public.sn\/index.php\/2023\/08\/26\/linguere-le-prefet-interdit-la-marche-du-frapp\/\">Linguere : Le pr\u00e9fet interdit la marche du FRAPP<\/a><\/blockquote><iframe sandbox=\"allow-scripts\" security=\"restricted\" src=\"https:\/\/www.public.sn\/index.php\/2023\/08\/26\/linguere-le-prefet-interdit-la-marche-du-frapp\/embed\/#?secret=c9CaeMW5Eb\" width=\"600\" height=\"338\" title=\"\u00ab\u00a0Linguere : Le pr\u00e9fet interdit la marche du FRAPP\u00a0\u00bb &#8212; LE PUBLIC\" data-secret=\"c9CaeMW5Eb\" frameborder=\"0\" marginwidth=\"0\" marginheight=\"0\" scrolling=\"no\" class=\"wp-embedded-content\"><\/iframe><script>\n\/*! This file is auto-generated *\/\n!function(d,l){\"use strict\";l.querySelector&&d.addEventListener&&\"undefined\"!=typeof URL&&(d.wp=d.wp||{},d.wp.receiveEmbedMessage||(d.wp.receiveEmbedMessage=function(e){var t=e.data;if((t||t.secret||t.message||t.value)&&!\/[^a-zA-Z0-9]\/.test(t.secret)){for(var s,r,n,a=l.querySelectorAll('iframe[data-secret=\"'+t.secret+'\"]'),o=l.querySelectorAll('blockquote[data-secret=\"'+t.secret+'\"]'),c=new RegExp(\"^https?:$\",\"i\"),i=0;i<o.length;i++)o[i].style.display=\"none\";for(i=0;i<a.length;i++)s=a[i],e.source===s.contentWindow&&(s.removeAttribute(\"style\"),\"height\"===t.message?(1e3<(r=parseInt(t.value,10))?r=1e3:~~r<200&&(r=200),s.height=r):\"link\"===t.message&&(r=new URL(s.getAttribute(\"src\")),n=new URL(t.value),c.test(n.protocol))&&n.host===r.host&&l.activeElement===s&&(d.top.location.href=t.value))}},d.addEventListener(\"message\",d.wp.receiveEmbedMessage,!1),l.addEventListener(\"DOMContentLoaded\",function(){for(var e,t,s=l.querySelectorAll(\"iframe.wp-embedded-content\"),r=0;r<s.length;r++)(t=(e=s[r]).getAttribute(\"data-secret\"))||(t=Math.random().toString(36).substring(2,12),e.src+=\"#?secret=\"+t,e.setAttribute(\"data-secret\",t)),e.contentWindow.postMessage({message:\"ready\",secret:t},\"*\")},!1)))}(window,document);\n\/\/# sourceURL=https:\/\/www.public.sn\/wp-includes\/js\/wp-embed.min.js\n<\/script>\n","thumbnail_url":"https:\/\/www.public.sn\/wp-content\/uploads\/2023\/08\/ffrp.jpeg","thumbnail_width":1080,"thumbnail_height":439,"description":"Le Pr\u00e9fet a sorti un arr\u00eat\u00e9 pour interdire la marche pacifique\u00a0 du\u00a0 Front pour une R\u00e9volution Anti-imp\u00e9rialiste populaire panafricaine (FRAPP) pr\u00e9vue ce samedi 26 Ao\u00fbt sur la voie publique dans la commune de Lingu\u00e8re. Une manifestation pour exiger la lib\u00e9ration d\u2019Ousmane Sonko et de tous les \u00ab autres d\u00e9tenus politiques \u00bb. \u00a0 L\u2019autorit\u00e9 administrative\u00a0 a \u00e9voqu\u00e9 des \u00ab risques\u00a0 de troubles \u00e0 l&rsquo;ordre public, d\u2019insuffisance des forces de l\u2019ordre devant assurer le maintien et le r\u00e9tablissement de l\u2019ordre en cas de trouble et\u00a0 d\u2019entrave \u00e0 la libre circulation sur la route num\u00e9ro 3 \u00bb. \u00a0 Le commissaire urbain de Lingu\u00e8re est charg\u00e9 de l\u2019ex\u00e9cution de l\u2019arr\u00eat\u00e9\u00a0 du chef de l\u2019ex\u00e9cutif d\u00e9partemental portant interdiction de la marche du FRAPP. \u00a0"}