{"version":"1.0","provider_name":"LE PUBLIC","provider_url":"https:\/\/www.public.sn","author_name":"LA REDACTION","author_url":"https:\/\/www.public.sn\/index.php\/author\/editeurpsn\/","title":"Gabon : la fin de la transition annonc\u00e9e - LE PUBLIC","type":"rich","width":600,"height":338,"html":"<blockquote class=\"wp-embedded-content\" data-secret=\"x5114FDFlh\"><a href=\"https:\/\/www.public.sn\/index.php\/2023\/11\/13\/gabon-la-fin-de-la-transition-annoncee\/\">Gabon : la fin de la transition annonc\u00e9e<\/a><\/blockquote><iframe sandbox=\"allow-scripts\" security=\"restricted\" src=\"https:\/\/www.public.sn\/index.php\/2023\/11\/13\/gabon-la-fin-de-la-transition-annoncee\/embed\/#?secret=x5114FDFlh\" width=\"600\" height=\"338\" title=\"\u00ab\u00a0Gabon : la fin de la transition annonc\u00e9e\u00a0\u00bb &#8212; LE PUBLIC\" data-secret=\"x5114FDFlh\" frameborder=\"0\" marginwidth=\"0\" marginheight=\"0\" scrolling=\"no\" class=\"wp-embedded-content\"><\/iframe><script>\n\/*! This file is auto-generated *\/\n!function(d,l){\"use strict\";l.querySelector&&d.addEventListener&&\"undefined\"!=typeof URL&&(d.wp=d.wp||{},d.wp.receiveEmbedMessage||(d.wp.receiveEmbedMessage=function(e){var t=e.data;if((t||t.secret||t.message||t.value)&&!\/[^a-zA-Z0-9]\/.test(t.secret)){for(var s,r,n,a=l.querySelectorAll('iframe[data-secret=\"'+t.secret+'\"]'),o=l.querySelectorAll('blockquote[data-secret=\"'+t.secret+'\"]'),c=new RegExp(\"^https?:$\",\"i\"),i=0;i<o.length;i++)o[i].style.display=\"none\";for(i=0;i<a.length;i++)s=a[i],e.source===s.contentWindow&&(s.removeAttribute(\"style\"),\"height\"===t.message?(1e3<(r=parseInt(t.value,10))?r=1e3:~~r<200&&(r=200),s.height=r):\"link\"===t.message&&(r=new URL(s.getAttribute(\"src\")),n=new URL(t.value),c.test(n.protocol))&&n.host===r.host&&l.activeElement===s&&(d.top.location.href=t.value))}},d.addEventListener(\"message\",d.wp.receiveEmbedMessage,!1),l.addEventListener(\"DOMContentLoaded\",function(){for(var e,t,s=l.querySelectorAll(\"iframe.wp-embedded-content\"),r=0;r<s.length;r++)(t=(e=s[r]).getAttribute(\"data-secret\"))||(t=Math.random().toString(36).substring(2,12),e.src+=\"#?secret=\"+t,e.setAttribute(\"data-secret\",t)),e.contentWindow.postMessage({message:\"ready\",secret:t},\"*\")},!1)))}(window,document);\n\/\/# sourceURL=https:\/\/www.public.sn\/wp-includes\/js\/wp-embed.min.js\n<\/script>\n","thumbnail_url":"https:\/\/www.public.sn\/wp-content\/uploads\/2023\/11\/gabon-750x375-1.jpeg","thumbnail_width":750,"thumbnail_height":375,"description":"Au Gabon, des \u00e9lections (pr\u00e9sidentielle et l\u00e9gislatives) seront organis\u00e9es en ao\u00fbt 2025. Une annonce faite ce lundi 13 novembre, en direct sur la t\u00e9l\u00e9vision d\u2019\u00c9tat Gabon Premi\u00e8re par le porte-parole du pouvoir militaire. Le calendrier adopt\u00e9 en Conseil des ministres, demeure \u00ab\u00a0indicatif\u00a0\u00bb, et doit encore \u00eatre soumis \u00e0 une conf\u00e9rence nationale incluant \u00ab\u00a0toutes les forces vives de la Nation\u00a0\u00bb pr\u00e9vue en avril 2024, selon le porte-parole du Comit\u00e9 pour la transition et la restauration des institutions (CTRI). Pour rappel, le 30 ao\u00fbt dernier, un coup d\u2019\u00c9tat militaire a renvers\u00e9 Ali Bongo Ondimba, qui dirigeait le pays depuis 2009. Son successeur et nouvel homme fort du Gabon, le g\u00e9n\u00e9ral Brice Oligui Nguema, investi pr\u00e9sident par int\u00e9rim, a pr\u00eat\u00e9 serment d\u00e9but septembre dernier. Source : E-MEDIA \/ Di\u00e9 BA"}