{"version":"1.0","provider_name":"LE PUBLIC","provider_url":"https:\/\/www.public.sn","author_name":"Man\u00e9 Ba","author_url":"https:\/\/www.public.sn\/index.php\/author\/bamanesen\/","title":"Loi d'amnistie: A\u00efssata Tall Sall d\u00e9fend ce projet - LE PUBLIC","type":"rich","width":600,"height":338,"html":"<blockquote class=\"wp-embedded-content\" data-secret=\"2mSYXQU1Qm\"><a href=\"https:\/\/www.public.sn\/index.php\/2024\/03\/04\/loi-damnistie-aissata-tall-sall-defend-ce-projet\/\">Loi d&rsquo;amnistie: A\u00efssata Tall Sall d\u00e9fend ce projet<\/a><\/blockquote><iframe sandbox=\"allow-scripts\" security=\"restricted\" src=\"https:\/\/www.public.sn\/index.php\/2024\/03\/04\/loi-damnistie-aissata-tall-sall-defend-ce-projet\/embed\/#?secret=2mSYXQU1Qm\" width=\"600\" height=\"338\" title=\"\u00ab\u00a0Loi d&rsquo;amnistie: A\u00efssata Tall Sall d\u00e9fend ce projet\u00a0\u00bb &#8212; LE PUBLIC\" data-secret=\"2mSYXQU1Qm\" frameborder=\"0\" marginwidth=\"0\" marginheight=\"0\" scrolling=\"no\" class=\"wp-embedded-content\"><\/iframe><script>\n\/*! This file is auto-generated *\/\n!function(d,l){\"use strict\";l.querySelector&&d.addEventListener&&\"undefined\"!=typeof URL&&(d.wp=d.wp||{},d.wp.receiveEmbedMessage||(d.wp.receiveEmbedMessage=function(e){var t=e.data;if((t||t.secret||t.message||t.value)&&!\/[^a-zA-Z0-9]\/.test(t.secret)){for(var s,r,n,a=l.querySelectorAll('iframe[data-secret=\"'+t.secret+'\"]'),o=l.querySelectorAll('blockquote[data-secret=\"'+t.secret+'\"]'),c=new RegExp(\"^https?:$\",\"i\"),i=0;i<o.length;i++)o[i].style.display=\"none\";for(i=0;i<a.length;i++)s=a[i],e.source===s.contentWindow&&(s.removeAttribute(\"style\"),\"height\"===t.message?(1e3<(r=parseInt(t.value,10))?r=1e3:~~r<200&&(r=200),s.height=r):\"link\"===t.message&&(r=new URL(s.getAttribute(\"src\")),n=new URL(t.value),c.test(n.protocol))&&n.host===r.host&&l.activeElement===s&&(d.top.location.href=t.value))}},d.addEventListener(\"message\",d.wp.receiveEmbedMessage,!1),l.addEventListener(\"DOMContentLoaded\",function(){for(var e,t,s=l.querySelectorAll(\"iframe.wp-embedded-content\"),r=0;r<s.length;r++)(t=(e=s[r]).getAttribute(\"data-secret\"))||(t=Math.random().toString(36).substring(2,12),e.src+=\"#?secret=\"+t,e.setAttribute(\"data-secret\",t)),e.contentWindow.postMessage({message:\"ready\",secret:t},\"*\")},!1)))}(window,document);\n\/\/# sourceURL=https:\/\/www.public.sn\/wp-includes\/js\/wp-embed.min.js\n<\/script>\n","thumbnail_url":"https:\/\/www.public.sn\/wp-content\/uploads\/2022\/12\/AISSATA-TALL-SALL-MINISTRE-1024x853-1.png","thumbnail_width":1024,"thumbnail_height":853,"description":"Le ministre de le justice va pr\u00e9senter \u00e0 l&rsquo;assembl\u00e9e nationale la loi d&rsquo;amnistie. De son nom A\u00efssata Tall Sall, &nbsp; sera charg\u00e9e\u00a0 d\u2019exposer les motifs du texte et de soutenir les discussions devant les d\u00e9put\u00e9s d&rsquo;apr\u00e8s nos sources. Selon l\u2019expose des motifs, sont amnisti\u00e9s de plein droit, toutes les infractions ayant une connexion politique commises au S\u00e9n\u00e9gal et \u00e0 l\u2019\u00e9tranger entre le 1er f\u00e9vrier 2021 et le 25 f\u00e9vrier 2024. Appels \u00e0 l\u2019insurrection, discours de haine sur les r\u00e9seaux sociaux y compris. L\u2019affaire fait objet de d\u00e9bat au sein de l\u2019espace politique s\u00e9n\u00e9galais depuis qu\u2019elle a \u00e9t\u00e9 \u00e9voqu\u00e9e par le pr\u00e9sident de la R\u00e9publique."}