{"version":"1.0","provider_name":"LE PUBLIC","provider_url":"https:\/\/www.public.sn","author_name":"Man\u00e9 Ba","author_url":"https:\/\/www.public.sn\/index.php\/author\/bamanesen\/","title":"Ma\u00efmouna Di\u00e8ye refuse de d\u00e9missionner \u00e0 la mairie - LE PUBLIC","type":"rich","width":600,"height":338,"html":"<blockquote class=\"wp-embedded-content\" data-secret=\"3IOxi0nsTD\"><a href=\"https:\/\/www.public.sn\/index.php\/2024\/05\/06\/maimouna-dieye-refuse-de-demissionner-a-la-mairie\/\">Ma\u00efmouna Di\u00e8ye refuse de d\u00e9missionner \u00e0 la mairie<\/a><\/blockquote><iframe sandbox=\"allow-scripts\" security=\"restricted\" src=\"https:\/\/www.public.sn\/index.php\/2024\/05\/06\/maimouna-dieye-refuse-de-demissionner-a-la-mairie\/embed\/#?secret=3IOxi0nsTD\" width=\"600\" height=\"338\" title=\"\u00ab\u00a0Ma\u00efmouna Di\u00e8ye refuse de d\u00e9missionner \u00e0 la mairie\u00a0\u00bb &#8212; LE PUBLIC\" data-secret=\"3IOxi0nsTD\" frameborder=\"0\" marginwidth=\"0\" marginheight=\"0\" scrolling=\"no\" class=\"wp-embedded-content\"><\/iframe><script>\n\/*! This file is auto-generated *\/\n!function(d,l){\"use strict\";l.querySelector&&d.addEventListener&&\"undefined\"!=typeof URL&&(d.wp=d.wp||{},d.wp.receiveEmbedMessage||(d.wp.receiveEmbedMessage=function(e){var t=e.data;if((t||t.secret||t.message||t.value)&&!\/[^a-zA-Z0-9]\/.test(t.secret)){for(var s,r,n,a=l.querySelectorAll('iframe[data-secret=\"'+t.secret+'\"]'),o=l.querySelectorAll('blockquote[data-secret=\"'+t.secret+'\"]'),c=new RegExp(\"^https?:$\",\"i\"),i=0;i<o.length;i++)o[i].style.display=\"none\";for(i=0;i<a.length;i++)s=a[i],e.source===s.contentWindow&&(s.removeAttribute(\"style\"),\"height\"===t.message?(1e3<(r=parseInt(t.value,10))?r=1e3:~~r<200&&(r=200),s.height=r):\"link\"===t.message&&(r=new URL(s.getAttribute(\"src\")),n=new URL(t.value),c.test(n.protocol))&&n.host===r.host&&l.activeElement===s&&(d.top.location.href=t.value))}},d.addEventListener(\"message\",d.wp.receiveEmbedMessage,!1),l.addEventListener(\"DOMContentLoaded\",function(){for(var e,t,s=l.querySelectorAll(\"iframe.wp-embedded-content\"),r=0;r<s.length;r++)(t=(e=s[r]).getAttribute(\"data-secret\"))||(t=Math.random().toString(36).substring(2,12),e.src+=\"#?secret=\"+t,e.setAttribute(\"data-secret\",t)),e.contentWindow.postMessage({message:\"ready\",secret:t},\"*\")},!1)))}(window,document);\n\/\/# sourceURL=https:\/\/www.public.sn\/wp-includes\/js\/wp-embed.min.js\n<\/script>\n","thumbnail_url":"https:\/\/www.public.sn\/wp-content\/uploads\/2024\/05\/f927bd48112fdfc850b84ccfb8d2731b7c59ac30.png","thumbnail_width":612,"thumbnail_height":298,"description":"La mairesse de Patte D\u2019oie Maimouna Di\u00e8ye d\u00e9fierait-il le PM Ousmane Sonko qui a demand\u00e9 \u00e0 ses ministres de se d\u00e9charger de toutes responsabilit\u00e9s \u00e9lectives ? &nbsp; C\u2019est SourceA qui balance l\u2019info. Maimouna Di\u00e8ye refuse de d\u00e9missionner de son poste de maire de la commune de Patte d\u2019Oie. Pourtant le chef du gouvernement avait annonc\u00e9 que tous les ministres doivent quitter leur poste \u00e9lectif pour se consacrer \u00e0 leur mission de ministre de la R\u00e9publique. Ce faisant, il avait donn\u00e9 un d\u00e9lai d\u2019un mois \u00e0 tous les ministres qui cumule un mandat \u00e9lectif. Le d\u00e9lai a expir\u00e9 ce dimanche. Seulement, il faut le dire, tous les ministres n\u2019ont pas respect\u00e9 cette instruction. C\u2019est le cas de la mairesse de la commune de la Patte d\u2019Oie qui\u00a0 reste toujours l\u2019\u00e9dile de sa commune."}