{"version":"1.0","provider_name":"LE PUBLIC","provider_url":"https:\/\/www.public.sn","author_name":"Baye Amath THIAM","author_url":"https:\/\/www.public.sn\/index.php\/author\/thiamba24\/","title":"Palestine, Israel: La lettre adress\u00e9e \u00e0 Diomaye - LE PUBLIC","type":"rich","width":600,"height":338,"html":"<blockquote class=\"wp-embedded-content\" data-secret=\"rBUcSsbHVb\"><a href=\"https:\/\/www.public.sn\/index.php\/2024\/06\/12\/palestine-israel-la-lettre-adressee-a-diomaye\/\">Palestine, Israel: La lettre adress\u00e9e \u00e0 Diomaye<\/a><\/blockquote><iframe sandbox=\"allow-scripts\" security=\"restricted\" src=\"https:\/\/www.public.sn\/index.php\/2024\/06\/12\/palestine-israel-la-lettre-adressee-a-diomaye\/embed\/#?secret=rBUcSsbHVb\" width=\"600\" height=\"338\" title=\"\u00ab\u00a0Palestine, Israel: La lettre adress\u00e9e \u00e0 Diomaye\u00a0\u00bb &#8212; LE PUBLIC\" data-secret=\"rBUcSsbHVb\" frameborder=\"0\" marginwidth=\"0\" marginheight=\"0\" scrolling=\"no\" class=\"wp-embedded-content\"><\/iframe><script>\n\/*! This file is auto-generated *\/\n!function(d,l){\"use strict\";l.querySelector&&d.addEventListener&&\"undefined\"!=typeof URL&&(d.wp=d.wp||{},d.wp.receiveEmbedMessage||(d.wp.receiveEmbedMessage=function(e){var t=e.data;if((t||t.secret||t.message||t.value)&&!\/[^a-zA-Z0-9]\/.test(t.secret)){for(var s,r,n,a=l.querySelectorAll('iframe[data-secret=\"'+t.secret+'\"]'),o=l.querySelectorAll('blockquote[data-secret=\"'+t.secret+'\"]'),c=new RegExp(\"^https?:$\",\"i\"),i=0;i<o.length;i++)o[i].style.display=\"none\";for(i=0;i<a.length;i++)s=a[i],e.source===s.contentWindow&&(s.removeAttribute(\"style\"),\"height\"===t.message?(1e3<(r=parseInt(t.value,10))?r=1e3:~~r<200&&(r=200),s.height=r):\"link\"===t.message&&(r=new URL(s.getAttribute(\"src\")),n=new URL(t.value),c.test(n.protocol))&&n.host===r.host&&l.activeElement===s&&(d.top.location.href=t.value))}},d.addEventListener(\"message\",d.wp.receiveEmbedMessage,!1),l.addEventListener(\"DOMContentLoaded\",function(){for(var e,t,s=l.querySelectorAll(\"iframe.wp-embedded-content\"),r=0;r<s.length;r++)(t=(e=s[r]).getAttribute(\"data-secret\"))||(t=Math.random().toString(36).substring(2,12),e.src+=\"#?secret=\"+t,e.setAttribute(\"data-secret\",t)),e.contentWindow.postMessage({message:\"ready\",secret:t},\"*\")},!1)))}(window,document);\n\/\/# sourceURL=https:\/\/www.public.sn\/wp-includes\/js\/wp-embed.min.js\n<\/script>\n","thumbnail_url":"https:\/\/www.public.sn\/wp-content\/uploads\/2024\/06\/bassirou-diomaye-faye-1-696x325-1.webp","thumbnail_width":696,"thumbnail_height":325,"description":"Suite aux attaques r\u00e9p\u00e9t\u00e9es d&rsquo;Isra\u00ebl en Palestine, pas moins de 19 organisations dont la Coalition s\u00e9n\u00e9galaise pour la cause palestinienne, Frapp, le Comit\u00e9 S\u00e9n\u00e9gal Palestine, Amnesty International\/Section S\u00e9n\u00e9gal, la Ligue s\u00e9n\u00e9galaise des droits humains (Lsdh), entre autres, ont \u00e9crit au pr\u00e9sident de la R\u00e9publique, Bassirou Diomaye Faye. Dans leur missive dont Les \u00c9chos d\u00e9tiennent une copie, les r\u00e9dacteurs d\u00e9noncent les \u00ab exactions et violences \u00bb que subit le peuple palestinien depuis plusieurs mois :\u00abNous, organisations d\u00e9mocratiques, associations de d\u00e9fense des droits humains et de solidarit\u00e9 avec la juste cause du peuple fr\u00e8re de Palestine, nous nous tournons respectueusement vers vous, en vos qualit\u00e9s de pr\u00e9sident de la R\u00e9publique du S\u00e9n\u00e9gal et de chef de l\u2019\u00c9tat de ce pays assurant depuis pr\u00e8s de 50 ans la pr\u00e9sidence du Comit\u00e9 des Nations-Unies pour l&rsquo;exercice des droits inali\u00e9nables du peuple palestinien, et sollicitons votre haute autorit\u00e9 en vue de faire prendre et de faire mettre en \u0153uvre les mesures salutaires suivantes: La proposition \u00e0 la Conf\u00e9rence des chefs d\u2019\u00c9tat de l\u2019UA (Union africaine) d\u2019un soutien total aux initiatives et proc\u00e9dures judiciaires internationales men\u00e9es par l\u2019Afrique du Sud \u00e0 l\u2019encontre d\u2019Isra\u00ebl pour g\u00e9nocide et crime contre l\u2019humanit\u00e9.\u00bb Ils r\u00e9clament aussi \u00ab l\u2019expulsion imm\u00e9diate de l\u2019Ambassadeur de l\u2019\u00c9tat g\u00e9nocidaire d\u2019Isra\u00ebl de notre pays, le S\u00e9n\u00e9gal \u00bb, ainsi que \u00ab le r\u00e9examen de tous les accords et conventions sign\u00e9s avec le gouvernement de ce pays \u00bb, entre autres. Ces organisations veulent que le S\u00e9n\u00e9gal rompe tous partenariats et liens qui unissent la nation et Isra\u00ebl."}