{"version":"1.0","provider_name":"LE PUBLIC","provider_url":"https:\/\/www.public.sn","author_name":"LA REDACTION","author_url":"https:\/\/www.public.sn\/index.php\/author\/admin7324\/","title":"Deuil : l\u2019AFP reporte son congr\u00e8s - LE PUBLIC","type":"rich","width":600,"height":338,"html":"<blockquote class=\"wp-embedded-content\" data-secret=\"RkKmKKPx72\"><a href=\"https:\/\/www.public.sn\/index.php\/2025\/04\/11\/deuil-lafp-reporte-son-congres\/\">Deuil : l\u2019AFP reporte son congr\u00e8s<\/a><\/blockquote><iframe sandbox=\"allow-scripts\" security=\"restricted\" src=\"https:\/\/www.public.sn\/index.php\/2025\/04\/11\/deuil-lafp-reporte-son-congres\/embed\/#?secret=RkKmKKPx72\" width=\"600\" height=\"338\" title=\"\u00ab\u00a0Deuil : l\u2019AFP reporte son congr\u00e8s\u00a0\u00bb &#8212; LE PUBLIC\" data-secret=\"RkKmKKPx72\" frameborder=\"0\" marginwidth=\"0\" marginheight=\"0\" scrolling=\"no\" class=\"wp-embedded-content\"><\/iframe><script>\n\/*! This file is auto-generated *\/\n!function(d,l){\"use strict\";l.querySelector&&d.addEventListener&&\"undefined\"!=typeof URL&&(d.wp=d.wp||{},d.wp.receiveEmbedMessage||(d.wp.receiveEmbedMessage=function(e){var t=e.data;if((t||t.secret||t.message||t.value)&&!\/[^a-zA-Z0-9]\/.test(t.secret)){for(var s,r,n,a=l.querySelectorAll('iframe[data-secret=\"'+t.secret+'\"]'),o=l.querySelectorAll('blockquote[data-secret=\"'+t.secret+'\"]'),c=new RegExp(\"^https?:$\",\"i\"),i=0;i<o.length;i++)o[i].style.display=\"none\";for(i=0;i<a.length;i++)s=a[i],e.source===s.contentWindow&&(s.removeAttribute(\"style\"),\"height\"===t.message?(1e3<(r=parseInt(t.value,10))?r=1e3:~~r<200&&(r=200),s.height=r):\"link\"===t.message&&(r=new URL(s.getAttribute(\"src\")),n=new URL(t.value),c.test(n.protocol))&&n.host===r.host&&l.activeElement===s&&(d.top.location.href=t.value))}},d.addEventListener(\"message\",d.wp.receiveEmbedMessage,!1),l.addEventListener(\"DOMContentLoaded\",function(){for(var e,t,s=l.querySelectorAll(\"iframe.wp-embedded-content\"),r=0;r<s.length;r++)(t=(e=s[r]).getAttribute(\"data-secret\"))||(t=Math.random().toString(36).substring(2,12),e.src+=\"#?secret=\"+t,e.setAttribute(\"data-secret\",t)),e.contentWindow.postMessage({message:\"ready\",secret:t},\"*\")},!1)))}(window,document);\n\/\/# sourceURL=https:\/\/www.public.sn\/wp-includes\/js\/wp-embed.min.js\n<\/script>\n","thumbnail_url":"https:\/\/www.public.sn\/wp-content\/uploads\/2025\/04\/LAFP-reporte-son-congres-en-raison-du-double-deuil-national-au-Senegal_thumbnail.jpg","thumbnail_width":699,"thumbnail_height":464,"description":"En raison de la disparition du Khalife g\u00e9n\u00e9ral des Lay\u00e8nes, Seydina Mouhamadou Makhtar Laye, et du Pr\u00e9sident du Conseil constitutionnel, Mamadou Badio Camara, l\u2019Alliance des Forces de Progr\u00e8s (AFP) a pris la d\u00e9cision de reporter son congr\u00e8s. Initialement pr\u00e9vu pour le samedi 12 avril, l\u2019\u00e9v\u00e9nement est ajourn\u00e9 \u00e0 une date qui sera communiqu\u00e9e ult\u00e9rieurement. C\u2019est ce qu\u2019indique un communiqu\u00e9 de presse diffus\u00e9 par l\u2019AFP le jeudi 10 avril."}