{"version":"1.0","provider_name":"LE PUBLIC","provider_url":"https:\/\/www.public.sn","author_name":"LA REDACTION","author_url":"https:\/\/www.public.sn\/index.php\/author\/editeurpsn\/","title":"N\u00c9CROLOGIE: Serigne Modou Mamoune Amar n'est plus - LE PUBLIC","type":"rich","width":600,"height":338,"html":"<blockquote class=\"wp-embedded-content\" data-secret=\"BoL2kInsPR\"><a href=\"https:\/\/www.public.sn\/index.php\/2025\/10\/07\/necrologie-serigne-modou-mamoune-amar-nest-plus\/\">N\u00c9CROLOGIE: Serigne Modou Mamoune Amar n&rsquo;est plus<\/a><\/blockquote><iframe sandbox=\"allow-scripts\" security=\"restricted\" src=\"https:\/\/www.public.sn\/index.php\/2025\/10\/07\/necrologie-serigne-modou-mamoune-amar-nest-plus\/embed\/#?secret=BoL2kInsPR\" width=\"600\" height=\"338\" title=\"\u00ab\u00a0N\u00c9CROLOGIE: Serigne Modou Mamoune Amar n&rsquo;est plus\u00a0\u00bb &#8212; LE PUBLIC\" data-secret=\"BoL2kInsPR\" frameborder=\"0\" marginwidth=\"0\" marginheight=\"0\" scrolling=\"no\" class=\"wp-embedded-content\"><\/iframe><script>\n\/*! This file is auto-generated *\/\n!function(d,l){\"use strict\";l.querySelector&&d.addEventListener&&\"undefined\"!=typeof URL&&(d.wp=d.wp||{},d.wp.receiveEmbedMessage||(d.wp.receiveEmbedMessage=function(e){var t=e.data;if((t||t.secret||t.message||t.value)&&!\/[^a-zA-Z0-9]\/.test(t.secret)){for(var s,r,n,a=l.querySelectorAll('iframe[data-secret=\"'+t.secret+'\"]'),o=l.querySelectorAll('blockquote[data-secret=\"'+t.secret+'\"]'),c=new RegExp(\"^https?:$\",\"i\"),i=0;i<o.length;i++)o[i].style.display=\"none\";for(i=0;i<a.length;i++)s=a[i],e.source===s.contentWindow&&(s.removeAttribute(\"style\"),\"height\"===t.message?(1e3<(r=parseInt(t.value,10))?r=1e3:~~r<200&&(r=200),s.height=r):\"link\"===t.message&&(r=new URL(s.getAttribute(\"src\")),n=new URL(t.value),c.test(n.protocol))&&n.host===r.host&&l.activeElement===s&&(d.top.location.href=t.value))}},d.addEventListener(\"message\",d.wp.receiveEmbedMessage,!1),l.addEventListener(\"DOMContentLoaded\",function(){for(var e,t,s=l.querySelectorAll(\"iframe.wp-embedded-content\"),r=0;r<s.length;r++)(t=(e=s[r]).getAttribute(\"data-secret\"))||(t=Math.random().toString(36).substring(2,12),e.src+=\"#?secret=\"+t,e.setAttribute(\"data-secret\",t)),e.contentWindow.postMessage({message:\"ready\",secret:t},\"*\")},!1)))}(window,document);\n\/\/# sourceURL=https:\/\/www.public.sn\/wp-includes\/js\/wp-embed.min.js\n<\/script>\n","thumbnail_url":"https:\/\/www.public.sn\/wp-content\/uploads\/2025\/10\/thumb_1260x800_68e5878e157c7_21eC5FDkUD.jpg","thumbnail_width":1260,"thumbnail_height":800,"description":"La Radiot\u00e9l\u00e9vision s\u00e9n\u00e9galaise (RTS)\u00a0vient de perdre un homme de foi. Le producteur ext\u00e9rieur, Serigne Modou Mamoune Amar, a \u00e9t\u00e9 rappel\u00e9 \u00e0 Dieu ce mardi, plongeant la grande famille de l\u2019audiovisuel public dans la tristesse nous informe Seneweb. Homme de foi, d\u2019humilit\u00e9 et de d\u00e9vouement, Serigne Modou Mamoune Amar a marqu\u00e9 de son empreinte le paysage m\u00e9diatique s\u00e9n\u00e9galais. \u00c0 travers ses nombreuses \u00e9missions religieuses, notamment la c\u00e9l\u00e8bre \u00ab\u00a0Veill\u00e9e du jeudi\u00a0\u00bb, il a su \u00e9clairer, enseigner et inspirer des g\u00e9n\u00e9rations de t\u00e9l\u00e9spectateurs. Sa voix pos\u00e9e, sa rigueur et la profondeur de ses propos ont fait de lui une figure respect\u00e9e et aim\u00e9e du public. Pendant de longues ann\u00e9es, il a consacr\u00e9 son savoir et sa spiritualit\u00e9 \u00e0 la vulgarisation des valeurs islamiques, faisant de la t\u00e9l\u00e9vision nationale un v\u00e9ritable espace d\u2019\u00e9ducation religieuse et de communion spirituelle. Serigne Modou Mamoune Amar a \u00e9t\u00e9 inhum\u00e9 ce mardi apr\u00e8s-midi \u00e0 Darou Salam. Public.sn adresse \u00e0 la Direction g\u00e9n\u00e9rale et \u00e0 l\u2019ensemble du personnel de la RTS ses sinc\u00e8res condol\u00e9ances ainsi qu\u2019\u00e0 la famille du d\u00e9funt.\u00a0"}